{"id":2092,"date":"2015-01-27T11:54:04","date_gmt":"2015-01-27T11:54:04","guid":{"rendered":"http:\/\/www.visita-valencia.com\/guia-turistica-valencia"},"modified":"2018-09-24T10:40:57","modified_gmt":"2018-09-24T10:40:57","slug":"guida-turistica-valencia","status":"publish","type":"page","link":"https:\/\/www.visita-valencia.com\/it","title":{"rendered":"Guida turistica a Valencia"},"content":{"rendered":"<p><div class=\"fusion-fullwidth fullwidth-box fusion-builder-row-1 hundred-percent-fullwidth non-hundred-percent-height-scrolling fusion-equal-height-columns\" style=\"background-color: #242424;background-position: left top;background-repeat: no-repeat;padding-top:45px;padding-right:0px;padding-bottom:0px;padding-left:0px;margin-bottom: 0px;margin-top: 0px;border-width: 0px 0px 0px 0px;border-color:#3e3e3e;border-style:solid;\" ><div class=\"fusion-builder-row fusion-row\"><div class=\"fusion-layout-column fusion_builder_column fusion-builder-column-0 fusion_builder_column_1_2 1_2 fusion-one-half fusion-column-first\" style=\"width:48%; margin-right: 4%;margin-top:0px;margin-bottom:20px;\"><div class=\"fusion-column-wrapper fusion-flex-column-wrapper-legacy\" style=\"background-position:center center;background-repeat:no-repeat;-webkit-background-size:cover;-moz-background-size:cover;-o-background-size:cover;background-size:cover;padding: 0px 0px 23px 0px;\"><div class=\"fusion-sep-clear\"><\/div><div class=\"fusion-separator fusion-full-width-sep\" style=\"margin-left: auto;margin-right: auto;margin-top:23px;margin-bottom:23px;width:100%;\"><div class=\"fusion-separator-border sep-double\" style=\"border-color:#3e3e3e;border-top-width:0px;border-bottom-width:0px;\"><\/div><\/div><div class=\"fusion-sep-clear\"><\/div><span class=\" fusion-imageframe imageframe-none imageframe-1 hover-type-none\" style=\"margin-left:25px;float:right;\"><img decoding=\"async\" width=\"600\" height=\"400\" title=\"IL1A3380\" src=\"http:\/\/www.visita-valencia.com\/wp-content\/uploads\/2018\/01\/IL1A3380-600x400.jpg\" class=\"img-responsive wp-image-3156\" srcset=\"https:\/\/www.visita-valencia.com\/wp-content\/uploads\/2018\/01\/IL1A3380-200x133.jpg 200w, https:\/\/www.visita-valencia.com\/wp-content\/uploads\/2018\/01\/IL1A3380-400x267.jpg 400w, https:\/\/www.visita-valencia.com\/wp-content\/uploads\/2018\/01\/IL1A3380-600x400.jpg 600w, https:\/\/www.visita-valencia.com\/wp-content\/uploads\/2018\/01\/IL1A3380-800x533.jpg 800w, https:\/\/www.visita-valencia.com\/wp-content\/uploads\/2018\/01\/IL1A3380-1200x800.jpg 1200w, https:\/\/www.visita-valencia.com\/wp-content\/uploads\/2018\/01\/IL1A3380.jpg 5599w\" sizes=\"(max-width: 800px) 100vw, 600px\" \/><\/span><div class=\"fusion-clearfix\"><\/div><\/div><\/div><div class=\"fusion-layout-column fusion_builder_column fusion-builder-column-1 fusion_builder_column_1_2 1_2 fusion-one-half fusion-column-last special\" style=\"width:48%;margin-top:0px;margin-bottom:0px;\"><div class=\"fusion-column-wrapper fusion-flex-column-wrapper-legacy\" style=\"background-position:left top;background-repeat:no-repeat;-webkit-background-size:cover;-moz-background-size:cover;-o-background-size:cover;background-size:cover;padding: 10px 5% 23px 10px;\"><div class=\"fusion-text fusion-text-1\"><h1 class=\"Cuerpo\">PERCH\u00c8 VISITARE VALENCIA?<\/h1>\n<\/div><div class=\"fusion-sep-clear\"><\/div><div class=\"fusion-separator fusion-clearfix separator-left\" style=\"float:left;margin-top:0px;margin-bottom:30px;width:100%;max-width:323px;\"><div class=\"fusion-separator-border sep-single sep-solid\" style=\"border-color:#ffffff;border-top-width:1px;\"><\/div><\/div><div class=\"fusion-sep-clear\"><\/div><div class=\"fusion-text fusion-text-2\"><h3 class=\"Cuerpo\"><span class=\"Ninguno\">Scopri con me ogni angolo della citt\u00e0 di Valencia.<\/span><\/h3>\n<\/div><div class=\"fusion-text fusion-text-3\"><p class=\"Cuerpo\" style=\"text-align: justify;\"><span lang=\"IT\">Se <\/span>c\u00b4\u00e8 <span lang=\"IT\">una frase <\/span>che <span lang=\"IT\">ripet<\/span>ono<span lang=\"IT\">i nostri clienti pi\u00f9 e pi\u00f9 volte<\/span>, quella <span lang=\"FR\">\u00e8<\/span>:\u00a0<span lang=\"IT\">&#8220;Che grande sorpresa Valencia&#8221;. Che orgoglio <\/span>ascoltare questo\u00a0<span lang=\"IT\">quando sei una guida turistica <\/span>di Valencia nata a Valencia!<\/p>\n<p class=\"Cuerpo\" style=\"text-align: justify;\">Valencia\u00a0<span lang=\"FR\">\u00e8<\/span><span lang=\"IT\">, senza dubbio, una delle citt<\/span><span lang=\"FR\">\u00e0 <\/span><span lang=\"DE\">i<\/span>n\u00a0<span lang=\"IT\">Spagna <\/span>che si \u00e8 <span lang=\"DE\">pi<\/span><span lang=\"IT\">\u00f9\u00a0<\/span>sviluppata <span lang=\"IT\">negli ultimi anni. \u00c8 una citt<\/span><span lang=\"FR\">\u00e0 <\/span><span lang=\"IT\">che ha saputo aggiornarsi e adattarsi ai nostri tempi, che ha saputo coniugare il vecchio con il moderno, la tradizione con l&#8217;avanguardia. Qui puoi imparare come vivevano i Romani di <\/span><span class=\"Ninguno\"><i><span lang=\"EN-US\">Valentia<\/span><\/i><\/span><span lang=\"IT\">, come funzionava il sistema di irrigazione arabo di <\/span><span class=\"Ninguno\"><i><span lang=\"DE\">Balansiya<\/span><\/i><\/span><span lang=\"IT\">, perch<\/span><span lang=\"FR\">\u00e9 <\/span><span lang=\"IT\">i mercanti di tutto il mondo venivano a Valencia nel XV secolo o immerg<\/span>irti\u00a0<span lang=\"IT\">in un&#8217;altra galassia visitando la Citt<\/span><span lang=\"FR\">\u00e0 <\/span><span lang=\"IT\">delle Arti e delle Scienze.<\/span><span lang=\"DE\">\u00a0<\/span><\/p>\n<p class=\"Cuerpo\" style=\"text-align: justify;\"><span lang=\"IT\">Per questi motivi e <\/span>tanti\u00a0<span lang=\"IT\">altri,\u00a0<\/span>ti propongo di sceglierci per prenotare <span lang=\"IT\">la tua visita guidata a Valencia. Il mio obiettivo sar<\/span><span lang=\"FR\">\u00e0 <\/span><span class=\"Ninguno\"><b>que aproveches tu tiempo\u00a0<\/b><\/span><b><\/b><span lang=\"PT\">e, naturalmente,\u00a0<\/span>che godi <span lang=\"IT\">la citt<\/span><span lang=\"FR\">\u00e0 <\/span><span lang=\"IT\">come facciamo noi valenciani.<\/span><\/p>\n<p class=\"Cuerpo\"><span lang=\"DE\">\u00a0<\/span><\/p>\n<\/div><div class=\"fusion-clearfix\"><\/div><\/div><\/div><\/div><\/div><div class=\"fusion-fullwidth fullwidth-box fusion-builder-row-2 nonhundred-percent-fullwidth non-hundred-percent-height-scrolling\" style=\"background-color: #f0f0ed;background-position: left top;background-repeat: no-repeat;padding-top:60px;padding-right:0px;padding-bottom:45px;padding-left:0px;margin-bottom: 0px;margin-top: 0px;border-width: 0px 0px 0px 0px;border-color:#3e3e3e;border-style:solid;\" ><div class=\"fusion-builder-row fusion-row\"><div class=\"fusion-layout-column fusion_builder_column fusion-builder-column-2 fusion_builder_column_1_1 1_1 fusion-one-full fusion-column-first fusion-column-last fusion-column-no-min-height\" style=\"margin-top:0px;margin-bottom:0px;\"><div class=\"fusion-column-wrapper fusion-flex-column-wrapper-legacy\" style=\"background-position:left top;background-repeat:no-repeat;-webkit-background-size:cover;-moz-background-size:cover;-o-background-size:cover;background-size:cover;padding: 0px 0px 0px 0px;\"><div class=\"fusion-text fusion-text-4\"><h1 align=\"center\"><span class=\"Ninguno\" style=\"color: #333333;\"><span lang=\"DE\">COSA VEDERE A VALENCIA?<\/span><\/span><\/h1>\n<\/div><div class=\"fusion-sep-clear\"><\/div><div class=\"fusion-separator\" style=\"margin-left: auto;margin-right: auto;margin-bottom:40px;width:100%;max-width:170px;\"><div class=\"fusion-separator-border sep-single sep-solid\" style=\"border-color:#000000;border-top-width:1px;\"><\/div><\/div><div class=\"fusion-sep-clear\"><\/div><div class=\"fusion-clearfix\"><\/div><\/div><\/div><div class=\"fusion-layout-column fusion_builder_column fusion-builder-column-3 fusion_builder_column_1_6 1_6 fusion-one-sixth fusion-column-first\" style=\"width:13.3333%; margin-right: 4%;margin-top:0px;margin-bottom:20px;\"><div class=\"fusion-column-wrapper fusion-flex-column-wrapper-legacy\" style=\"background-position:left top;background-repeat:no-repeat;-webkit-background-size:cover;-moz-background-size:cover;-o-background-size:cover;background-size:cover;padding: 0px 0px 0px 0px;\"><div class=\"fusion-clearfix\"><\/div><\/div><\/div><div class=\"fusion-layout-column fusion_builder_column fusion-builder-column-4 fusion_builder_column_2_3 2_3 fusion-two-third\" style=\"width:65.3333%; margin-right: 4%;margin-top:0px;margin-bottom:20px;\"><div class=\"fusion-column-wrapper fusion-flex-column-wrapper-legacy\" style=\"background-position:left top;background-repeat:no-repeat;-webkit-background-size:cover;-moz-background-size:cover;-o-background-size:cover;background-size:cover;padding: 0px 0px 0px 0px;\"><div class=\"fusion-text fusion-text-5\"><h3 align=\"center\"><span class=\"Ninguno\" style=\"color: #333333;\"><span lang=\"DE\">Valencia, una citt\u00e0 di contrasti, dove convivono alla perfezione tradizione ed avanguardia.<\/span><\/span><\/h3>\n<\/div><div class=\"fusion-clearfix\"><\/div><\/div><\/div><div class=\"fusion-layout-column fusion_builder_column fusion-builder-column-5 fusion_builder_column_1_6 1_6 fusion-one-sixth fusion-column-last\" style=\"width:13.3333%;margin-top:0px;margin-bottom:20px;\"><div class=\"fusion-column-wrapper fusion-flex-column-wrapper-legacy\" style=\"background-position:left top;background-repeat:no-repeat;-webkit-background-size:cover;-moz-background-size:cover;-o-background-size:cover;background-size:cover;padding: 0px 0px 0px 0px;\"><div class=\"fusion-clearfix\"><\/div><\/div><\/div><div class=\"fusion-layout-column fusion_builder_column fusion-builder-column-6 fusion_builder_column_1_1 1_1 fusion-one-full fusion-column-first fusion-column-last fusion-column-no-min-height\" style=\"margin-top:0px;margin-bottom:0px;\"><div class=\"fusion-column-wrapper fusion-flex-column-wrapper-legacy\" style=\"background-position:left top;background-repeat:no-repeat;-webkit-background-size:cover;-moz-background-size:cover;-o-background-size:cover;background-size:cover;padding: 0px 0px 0px 0px;\"><div class=\"fusion-sep-clear\"><\/div><div class=\"fusion-separator fusion-full-width-sep\" style=\"margin-left: auto;margin-right: auto;margin-top:20px;width:100%;max-width:100%;\"><\/div><div class=\"fusion-sep-clear\"><\/div><div class=\"fusion-clearfix\"><\/div><\/div><\/div><div class=\"fusion-layout-column fusion_builder_column fusion-builder-column-7 fusion_builder_column_1_1 1_1 fusion-one-full fusion-column-first fusion-column-last fusion-column-no-min-height\" style=\"margin-top:0px;margin-bottom:0px;\"><div class=\"fusion-column-wrapper fusion-flex-column-wrapper-legacy\" style=\"background-position:left top;background-repeat:no-repeat;-webkit-background-size:cover;-moz-background-size:cover;-o-background-size:cover;background-size:cover;padding: 0px 0px 0px 0px;\"><style type=\"text\/css\">.fusion-gallery-1 .fusion-gallery-image {border:0px solid #e2e2e2;}<\/style><div class=\"fusion-gallery fusion-gallery-container fusion-grid-3 fusion-columns-total-12 fusion-gallery-layout-grid fusion-gallery-1\" style=\"margin:-5px;\"><div style=\"padding:5px;\" class=\"fusion-grid-column fusion-gallery-column fusion-gallery-column-3 hover-type-none\"><div class=\"fusion-gallery-image\"><a href=\"https:\/\/www.visita-valencia.com\/wp-content\/uploads\/2018\/02\/Paella.jpg\" rel=\"noreferrer\" data-rel=\"iLightbox[gallery_image_1]\" class=\"fusion-lightbox\"><img decoding=\"async\" src=\"https:\/\/www.visita-valencia.com\/wp-content\/uploads\/2018\/02\/Paella.jpg\" width=\"2000\" height=\"1331\" alt=\"\" title=\"paella-valenciana\" aria-label=\"paella-valenciana\" class=\"img-responsive wp-image-1549\" srcset=\"https:\/\/www.visita-valencia.com\/wp-content\/uploads\/2018\/02\/Paella-200x133.jpg 200w, https:\/\/www.visita-valencia.com\/wp-content\/uploads\/2018\/02\/Paella-400x266.jpg 400w, https:\/\/www.visita-valencia.com\/wp-content\/uploads\/2018\/02\/Paella-600x399.jpg 600w, https:\/\/www.visita-valencia.com\/wp-content\/uploads\/2018\/02\/Paella-800x532.jpg 800w, https:\/\/www.visita-valencia.com\/wp-content\/uploads\/2018\/02\/Paella-1200x799.jpg 1200w, https:\/\/www.visita-valencia.com\/wp-content\/uploads\/2018\/02\/Paella.jpg 2000w\" sizes=\"(min-width: 2200px) 100vw, (min-width: 824px) 387px, (min-width: 732px) 580px, (min-width: 640px) 732px, \" \/><\/a><\/div><\/div><div style=\"padding:5px;\" class=\"fusion-grid-column fusion-gallery-column fusion-gallery-column-3 hover-type-none\"><div class=\"fusion-gallery-image\"><a href=\"https:\/\/www.visita-valencia.com\/wp-content\/uploads\/2018\/02\/IL1A3349.jpg\" rel=\"noreferrer\" data-rel=\"iLightbox[gallery_image_1]\" class=\"fusion-lightbox\"><img decoding=\"async\" src=\"https:\/\/www.visita-valencia.com\/wp-content\/uploads\/2018\/02\/IL1A3349.jpg\" width=\"2381\" height=\"1587\" alt=\"\" title=\"tours-valencia\" aria-label=\"tours-valencia\" class=\"img-responsive wp-image-1521\" srcset=\"https:\/\/www.visita-valencia.com\/wp-content\/uploads\/2018\/02\/IL1A3349-200x133.jpg 200w, https:\/\/www.visita-valencia.com\/wp-content\/uploads\/2018\/02\/IL1A3349-400x267.jpg 400w, https:\/\/www.visita-valencia.com\/wp-content\/uploads\/2018\/02\/IL1A3349-600x400.jpg 600w, https:\/\/www.visita-valencia.com\/wp-content\/uploads\/2018\/02\/IL1A3349-800x533.jpg 800w, https:\/\/www.visita-valencia.com\/wp-content\/uploads\/2018\/02\/IL1A3349-1200x800.jpg 1200w, https:\/\/www.visita-valencia.com\/wp-content\/uploads\/2018\/02\/IL1A3349.jpg 2381w\" sizes=\"(min-width: 2200px) 100vw, (min-width: 824px) 387px, (min-width: 732px) 580px, (min-width: 640px) 732px, \" \/><\/a><\/div><\/div><div style=\"padding:5px;\" class=\"fusion-grid-column fusion-gallery-column fusion-gallery-column-3 hover-type-none\"><div class=\"fusion-gallery-image\"><a href=\"https:\/\/www.visita-valencia.com\/wp-content\/uploads\/2018\/02\/IL1A0321.jpg\" rel=\"noreferrer\" data-rel=\"iLightbox[gallery_image_1]\" class=\"fusion-lightbox\"><img decoding=\"async\" src=\"https:\/\/www.visita-valencia.com\/wp-content\/uploads\/2018\/02\/IL1A0321.jpg\" width=\"2440\" height=\"1626\" alt=\"\" title=\"valencia-segway\" aria-label=\"valencia-segway\" class=\"img-responsive wp-image-1412\" srcset=\"https:\/\/www.visita-valencia.com\/wp-content\/uploads\/2018\/02\/IL1A0321-200x133.jpg 200w, https:\/\/www.visita-valencia.com\/wp-content\/uploads\/2018\/02\/IL1A0321-400x267.jpg 400w, https:\/\/www.visita-valencia.com\/wp-content\/uploads\/2018\/02\/IL1A0321-600x400.jpg 600w, https:\/\/www.visita-valencia.com\/wp-content\/uploads\/2018\/02\/IL1A0321-800x533.jpg 800w, https:\/\/www.visita-valencia.com\/wp-content\/uploads\/2018\/02\/IL1A0321-1200x800.jpg 1200w, https:\/\/www.visita-valencia.com\/wp-content\/uploads\/2018\/02\/IL1A0321.jpg 2440w\" sizes=\"(min-width: 2200px) 100vw, (min-width: 824px) 387px, (min-width: 732px) 580px, (min-width: 640px) 732px, \" \/><\/a><\/div><\/div><div class=\"clearfix\"><\/div><div style=\"padding:5px;\" class=\"fusion-grid-column fusion-gallery-column fusion-gallery-column-3 hover-type-none\"><div class=\"fusion-gallery-image\"><a href=\"https:\/\/www.visita-valencia.com\/wp-content\/uploads\/2018\/02\/Oceanogr\u00e0fic.jpg\" rel=\"noreferrer\" data-rel=\"iLightbox[gallery_image_1]\" class=\"fusion-lightbox\"><img decoding=\"async\" src=\"https:\/\/www.visita-valencia.com\/wp-content\/uploads\/2018\/02\/Oceanogr\u00e0fic.jpg\" width=\"1163\" height=\"761\" alt=\"\" title=\"bioparc-oceanografic\" aria-label=\"bioparc-oceanografic\" class=\"img-responsive wp-image-1413\" srcset=\"https:\/\/www.visita-valencia.com\/wp-content\/uploads\/2018\/02\/Oceanogr\u00e0fic-200x131.jpg 200w, https:\/\/www.visita-valencia.com\/wp-content\/uploads\/2018\/02\/Oceanogr\u00e0fic-400x262.jpg 400w, https:\/\/www.visita-valencia.com\/wp-content\/uploads\/2018\/02\/Oceanogr\u00e0fic-600x393.jpg 600w, https:\/\/www.visita-valencia.com\/wp-content\/uploads\/2018\/02\/Oceanogr\u00e0fic-800x523.jpg 800w, https:\/\/www.visita-valencia.com\/wp-content\/uploads\/2018\/02\/Oceanogr\u00e0fic.jpg 1163w\" sizes=\"(min-width: 2200px) 100vw, (min-width: 824px) 387px, (min-width: 732px) 580px, (min-width: 640px) 732px, \" \/><\/a><\/div><\/div><div style=\"padding:5px;\" class=\"fusion-grid-column fusion-gallery-column fusion-gallery-column-3 hover-type-none\"><div class=\"fusion-gallery-image\"><a href=\"https:\/\/www.visita-valencia.com\/wp-content\/uploads\/2018\/02\/Torres-de-Serranos-Valencia-3.jpg\" rel=\"noreferrer\" data-rel=\"iLightbox[gallery_image_1]\" class=\"fusion-lightbox\"><img decoding=\"async\" src=\"https:\/\/www.visita-valencia.com\/wp-content\/uploads\/2018\/02\/Torres-de-Serranos-Valencia-3.jpg\" width=\"1117\" height=\"740\" alt=\"\" title=\"Torres-de-Serranos-Valencia\" aria-label=\"Torres-de-Serranos-Valencia\" class=\"img-responsive wp-image-1390\" srcset=\"https:\/\/www.visita-valencia.com\/wp-content\/uploads\/2018\/02\/Torres-de-Serranos-Valencia-3-200x132.jpg 200w, https:\/\/www.visita-valencia.com\/wp-content\/uploads\/2018\/02\/Torres-de-Serranos-Valencia-3-400x265.jpg 400w, https:\/\/www.visita-valencia.com\/wp-content\/uploads\/2018\/02\/Torres-de-Serranos-Valencia-3-600x397.jpg 600w, https:\/\/www.visita-valencia.com\/wp-content\/uploads\/2018\/02\/Torres-de-Serranos-Valencia-3-800x530.jpg 800w, https:\/\/www.visita-valencia.com\/wp-content\/uploads\/2018\/02\/Torres-de-Serranos-Valencia-3.jpg 1117w\" sizes=\"(min-width: 2200px) 100vw, (min-width: 824px) 387px, (min-width: 732px) 580px, (min-width: 640px) 732px, \" \/><\/a><\/div><\/div><div style=\"padding:5px;\" class=\"fusion-grid-column fusion-gallery-column fusion-gallery-column-3 hover-type-none\"><div class=\"fusion-gallery-image\"><a href=\"https:\/\/www.visita-valencia.com\/wp-content\/uploads\/2018\/02\/Ciudad-de-las-Artes-y-las-Ciencias-3.jpg\" rel=\"noreferrer\" data-rel=\"iLightbox[gallery_image_1]\" class=\"fusion-lightbox\"><img decoding=\"async\" src=\"https:\/\/www.visita-valencia.com\/wp-content\/uploads\/2018\/02\/Ciudad-de-las-Artes-y-las-Ciencias-3.jpg\" width=\"1112\" height=\"736\" alt=\"\" title=\"Ciudad-de-las-Artes-y-las-Ciencias\" aria-label=\"Ciudad-de-las-Artes-y-las-Ciencias\" class=\"img-responsive wp-image-1410\" srcset=\"https:\/\/www.visita-valencia.com\/wp-content\/uploads\/2018\/02\/Ciudad-de-las-Artes-y-las-Ciencias-3-200x132.jpg 200w, https:\/\/www.visita-valencia.com\/wp-content\/uploads\/2018\/02\/Ciudad-de-las-Artes-y-las-Ciencias-3-400x265.jpg 400w, https:\/\/www.visita-valencia.com\/wp-content\/uploads\/2018\/02\/Ciudad-de-las-Artes-y-las-Ciencias-3-600x397.jpg 600w, https:\/\/www.visita-valencia.com\/wp-content\/uploads\/2018\/02\/Ciudad-de-las-Artes-y-las-Ciencias-3-800x529.jpg 800w, https:\/\/www.visita-valencia.com\/wp-content\/uploads\/2018\/02\/Ciudad-de-las-Artes-y-las-Ciencias-3.jpg 1112w\" sizes=\"(min-width: 2200px) 100vw, (min-width: 824px) 387px, (min-width: 732px) 580px, (min-width: 640px) 732px, \" \/><\/a><\/div><\/div><div class=\"clearfix\"><\/div><div style=\"padding:5px;\" class=\"fusion-grid-column fusion-gallery-column fusion-gallery-column-3 hover-type-none\"><div class=\"fusion-gallery-image\"><a href=\"https:\/\/www.visita-valencia.com\/wp-content\/uploads\/2015\/01\/IL1A0786.jpg\" rel=\"noreferrer\" data-rel=\"iLightbox[gallery_image_1]\" class=\"fusion-lightbox\"><img decoding=\"async\" src=\"https:\/\/www.visita-valencia.com\/wp-content\/uploads\/2015\/01\/IL1A0786.jpg\" width=\"4813\" height=\"3209\" alt=\"\" title=\"blog-turismo-valencia\" aria-label=\"blog-turismo-valencia\" class=\"img-responsive wp-image-1269\" srcset=\"https:\/\/www.visita-valencia.com\/wp-content\/uploads\/2015\/01\/IL1A0786-200x133.jpg 200w, https:\/\/www.visita-valencia.com\/wp-content\/uploads\/2015\/01\/IL1A0786-400x267.jpg 400w, https:\/\/www.visita-valencia.com\/wp-content\/uploads\/2015\/01\/IL1A0786-600x400.jpg 600w, https:\/\/www.visita-valencia.com\/wp-content\/uploads\/2015\/01\/IL1A0786-800x533.jpg 800w, https:\/\/www.visita-valencia.com\/wp-content\/uploads\/2015\/01\/IL1A0786-1200x800.jpg 1200w, https:\/\/www.visita-valencia.com\/wp-content\/uploads\/2015\/01\/IL1A0786.jpg 4813w\" sizes=\"(min-width: 2200px) 100vw, (min-width: 824px) 387px, (min-width: 732px) 580px, (min-width: 640px) 732px, \" \/><\/a><\/div><\/div><div style=\"padding:5px;\" class=\"fusion-grid-column fusion-gallery-column fusion-gallery-column-3 hover-type-none\"><div class=\"fusion-gallery-image\"><a href=\"https:\/\/www.visita-valencia.com\/wp-content\/uploads\/2018\/02\/IL1A0785.jpg\" rel=\"noreferrer\" data-rel=\"iLightbox[gallery_image_1]\" class=\"fusion-lightbox\"><img decoding=\"async\" src=\"https:\/\/www.visita-valencia.com\/wp-content\/uploads\/2018\/02\/IL1A0785.jpg\" width=\"2440\" height=\"1626\" alt=\"\" title=\"visitas-guiadas-valencia\" aria-label=\"visitas-guiadas-valencia\" class=\"img-responsive wp-image-1546\" srcset=\"https:\/\/www.visita-valencia.com\/wp-content\/uploads\/2018\/02\/IL1A0785-200x133.jpg 200w, https:\/\/www.visita-valencia.com\/wp-content\/uploads\/2018\/02\/IL1A0785-400x267.jpg 400w, https:\/\/www.visita-valencia.com\/wp-content\/uploads\/2018\/02\/IL1A0785-600x400.jpg 600w, https:\/\/www.visita-valencia.com\/wp-content\/uploads\/2018\/02\/IL1A0785-800x533.jpg 800w, https:\/\/www.visita-valencia.com\/wp-content\/uploads\/2018\/02\/IL1A0785-1200x800.jpg 1200w, https:\/\/www.visita-valencia.com\/wp-content\/uploads\/2018\/02\/IL1A0785.jpg 2440w\" sizes=\"(min-width: 2200px) 100vw, (min-width: 824px) 387px, (min-width: 732px) 580px, (min-width: 640px) 732px, \" \/><\/a><\/div><\/div><div style=\"padding:5px;\" class=\"fusion-grid-column fusion-gallery-column fusion-gallery-column-3 hover-type-none\"><div class=\"fusion-gallery-image\"><a href=\"https:\/\/www.visita-valencia.com\/wp-content\/uploads\/2018\/03\/Palau-de-les-Arts-Reina-Sof\u00eda-web.jpg\" rel=\"noreferrer\" data-rel=\"iLightbox[gallery_image_1]\" class=\"fusion-lightbox\"><img decoding=\"async\" src=\"https:\/\/www.visita-valencia.com\/wp-content\/uploads\/2018\/03\/Palau-de-les-Arts-Reina-Sof\u00eda-web.jpg\" width=\"1132\" height=\"750\" alt=\"\" title=\"Jardines del Turia\" aria-label=\"Jardines del Turia\" class=\"img-responsive wp-image-1845\" srcset=\"https:\/\/www.visita-valencia.com\/wp-content\/uploads\/2018\/03\/Palau-de-les-Arts-Reina-Sof\u00eda-web-200x133.jpg 200w, https:\/\/www.visita-valencia.com\/wp-content\/uploads\/2018\/03\/Palau-de-les-Arts-Reina-Sof\u00eda-web-400x265.jpg 400w, https:\/\/www.visita-valencia.com\/wp-content\/uploads\/2018\/03\/Palau-de-les-Arts-Reina-Sof\u00eda-web-600x398.jpg 600w, https:\/\/www.visita-valencia.com\/wp-content\/uploads\/2018\/03\/Palau-de-les-Arts-Reina-Sof\u00eda-web-800x530.jpg 800w, https:\/\/www.visita-valencia.com\/wp-content\/uploads\/2018\/03\/Palau-de-les-Arts-Reina-Sof\u00eda-web.jpg 1132w\" sizes=\"(min-width: 2200px) 100vw, (min-width: 824px) 387px, (min-width: 732px) 580px, (min-width: 640px) 732px, \" \/><\/a><\/div><\/div><div class=\"clearfix\"><\/div><div style=\"padding:5px;\" class=\"fusion-grid-column fusion-gallery-column fusion-gallery-column-3 hover-type-none\"><div class=\"fusion-gallery-image\"><a href=\"https:\/\/www.visita-valencia.com\/wp-content\/uploads\/2018\/02\/vendimiando_web.jpg\" rel=\"noreferrer\" data-rel=\"iLightbox[gallery_image_1]\" class=\"fusion-lightbox\"><img decoding=\"async\" src=\"https:\/\/www.visita-valencia.com\/wp-content\/uploads\/2018\/02\/vendimiando_web.jpg\" width=\"1183\" height=\"783\" alt=\"\" title=\"Requena\" aria-label=\"Requena\" class=\"img-responsive wp-image-1647\" srcset=\"https:\/\/www.visita-valencia.com\/wp-content\/uploads\/2018\/02\/vendimiando_web-200x132.jpg 200w, https:\/\/www.visita-valencia.com\/wp-content\/uploads\/2018\/02\/vendimiando_web-400x265.jpg 400w, https:\/\/www.visita-valencia.com\/wp-content\/uploads\/2018\/02\/vendimiando_web-600x397.jpg 600w, https:\/\/www.visita-valencia.com\/wp-content\/uploads\/2018\/02\/vendimiando_web-800x530.jpg 800w, https:\/\/www.visita-valencia.com\/wp-content\/uploads\/2018\/02\/vendimiando_web.jpg 1183w\" sizes=\"(min-width: 2200px) 100vw, (min-width: 824px) 387px, (min-width: 732px) 580px, (min-width: 640px) 732px, \" \/><\/a><\/div><\/div><div style=\"padding:5px;\" class=\"fusion-grid-column fusion-gallery-column fusion-gallery-column-3 hover-type-none\"><div class=\"fusion-gallery-image\"><a href=\"https:\/\/www.visita-valencia.com\/wp-content\/uploads\/2018\/02\/IL1A3372.jpg\" rel=\"noreferrer\" data-rel=\"iLightbox[gallery_image_1]\" class=\"fusion-lightbox\"><img decoding=\"async\" src=\"https:\/\/www.visita-valencia.com\/wp-content\/uploads\/2018\/02\/IL1A3372.jpg\" width=\"2440\" height=\"1626\" alt=\"\" title=\"guia-turistica-valencia\" aria-label=\"guia-turistica-valencia\" class=\"img-responsive wp-image-1523\" srcset=\"https:\/\/www.visita-valencia.com\/wp-content\/uploads\/2018\/02\/IL1A3372-200x133.jpg 200w, https:\/\/www.visita-valencia.com\/wp-content\/uploads\/2018\/02\/IL1A3372-400x267.jpg 400w, https:\/\/www.visita-valencia.com\/wp-content\/uploads\/2018\/02\/IL1A3372-600x400.jpg 600w, https:\/\/www.visita-valencia.com\/wp-content\/uploads\/2018\/02\/IL1A3372-800x533.jpg 800w, https:\/\/www.visita-valencia.com\/wp-content\/uploads\/2018\/02\/IL1A3372-1200x800.jpg 1200w, https:\/\/www.visita-valencia.com\/wp-content\/uploads\/2018\/02\/IL1A3372.jpg 2440w\" sizes=\"(min-width: 2200px) 100vw, (min-width: 824px) 387px, (min-width: 732px) 580px, (min-width: 640px) 732px, \" \/><\/a><\/div><\/div><div style=\"padding:5px;\" class=\"fusion-grid-column fusion-gallery-column fusion-gallery-column-3 hover-type-none\"><div class=\"fusion-gallery-image\"><a href=\"https:\/\/www.visita-valencia.com\/wp-content\/uploads\/2018\/03\/22195531_868356099993572_8196499811831126170_n.jpg\" rel=\"noreferrer\" data-rel=\"iLightbox[gallery_image_1]\" class=\"fusion-lightbox\"><img decoding=\"async\" src=\"https:\/\/www.visita-valencia.com\/wp-content\/uploads\/2018\/03\/22195531_868356099993572_8196499811831126170_n.jpg\" width=\"960\" height=\"640\" alt=\"\" title=\"22195531_868356099993572_8196499811831126170_n\" aria-label=\"22195531_868356099993572_8196499811831126170_n\" class=\"img-responsive wp-image-1814\" srcset=\"https:\/\/www.visita-valencia.com\/wp-content\/uploads\/2018\/03\/22195531_868356099993572_8196499811831126170_n-200x133.jpg 200w, https:\/\/www.visita-valencia.com\/wp-content\/uploads\/2018\/03\/22195531_868356099993572_8196499811831126170_n-400x267.jpg 400w, https:\/\/www.visita-valencia.com\/wp-content\/uploads\/2018\/03\/22195531_868356099993572_8196499811831126170_n-600x400.jpg 600w, https:\/\/www.visita-valencia.com\/wp-content\/uploads\/2018\/03\/22195531_868356099993572_8196499811831126170_n-800x533.jpg 800w, https:\/\/www.visita-valencia.com\/wp-content\/uploads\/2018\/03\/22195531_868356099993572_8196499811831126170_n.jpg 960w\" sizes=\"(min-width: 2200px) 100vw, (min-width: 824px) 387px, (min-width: 732px) 580px, (min-width: 640px) 732px, \" \/><\/a><\/div><\/div><div class=\"clearfix\"><\/div><\/div><div class=\"fusion-clearfix\"><\/div><\/div><\/div><\/div><\/div><div class=\"fusion-bg-parallax\" data-bg-align=\"center center\" data-direction=\"up\" data-mute=\"false\" data-opacity=\"100\" data-velocity=\"-0.3\" data-mobile-enabled=\"false\" data-break_parents=\"0\" data-bg-image=\"http:\/\/www.visita-valencia.com\/wp-content\/uploads\/2018\/02\/seda-600x400.jpg\" data-bg-repeat=\"false\" data-bg-color=\"#00b5e1\" ><\/div><div class=\"fusion-fullwidth fullwidth-box fusion-builder-row-3 faded-background fusion-parallax-up nonhundred-percent-fullwidth non-hundred-percent-height-scrolling\" style=\"background-position: center center;background-repeat: no-repeat;padding-top:0px;padding-right:0px;padding-bottom:0px;padding-left:0px;margin-bottom: 0px;margin-top: 0px;border-width: 0px 0px 0px 0px;border-color:#3e3e3e;border-style:solid;-webkit-background-size:cover;-moz-background-size:cover;-o-background-size:cover;background-size:cover;\" ><div class=\"fullwidth-faded\" style=\"background-color:#00b5e1;background-image: url(http:\/\/www.visita-valencia.com\/wp-content\/uploads\/2018\/02\/seda-600x400.jpg);background-position:center center;background-repeat:no-repeat;-webkit-background-size:cover;-moz-background-size:cover;-o-background-size:cover;background-size:cover;\" ><\/div><div class=\"fusion-builder-row fusion-row\"><div class=\"fusion-layout-column fusion_builder_column fusion-builder-column-8 fusion_builder_column_1_1 1_1 fusion-one-full fusion-column-first fusion-column-last fusion-column-no-min-height\" style=\"margin-top:0px;margin-bottom:0px;\"><div class=\"fusion-column-wrapper fusion-flex-column-wrapper-legacy\" style=\"background-position:left top;background-repeat:no-repeat;-webkit-background-size:cover;-moz-background-size:cover;-o-background-size:cover;background-size:cover;padding: 0px 0px 0px 0px;\"><div class=\"fusion-text fusion-text-6\"><h1 id=\"tw-target-text\" class=\"tw-data-text tw-ta tw-text-medium\" dir=\"ltr\" style=\"text-align: center;\" data-placeholder=\"Traducci\u00f3n\"><span lang=\"it\" style=\"color: #ffffff;\">RECENSIONI<\/span><\/h1>\n<\/div><div class=\"fusion-testimonials clean fusion-testimonials-1\" data-random=\"0\" data-speed=\"4000\"><style type=\"text\/css\">#fusion-testimonials-1 a{border-color:#aaa9a9;}#fusion-testimonials-1 a:hover, #fusion-testimonials-1 .activeSlide{background-color: #aaa9a9;}.fusion-testimonials.clean.fusion-testimonials-1 .author:after{border-top-color:#3e3e3e !important;}<\/style><div class=\"reviews\"><div class=\"review active-testimonial female\"><div class=\"testimonial-thumbnail doe\" style=\"color:#aaa9a9;\"><\/div><blockquote class=\"testimonials-shortcode-blockquote\"><q style=\"background-color:#3e3e3e;color:#aaa9a9;\" class=\"fusion-clearfix\">\n<p>Ho conosciuto Elena a Valencia in un tour a Capodanno. \u00a0Ritengo che Elena sia una guida turistica molto preparata, parla un ottimo italiano e soprattutto \u00e8 molto disponibile, paziente, simpatica, attenta ai dettagli e ai bisogni del gruppo. Infine \u00e8 allegra e molto carina non solo nei modi di fare quindi \u00e8 bellissimo lavorare con lei e scoprire le bellezze di Valencia che con lei diventa ancora pi\u00f9 bella. Grazie Elena!!!!!<\/p>\n<\/q><\/blockquote><div class=\"author\" style=\"color:#aaa9a9;\"><span class=\"company-name\"><strong>Sabina<\/strong><\/span><\/div><\/div><div class=\"review male\"><div class=\"testimonial-thumbnail doe\" style=\"color:#aaa9a9;\"><\/div><blockquote class=\"testimonials-shortcode-blockquote\"><q style=\"background-color:#3e3e3e;color:#aaa9a9;\" class=\"fusion-clearfix\">\n<p><b class=\"\">El grupo de la Universidad de Mayores de la U.C.M. que tuvo la suerte de tenerte como guia durante dos d\u00edas en Valencia, quiere agradecerte tu dedicacion y profesionalidad, que hicieron que las visitas que hicimos contigo fuesen estupendas e inolvidables.<\/b><\/p>\n<\/q><\/blockquote><div class=\"author\" style=\"color:#aaa9a9;\"><span class=\"company-name\"><strong>Juan Antonio Alonso<\/strong><\/span><\/div><\/div><div class=\"review male\"><div class=\"testimonial-thumbnail doe\" style=\"color:#aaa9a9;\"><\/div><blockquote class=\"testimonials-shortcode-blockquote\"><q style=\"background-color:#3e3e3e;color:#aaa9a9;\" class=\"fusion-clearfix\">\n<div class=\"\"><span style=\"color: #aaa9a9;\">Hemos organizado bastantes visitas con Elena desde hace un a\u00f1o para nuestros clientes que vienen desde varias partes del mundo, y tenemos que decir que siempre quedan encantados!<\/span><\/div>\n<div class=\"\"><span style=\"color: #aaa9a9;\">Da igual que le pidas la visita un mes antes que el d\u00eda anterior, siempre nos manda gu\u00edas cualificados y que tratan a nuestros clientes genial! Estamos encantados! Y no hay m\u00e1s que decir que seguiremos trabajando con ella y su equipo!<\/span><\/div>\n<div class=\"\"><span style=\"color: #aaa9a9;\"><b class=\"\">\u00a0<\/b><\/span><\/div>\n<div class=\"\"><span style=\"color: #aaa9a9;\"><b class=\"\">Muchas gracias por vuestro servicio de 10! Recomendado 100&#215;100!<\/b><\/span><\/div>\n<\/q><\/blockquote><div class=\"author\" style=\"color:#aaa9a9;\"><span class=\"company-name\"><strong>PAULA SERRANO <\/strong><\/span><\/div><\/div><\/div><div class=\"testimonial-pagination\" id=\"fusion-testimonials-1\"><a href=\"#\" aria-label=\"Testimonial Pagination\"  class=\"activeSlide\"><\/a><a href=\"#\" aria-label=\"Testimonial Pagination\" ><\/a><a href=\"#\" aria-label=\"Testimonial Pagination\" ><\/a><\/div><\/div><div class=\"fusion-clearfix\"><\/div><\/div><\/div><\/div><\/div><div class=\"fusion-fullwidth fullwidth-box fusion-builder-row-4 nonhundred-percent-fullwidth non-hundred-percent-height-scrolling\" style=\"background-color: #242424;background-position: left top;background-repeat: no-repeat;padding-top:60px;padding-right:0px;padding-bottom:35px;padding-left:0px;margin-bottom: 0px;margin-top: 0px;border-width: 0px 0px 0px 0px;border-color:#3e3e3e;border-style:solid;\" ><div class=\"fusion-builder-row fusion-row\"><div class=\"fusion-layout-column fusion_builder_column fusion-builder-column-9 fusion_builder_column_1_1 1_1 fusion-one-full fusion-column-first fusion-column-last fusion-column-no-min-height\" style=\"margin-top:0px;margin-bottom:0px;\"><div class=\"fusion-column-wrapper fusion-flex-column-wrapper-legacy\" style=\"background-position:left top;background-repeat:no-repeat;-webkit-background-size:cover;-moz-background-size:cover;-o-background-size:cover;background-size:cover;padding: 0px 0px 0px 0px;\"><div class=\"fusion-text fusion-text-7\"><h1 style=\"text-align: center;\">BLOG VISITA VALENCIA<\/h1>\n<\/div><div class=\"fusion-sep-clear\"><\/div><div class=\"fusion-separator\" style=\"margin-left: auto;margin-right: auto;margin-bottom:20px;width:100%;max-width:170px;\"><div class=\"fusion-separator-border sep-single sep-solid\" style=\"border-color:#ffffff;border-top-width:1px;\"><\/div><\/div><div class=\"fusion-sep-clear\"><\/div><div class=\"fusion-clearfix\"><\/div><\/div><\/div><div class=\"fusion-layout-column fusion_builder_column fusion-builder-column-10 fusion_builder_column_1_6 1_6 fusion-one-sixth fusion-column-first\" style=\"width:13.3333%; margin-right: 4%;margin-top:0px;margin-bottom:20px;\"><div class=\"fusion-column-wrapper fusion-flex-column-wrapper-legacy\" style=\"background-position:left top;background-repeat:no-repeat;-webkit-background-size:cover;-moz-background-size:cover;-o-background-size:cover;background-size:cover;padding: 0px 0px 0px 0px;\"><div class=\"fusion-clearfix\"><\/div><\/div><\/div><div class=\"fusion-layout-column fusion_builder_column fusion-builder-column-11 fusion_builder_column_2_3 2_3 fusion-two-third\" style=\"width:65.3333%; margin-right: 4%;margin-top:0px;margin-bottom:20px;\"><div class=\"fusion-column-wrapper fusion-flex-column-wrapper-legacy\" style=\"background-position:left top;background-repeat:no-repeat;-webkit-background-size:cover;-moz-background-size:cover;-o-background-size:cover;background-size:cover;padding: 0px 0px 0px 0px;\"><div class=\"fusion-text fusion-text-8\"><h3 align=\"center\"><span class=\"Ninguno\"><span lang=\"DE\">Segui il nostro blog e conosci tutto quel che succede a Valencia: eventi, esposizioni, mercati, fiere, feste e molto di pi\u00f9.<\/span><\/span><\/h3>\n<\/div><div class=\"fusion-clearfix\"><\/div><\/div><\/div><div class=\"fusion-layout-column fusion_builder_column fusion-builder-column-12 fusion_builder_column_1_6 1_6 fusion-one-sixth fusion-column-last\" style=\"width:13.3333%;margin-top:0px;margin-bottom:20px;\"><div class=\"fusion-column-wrapper fusion-flex-column-wrapper-legacy\" style=\"background-position:left top;background-repeat:no-repeat;-webkit-background-size:cover;-moz-background-size:cover;-o-background-size:cover;background-size:cover;padding: 0px 0px 0px 0px;\"><div class=\"fusion-clearfix\"><\/div><\/div><\/div><div class=\"fusion-layout-column fusion_builder_column fusion-builder-column-13 fusion_builder_column_1_1 1_1 fusion-one-full fusion-column-first fusion-column-last fusion-column-no-min-height\" style=\"margin-top:0px;margin-bottom:0px;\"><div class=\"fusion-column-wrapper fusion-flex-column-wrapper-legacy\" style=\"background-position:left top;background-repeat:no-repeat;-webkit-background-size:cover;-moz-background-size:cover;-o-background-size:cover;background-size:cover;padding: 0px 0px 0px 0px;\"><div class=\"fusion-sep-clear\"><\/div><div class=\"fusion-separator fusion-full-width-sep\" style=\"margin-left: auto;margin-right: auto;margin-top:40px;width:100%;max-width:100%;\"><\/div><div class=\"fusion-sep-clear\"><\/div><div class=\"fusion-clearfix\"><\/div><\/div><\/div><div class=\"fusion-layout-column fusion_builder_column fusion-builder-column-14 fusion_builder_column_1_1 1_1 fusion-one-full fusion-column-first fusion-column-last\" style=\"margin-top:0px;margin-bottom:20px;\"><div class=\"fusion-column-wrapper fusion-flex-column-wrapper-legacy\" style=\"background-position:left top;background-repeat:no-repeat;-webkit-background-size:cover;-moz-background-size:cover;-o-background-size:cover;background-size:cover;padding: 0px 0px 0px 0px;\"><div class=\"fusion-blog-shortcode fusion-blog-shortcode-1 fusion-blog-archive fusion-blog-layout-grid-wrapper fusion-blog-no\"><style type=\"text\/css\">.fusion-blog-shortcode-1 .fusion-blog-layout-grid .fusion-post-grid{padding:20px;}.fusion-blog-shortcode-1 .fusion-posts-container{margin-left: -20px !important; margin-right:-20px !important;}<\/style><div class=\"fusion-posts-container fusion-posts-container-no fusion-no-meta-info fusion-blog-rollover fusion-blog-layout-grid fusion-blog-layout-grid-3 isotope\" data-pages=\"4\" data-grid-col-space=\"40\" style=\"margin: -20px -20px 0;min-height:500px;\"><article id=\"blog-1-post-2740\" class=\"fusion-post-grid post-2740 post type-post status-publish format-standard has-post-thumbnail hentry category-gastronomia-a-valencia-it category-informacion-practica-sobre-valencia-it\">\n<div class=\"fusion-post-wrapper\" style=\"background-color:rgba(255,255,255,0);border:1px solid #3e3e3e;border-bottom-width:3px;\">\n\n\t\t\t<div class=\"fusion-flexslider flexslider fusion-flexslider-loading fusion-post-slideshow\" style=\"border-color:#3e3e3e;\">\n\t\t<ul class=\"slides\">\n\t\t\t\n\t\t\t\t\t\t\t\t\t\t\t\t\t\t<li><div  class=\"fusion-image-wrapper\" aria-haspopup=\"true\">\n\t\t\t\t  <img decoding=\"async\" width=\"890\" height=\"445\" src=\"https:\/\/www.visita-valencia.com\/wp-content\/uploads\/2019\/12\/roscon-de-reyes_258_1.jpg\" class=\"attachment-full size-full wp-post-image\" alt=\"rosc\u00f3n de reyes\" srcset=\"https:\/\/www.visita-valencia.com\/wp-content\/uploads\/2019\/12\/roscon-de-reyes_258_1-200x100.jpg 200w, https:\/\/www.visita-valencia.com\/wp-content\/uploads\/2019\/12\/roscon-de-reyes_258_1-400x200.jpg 400w, https:\/\/www.visita-valencia.com\/wp-content\/uploads\/2019\/12\/roscon-de-reyes_258_1-600x300.jpg 600w, https:\/\/www.visita-valencia.com\/wp-content\/uploads\/2019\/12\/roscon-de-reyes_258_1-800x400.jpg 800w, https:\/\/www.visita-valencia.com\/wp-content\/uploads\/2019\/12\/roscon-de-reyes_258_1.jpg 890w\" sizes=\"(min-width: 2200px) 100vw, (min-width: 824px) 363px, (min-width: 732px) 545px, (min-width: 640px) 732px, \" \/><div class=\"fusion-rollover\">\n\t<div class=\"fusion-rollover-content\">\n\n\t\t\t\t\t\t\t\t\t\t\t\t\t\t<a class=\"fusion-rollover-link\" href=\"https:\/\/www.visita-valencia.com\/it\/tradizione-roscon-reyes\">TRADIZIONE NATALIZIA IN SPAGNA: EL ROSC\u00d3N DE REYES<\/a>\n\t\t\t\n\t\t\t\t\t\t\t\t\t\t\t\t\t\t\n\t\t\t\t\t\t\t\t\n\t\t\t\t\t\t\t\t\t\t\t\t\t<div class=\"fusion-rollover-sep\"><\/div>\n\t\t\t\t\n\t\t\t\t\t\t\t\t\t\t\t\t\t\t\t\t\t\t<a class=\"fusion-rollover-gallery\" href=\"https:\/\/www.visita-valencia.com\/wp-content\/uploads\/2019\/12\/roscon-de-reyes_258_1.jpg\" data-id=\"2740\" data-rel=\"iLightbox[gallery]\" data-title=\"roscon-de-reyes\" data-caption=\"\">\n\t\t\t\t\t\tGallery\t\t\t\t\t<\/a>\n\t\t\t\t\t\t\t\t\t\t\t\t\t\t\n\t\t\n\t\t\t\t\t\t\t\t\n\t\t\t\t\t\t\t\t\n\t\t\n\t\t\t\t\t\t<a class=\"fusion-link-wrapper\" href=\"https:\/\/www.visita-valencia.com\/it\/tradizione-roscon-reyes\" aria-label=\"TRADIZIONE NATALIZIA IN SPAGNA: EL ROSC\u00d3N DE REYES\"><\/a>\n\t<\/div>\n<\/div>\n<\/div>\n<\/li>\n\t\t\t\n\t\t\t\n\t\t\t\t\t\t\t\t\t\t\t\t\t\t\t\t\t\t\t\t\t\t\t\t\t\t\t\t\t\t\t\t\t\t\t\t\t\t\t\t\t\t\t\t\t\t\t\t\t\t\t\t\t\t\t\t\t\t\t\t\t\t\t\t\t\t\t\t<\/ul>\n\t<\/div>\n\t<div class=\"fusion-post-content-wrapper\" style=\"padding:30px 25px 20px 25px;\"><div class=\"fusion-post-content post-content\"><h2 class=\"blog-shortcode-post-title entry-title\"><a href=\"https:\/\/www.visita-valencia.com\/it\/tradizione-roscon-reyes\">TRADIZIONE NATALIZIA IN SPAGNA: EL ROSC\u00d3N DE REYES<\/a><\/h2><div class=\"fusion-post-content-container\"><p>Eccoci di nuovo con\u00a0una delle pi\u00f9\u00a0importanti\u00a0e\u00a0particolari\u00a0tradizioni natalizie\u00a0in Spagna:\u00a0el\u00a0Rosc\u00f3n de\u00a0Reyes. Se la settimana\u00a0scorsa Vi parlavo\u00a0dei\u00a0dodici\u00a0chicchi d\u2019uva\u00a0portafortuna, oggi\u00a0Vi\u00a0parler\u00f2\u00a0del\u00a0Rosc\u00f3n\u00a0de\u00a0Reyes. Possiamo\u00a0trovarlo\u00a0ripieno di crema,\u00a0di\u00a0panna o\u00a0di\u00a0tartufo, possiamo\u00a0mangiarlo con\u00a0gli amici o la famiglia,\u00a0la notte del 5 [...]<\/p><\/div><\/div><\/div><div class=\"fusion-clearfix\"><\/div><\/div>\n<\/article>\n<article id=\"blog-1-post-2728\" class=\"fusion-post-grid post-2728 post type-post status-publish format-standard has-post-thumbnail hentry category-eventos-en-valencia-it category-fiestas-en-valencia-it category-gastronomia-a-valencia-it\">\n<div class=\"fusion-post-wrapper\" style=\"background-color:rgba(255,255,255,0);border:1px solid #3e3e3e;border-bottom-width:3px;\">\n\n\t\t\t<div class=\"fusion-flexslider flexslider fusion-flexslider-loading fusion-post-slideshow\" style=\"border-color:#3e3e3e;\">\n\t\t<ul class=\"slides\">\n\t\t\t\n\t\t\t\t\t\t\t\t\t\t\t\t\t\t<li><div  class=\"fusion-image-wrapper\" aria-haspopup=\"true\">\n\t\t\t\t  <img decoding=\"async\" width=\"1960\" height=\"1199\" src=\"https:\/\/www.visita-valencia.com\/wp-content\/uploads\/2019\/12\/12-uvas.jpg\" class=\"attachment-full size-full wp-post-image\" alt=\"tradici\u00f3n de las 12 uvas\" srcset=\"https:\/\/www.visita-valencia.com\/wp-content\/uploads\/2019\/12\/12-uvas-200x122.jpg 200w, https:\/\/www.visita-valencia.com\/wp-content\/uploads\/2019\/12\/12-uvas-400x245.jpg 400w, https:\/\/www.visita-valencia.com\/wp-content\/uploads\/2019\/12\/12-uvas-600x367.jpg 600w, https:\/\/www.visita-valencia.com\/wp-content\/uploads\/2019\/12\/12-uvas-800x489.jpg 800w, https:\/\/www.visita-valencia.com\/wp-content\/uploads\/2019\/12\/12-uvas-1200x734.jpg 1200w, https:\/\/www.visita-valencia.com\/wp-content\/uploads\/2019\/12\/12-uvas.jpg 1960w\" sizes=\"(min-width: 2200px) 100vw, (min-width: 824px) 363px, (min-width: 732px) 545px, (min-width: 640px) 732px, \" \/><div class=\"fusion-rollover\">\n\t<div class=\"fusion-rollover-content\">\n\n\t\t\t\t\t\t\t\t\t\t\t\t\t\t<a class=\"fusion-rollover-link\" href=\"https:\/\/www.visita-valencia.com\/it\/12-chicchi-portafortuna\">LA TRADIZIONE DEI CHICCHI D\u00b4UVA<\/a>\n\t\t\t\n\t\t\t\t\t\t\t\t\t\t\t\t\t\t\n\t\t\t\t\t\t\t\t\n\t\t\t\t\t\t\t\t\t\t\t\t\t<div class=\"fusion-rollover-sep\"><\/div>\n\t\t\t\t\n\t\t\t\t\t\t\t\t\t\t\t\t\t\t\t\t\t\t<a class=\"fusion-rollover-gallery\" href=\"https:\/\/www.visita-valencia.com\/wp-content\/uploads\/2019\/12\/12-uvas.jpg\" data-id=\"2728\" data-rel=\"iLightbox[gallery]\" data-title=\"tradicion-12-uvas\" data-caption=\"\">\n\t\t\t\t\t\tGallery\t\t\t\t\t<\/a>\n\t\t\t\t\t\t\t\t\t\t\t\t\t\t\n\t\t\n\t\t\t\t\t\t\t\t\n\t\t\t\t\t\t\t\t\n\t\t\n\t\t\t\t\t\t<a class=\"fusion-link-wrapper\" href=\"https:\/\/www.visita-valencia.com\/it\/12-chicchi-portafortuna\" aria-label=\"LA TRADIZIONE DEI CHICCHI D\u00b4UVA\"><\/a>\n\t<\/div>\n<\/div>\n<\/div>\n<\/li>\n\t\t\t\n\t\t\t\n\t\t\t\t\t\t\t\t\t\t\t\t\t\t\t\t\t\t\t\t\t\t\t\t\t\t\t\t\t\t\t\t\t\t\t\t\t\t\t\t\t\t\t\t\t\t\t\t\t\t\t\t\t\t\t\t\t\t\t\t\t\t\t\t\t\t\t\t<\/ul>\n\t<\/div>\n\t<div class=\"fusion-post-content-wrapper\" style=\"padding:30px 25px 20px 25px;\"><div class=\"fusion-post-content post-content\"><h2 class=\"blog-shortcode-post-title entry-title\"><a href=\"https:\/\/www.visita-valencia.com\/it\/12-chicchi-portafortuna\">LA TRADIZIONE DEI CHICCHI D\u00b4UVA<\/a><\/h2><div class=\"fusion-post-content-container\"><p>Tra meno di un mese arriver\u00e0 il Natale, il Capodanno e l\u2019Anno nuovo e con tutto questo arriveranno centinaia di tradizioni che ci accompagnano sin da quando eravamo piccoli. [...]<\/p><\/div><\/div><\/div><div class=\"fusion-clearfix\"><\/div><\/div>\n<\/article>\n<article id=\"blog-1-post-2708\" class=\"fusion-post-grid post-2708 post type-post status-publish format-standard hentry category-novedades-en-valencia-it category-tours-en-valencia-it\">\n<div class=\"fusion-post-wrapper\" style=\"background-color:rgba(255,255,255,0);border:1px solid #3e3e3e;border-bottom-width:3px;\">\n\n<div class=\"fusion-post-content-wrapper\" style=\"padding:30px 25px 20px 25px;\"><div class=\"fusion-post-content post-content\"><h2 class=\"blog-shortcode-post-title entry-title\"><a href=\"https:\/\/www.visita-valencia.com\/it\/jaume-plensa\">JAUME PLENSA<\/a><\/h2><div class=\"fusion-post-content-container\"><p> Tra meno di un mese la magnifica mostra di Jaume Plensa lascer\u00e0 la Citt\u00e0 delle Arti e delle Scienze di Valencia. Queste sette sculture ci hanno accompagnato dallo [...]<\/p><\/div><\/div><\/div><div class=\"fusion-clearfix\"><\/div><\/div>\n<\/article>\n<div class=\"fusion-clearfix\"><\/div><\/div><\/div><div class=\"fusion-clearfix\"><\/div><\/div><\/div><\/div><\/div><\/p>\n","protected":false},"excerpt":{"rendered":"","protected":false},"author":1,"featured_media":0,"parent":0,"menu_order":0,"comment_status":"closed","ping_status":"open","template":"100-width.php","meta":{"footnotes":""},"class_list":["post-2092","page","type-page","status-publish","hentry"],"yoast_head":"<!-- This site is optimized with the Yoast SEO plugin v27.5 - https:\/\/yoast.com\/product\/yoast-seo-wordpress\/ -->\n<title>La tua migliore guida turistica a Valencia| | Visita-Valencia<\/title>\n<meta name=\"description\" content=\"Sono una guida turistica a Valencia e una appassionata della mia citt\u00e0. Scopri Valencia con una guida turistica professionale. Vuoi accompagnarmi a conoscere la citt\u00e0?\" \/>\n<meta name=\"robots\" content=\"index, follow, max-snippet:-1, max-image-preview:large, max-video-preview:-1\" \/>\n<link rel=\"canonical\" href=\"https:\/\/www.visita-valencia.com\/it\" \/>\n<meta property=\"og:locale\" content=\"it_IT\" \/>\n<meta property=\"og:type\" content=\"article\" \/>\n<meta property=\"og:title\" content=\"La tua migliore guida turistica a Valencia| | Visita-Valencia\" \/>\n<meta property=\"og:description\" content=\"Sono una guida turistica a Valencia e una appassionata della mia citt\u00e0. Scopri Valencia con una guida turistica professionale. Vuoi accompagnarmi a conoscere la citt\u00e0?\" \/>\n<meta property=\"og:url\" content=\"https:\/\/www.visita-valencia.com\/it\" \/>\n<meta property=\"og:site_name\" content=\"Gu\u00eda tur\u00edstica de Valencia\" \/>\n<meta property=\"article:modified_time\" content=\"2018-09-24T10:40:57+00:00\" \/>\n<meta name=\"twitter:card\" content=\"summary_large_image\" \/>\n<meta name=\"twitter:label1\" content=\"Tempo di lettura stimato\" \/>\n\t<meta name=\"twitter:data1\" content=\"12 minuti\" \/>\n<script type=\"application\/ld+json\" class=\"yoast-schema-graph\">{\"@context\":\"https:\\\/\\\/schema.org\",\"@graph\":[{\"@type\":\"WebPage\",\"@id\":\"https:\\\/\\\/www.visita-valencia.com\\\/it\",\"url\":\"https:\\\/\\\/www.visita-valencia.com\\\/it\",\"name\":\"La tua migliore guida turistica a Valencia| | Visita-Valencia\",\"isPartOf\":{\"@id\":\"https:\\\/\\\/www.visita-valencia.com\\\/#website\"},\"datePublished\":\"2015-01-27T11:54:04+00:00\",\"dateModified\":\"2018-09-24T10:40:57+00:00\",\"description\":\"Sono una guida turistica a Valencia e una appassionata della mia citt\u00e0. Scopri Valencia con una guida turistica professionale. Vuoi accompagnarmi a conoscere la citt\u00e0?\",\"breadcrumb\":{\"@id\":\"https:\\\/\\\/www.visita-valencia.com\\\/it#breadcrumb\"},\"inLanguage\":\"it-IT\",\"potentialAction\":[{\"@type\":\"ReadAction\",\"target\":[\"https:\\\/\\\/www.visita-valencia.com\\\/it\"]}]},{\"@type\":\"BreadcrumbList\",\"@id\":\"https:\\\/\\\/www.visita-valencia.com\\\/it#breadcrumb\",\"itemListElement\":[{\"@type\":\"ListItem\",\"position\":1,\"name\":\"Portada\",\"item\":\"https:\\\/\\\/www.visita-valencia.com\\\/it\"},{\"@type\":\"ListItem\",\"position\":2,\"name\":\"Guida turistica a Valencia\"}]},{\"@type\":\"WebSite\",\"@id\":\"https:\\\/\\\/www.visita-valencia.com\\\/#website\",\"url\":\"https:\\\/\\\/www.visita-valencia.com\\\/\",\"name\":\"Gu\u00eda tur\u00edstica de Valencia\",\"description\":\"Visitas guiadas en Valencia\",\"publisher\":{\"@id\":\"https:\\\/\\\/www.visita-valencia.com\\\/#organization\"},\"potentialAction\":[{\"@type\":\"SearchAction\",\"target\":{\"@type\":\"EntryPoint\",\"urlTemplate\":\"https:\\\/\\\/www.visita-valencia.com\\\/?s={search_term_string}\"},\"query-input\":{\"@type\":\"PropertyValueSpecification\",\"valueRequired\":true,\"valueName\":\"search_term_string\"}}],\"inLanguage\":\"it-IT\"},{\"@type\":\"Organization\",\"@id\":\"https:\\\/\\\/www.visita-valencia.com\\\/#organization\",\"name\":\"Visita-Valencia\",\"url\":\"https:\\\/\\\/www.visita-valencia.com\\\/\",\"logo\":{\"@type\":\"ImageObject\",\"inLanguage\":\"it-IT\",\"@id\":\"https:\\\/\\\/www.visita-valencia.com\\\/#\\\/schema\\\/logo\\\/image\\\/\",\"url\":\"http:\\\/\\\/www.visita-valencia.com\\\/wp-content\\\/uploads\\\/2018\\\/01\\\/logo-VV-blanco-web.png\",\"contentUrl\":\"http:\\\/\\\/www.visita-valencia.com\\\/wp-content\\\/uploads\\\/2018\\\/01\\\/logo-VV-blanco-web.png\",\"width\":241,\"height\":84,\"caption\":\"Visita-Valencia\"},\"image\":{\"@id\":\"https:\\\/\\\/www.visita-valencia.com\\\/#\\\/schema\\\/logo\\\/image\\\/\"}}]}<\/script>\n<!-- \/ Yoast SEO plugin. -->","yoast_head_json":{"title":"La tua migliore guida turistica a Valencia| | Visita-Valencia","description":"Sono una guida turistica a Valencia e una appassionata della mia citt\u00e0. Scopri Valencia con una guida turistica professionale. Vuoi accompagnarmi a conoscere la citt\u00e0?","robots":{"index":"index","follow":"follow","max-snippet":"max-snippet:-1","max-image-preview":"max-image-preview:large","max-video-preview":"max-video-preview:-1"},"canonical":"https:\/\/www.visita-valencia.com\/it","og_locale":"it_IT","og_type":"article","og_title":"La tua migliore guida turistica a Valencia| | Visita-Valencia","og_description":"Sono una guida turistica a Valencia e una appassionata della mia citt\u00e0. Scopri Valencia con una guida turistica professionale. Vuoi accompagnarmi a conoscere la citt\u00e0?","og_url":"https:\/\/www.visita-valencia.com\/it","og_site_name":"Gu\u00eda tur\u00edstica de Valencia","article_modified_time":"2018-09-24T10:40:57+00:00","twitter_card":"summary_large_image","twitter_misc":{"Tempo di lettura stimato":"12 minuti"},"schema":{"@context":"https:\/\/schema.org","@graph":[{"@type":"WebPage","@id":"https:\/\/www.visita-valencia.com\/it","url":"https:\/\/www.visita-valencia.com\/it","name":"La tua migliore guida turistica a Valencia| | Visita-Valencia","isPartOf":{"@id":"https:\/\/www.visita-valencia.com\/#website"},"datePublished":"2015-01-27T11:54:04+00:00","dateModified":"2018-09-24T10:40:57+00:00","description":"Sono una guida turistica a Valencia e una appassionata della mia citt\u00e0. Scopri Valencia con una guida turistica professionale. Vuoi accompagnarmi a conoscere la citt\u00e0?","breadcrumb":{"@id":"https:\/\/www.visita-valencia.com\/it#breadcrumb"},"inLanguage":"it-IT","potentialAction":[{"@type":"ReadAction","target":["https:\/\/www.visita-valencia.com\/it"]}]},{"@type":"BreadcrumbList","@id":"https:\/\/www.visita-valencia.com\/it#breadcrumb","itemListElement":[{"@type":"ListItem","position":1,"name":"Portada","item":"https:\/\/www.visita-valencia.com\/it"},{"@type":"ListItem","position":2,"name":"Guida turistica a Valencia"}]},{"@type":"WebSite","@id":"https:\/\/www.visita-valencia.com\/#website","url":"https:\/\/www.visita-valencia.com\/","name":"Gu\u00eda tur\u00edstica de Valencia","description":"Visitas guiadas en Valencia","publisher":{"@id":"https:\/\/www.visita-valencia.com\/#organization"},"potentialAction":[{"@type":"SearchAction","target":{"@type":"EntryPoint","urlTemplate":"https:\/\/www.visita-valencia.com\/?s={search_term_string}"},"query-input":{"@type":"PropertyValueSpecification","valueRequired":true,"valueName":"search_term_string"}}],"inLanguage":"it-IT"},{"@type":"Organization","@id":"https:\/\/www.visita-valencia.com\/#organization","name":"Visita-Valencia","url":"https:\/\/www.visita-valencia.com\/","logo":{"@type":"ImageObject","inLanguage":"it-IT","@id":"https:\/\/www.visita-valencia.com\/#\/schema\/logo\/image\/","url":"http:\/\/www.visita-valencia.com\/wp-content\/uploads\/2018\/01\/logo-VV-blanco-web.png","contentUrl":"http:\/\/www.visita-valencia.com\/wp-content\/uploads\/2018\/01\/logo-VV-blanco-web.png","width":241,"height":84,"caption":"Visita-Valencia"},"image":{"@id":"https:\/\/www.visita-valencia.com\/#\/schema\/logo\/image\/"}}]}},"_links":{"self":[{"href":"https:\/\/www.visita-valencia.com\/it\/wp-json\/wp\/v2\/pages\/2092","targetHints":{"allow":["GET"]}}],"collection":[{"href":"https:\/\/www.visita-valencia.com\/it\/wp-json\/wp\/v2\/pages"}],"about":[{"href":"https:\/\/www.visita-valencia.com\/it\/wp-json\/wp\/v2\/types\/page"}],"author":[{"embeddable":true,"href":"https:\/\/www.visita-valencia.com\/it\/wp-json\/wp\/v2\/users\/1"}],"replies":[{"embeddable":true,"href":"https:\/\/www.visita-valencia.com\/it\/wp-json\/wp\/v2\/comments?post=2092"}],"version-history":[{"count":15,"href":"https:\/\/www.visita-valencia.com\/it\/wp-json\/wp\/v2\/pages\/2092\/revisions"}],"predecessor-version":[{"id":2498,"href":"https:\/\/www.visita-valencia.com\/it\/wp-json\/wp\/v2\/pages\/2092\/revisions\/2498"}],"wp:attachment":[{"href":"https:\/\/www.visita-valencia.com\/it\/wp-json\/wp\/v2\/media?parent=2092"}],"curies":[{"name":"wp","href":"https:\/\/api.w.org\/{rel}","templated":true}]}}