{"id":2096,"date":"2015-01-27T11:54:21","date_gmt":"2015-01-27T11:54:21","guid":{"rendered":"http:\/\/www.visita-valencia.com\/guia-turismo-valencia"},"modified":"2018-07-07T09:38:53","modified_gmt":"2018-07-07T09:38:53","slug":"guida-turistica-valencia-2","status":"publish","type":"page","link":"https:\/\/www.visita-valencia.com\/it\/guida-turistica-valencia-2","title":{"rendered":"SONO UNA GUIDA TURISTICA DI VALENCIA"},"content":{"rendered":"<p><div class=\"fusion-fullwidth fullwidth-box fusion-builder-row-1 hundred-percent-fullwidth non-hundred-percent-height-scrolling fusion-equal-height-columns\" style=\"background-color: #242424;background-position: left top;background-repeat: no-repeat;padding-top:90px;padding-right:0px;padding-bottom:0px;padding-left:0px;margin-bottom: 0px;margin-top: 0px;border-width: 0px 0px 0px 0px;border-color:#3e3e3e;border-style:solid;\" ><div class=\"fusion-builder-row fusion-row\"><div class=\"fusion-layout-column fusion_builder_column fusion-builder-column-0 fusion_builder_column_1_2 1_2 fusion-one-half fusion-column-first\" style=\"width:48%; margin-right: 4%;margin-top:0px;margin-bottom:20px;\"><div class=\"fusion-column-wrapper fusion-flex-column-wrapper-legacy\" style=\"background-position:left top;background-repeat:no-repeat;-webkit-background-size:cover;-moz-background-size:cover;-o-background-size:cover;background-size:cover;padding: 30px 0px 30px 15%;\"><div class=\"fusion-text fusion-text-1\"><h1 style=\"text-align: right;\" align=\"center\"><span class=\"Ninguno\"><span lang=\"DE\">La tua guida turistica a Valencia<\/span><\/span><\/h1>\n<\/div><div class=\"fusion-sep-clear\"><\/div><div class=\"fusion-separator fusion-clearfix separator-right\" style=\"float:right;margin-top:0px;margin-bottom:30px;width:100%;max-width:170px;\"><div class=\"fusion-separator-border sep-single sep-solid\" style=\"border-color:#ffffff;border-top-width:1px;\"><\/div><\/div><div class=\"fusion-sep-clear\"><\/div><div class=\"fusion-text fusion-text-2\"><h2 style=\"text-align: right;\" align=\"center\"><span class=\"Ninguno\"><span lang=\"DE\">\u00a1Hola! Sono Elena Alcal\u00e1 e sono Guida Tur\u00edstica di Valencia dal 2008.<\/span><\/span><\/h2>\n<\/div><div class=\"fusion-clearfix\"><\/div><\/div><\/div><div class=\"fusion-layout-column fusion_builder_column fusion-builder-column-1 fusion_builder_column_1_2 1_2 fusion-one-half fusion-column-last\" style=\"width:48%;margin-top:0px;margin-bottom:20px;\"><div class=\"fusion-column-wrapper fusion-flex-column-wrapper-legacy\" style=\"background-position:left center;background-repeat:no-repeat;-webkit-background-size:cover;-moz-background-size:cover;-o-background-size:cover;background-size:cover;padding: 0px 0px 0px 0px;\"><div class=\"fusion-column-content-centered\"><div class=\"fusion-column-content\"><span class=\" fusion-imageframe imageframe-none imageframe-1 hover-type-none\"><img decoding=\"async\" width=\"704\" height=\"395\" title=\"guia-turismo-valencia\" src=\"http:\/\/www.visita-valencia.com\/wp-content\/uploads\/2018\/01\/imagen-sobre-mi-elena-alcala.jpg\" class=\"img-responsive wp-image-3148\" srcset=\"https:\/\/www.visita-valencia.com\/wp-content\/uploads\/2018\/01\/imagen-sobre-mi-elena-alcala-200x112.jpg 200w, https:\/\/www.visita-valencia.com\/wp-content\/uploads\/2018\/01\/imagen-sobre-mi-elena-alcala-400x224.jpg 400w, https:\/\/www.visita-valencia.com\/wp-content\/uploads\/2018\/01\/imagen-sobre-mi-elena-alcala-600x337.jpg 600w, https:\/\/www.visita-valencia.com\/wp-content\/uploads\/2018\/01\/imagen-sobre-mi-elena-alcala.jpg 704w\" sizes=\"(max-width: 800px) 100vw, 600px\" \/><\/span><\/div><\/div><div class=\"fusion-clearfix\"><\/div><\/div><\/div><\/div><\/div><div class=\"fusion-fullwidth fullwidth-box fusion-builder-row-2 nonhundred-percent-fullwidth non-hundred-percent-height-scrolling\" style=\"background-color: #242424;background-position: left top;background-repeat: no-repeat;padding-top:20px;padding-right:0px;padding-bottom:65px;padding-left:0px;margin-bottom: 0px;margin-top: 0px;border-width: 0px 0px 0px 0px;border-color:#3e3e3e;border-style:solid;\" ><div class=\"fusion-builder-row fusion-row\"><div class=\"fusion-layout-column fusion_builder_column fusion-builder-column-2 fusion_builder_column_1_2 1_2 fusion-one-half fusion-column-first\" style=\"width:48%; margin-right: 4%;margin-top:0px;margin-bottom:20px;\"><div class=\"fusion-column-wrapper fusion-flex-column-wrapper-legacy\" style=\"background-position:left top;background-repeat:no-repeat;-webkit-background-size:cover;-moz-background-size:cover;-o-background-size:cover;background-size:cover;padding: 0px 0px 0px 0px;\"><div class=\"fusion-text fusion-text-3\"><div class=\"\" style=\"text-align: justify;\">\n<p class=\"Cuerpo\" style=\"text-align: justify;\"><span style=\"color: #ffffff;\">La mia professione <span class=\"Ninguno\">\u00e8 la mia passione, \u00e8 quello che ho fatto sempre ed \u00e8 quello a cui vorrei dedicarmi per <\/span>il resto della mia vita<span class=\"Ninguno\">.<\/span><\/span><\/p>\n<p class=\"Cuerpo\" style=\"text-align: justify;\"><span style=\"color: #ffffff;\"><span class=\"Ninguno\">Mi sono laureata in Turismo <\/span>all\u2019Universit\u00e0 di Valencia. <span class=\"Ninguno\">Dopo gli studi universitari, ho vissuto un anno a Londra e sei mesi a Roma. L\u00ec ho migliorato il mio livello delle lingue e ho apprezzato la grande esperienza che significa vivere fuori dai tuoi confini, dove apri la tua mente, incontri nuove persone con le loro abitudini, le loro idee, i loro valori, ecc.<\/span><\/span><span class=\"Ninguno\" style=\"color: #ffffff;\"><span lang=\"IT\">\u00a0<\/span><\/span><\/p>\n<p class=\"Cuerpo\" style=\"text-align: justify;\"><span style=\"color: #ffffff;\"><span class=\"Ninguno\"><span lang=\"IT\">Nel 2008 ho ottenuto il titolo di Guida Turistica d<\/span><\/span><span class=\"Ninguno\">i Valencia <\/span><span class=\"Ninguno\"><span lang=\"IT\">dopo aver superato l&#8217;esame del Ministero d<\/span><\/span><span class=\"Ninguno\">el\u00a0<\/span><span class=\"Ninguno\"><span lang=\"IT\">Turismo\u00a0<\/span><\/span><span class=\"Ninguno\">della Regione di Valencia<\/span><span class=\"Ninguno\"><span lang=\"IT\">. Mi sono qualificat<\/span><\/span><span class=\"Ninguno\">a\u00a0<\/span><span class=\"Ninguno\"><span lang=\"IT\">in tre lingue: spagnolo, <\/span><\/span><span class=\"Ninguno\">italiano e <\/span><span class=\"Ninguno\"><span lang=\"IT\">inglese.<\/span><\/span><\/span><\/p>\n<\/div>\n<p style=\"text-align: justify;\"><span class=\"Ninguno\" style=\"color: #ffffff;\">Il mio obiettivo \u00e8 fare sentire i miei clienti a casa e offrire un servizio turistico di qualit\u00e0 sul patrimonio storico, artistico e naturale di Valencia. Mi piacerebbe potere mostrarVi Valencia come la mostrerei a un buon amico, in un modo professionale ma vicino allo stesso tempo. Vorrei mostrarVi come viviamo noi valenciani, quali sono le nostre tradizioni pi\u00f9 radicate, vorrei spiegarVi quelle storie che ci raccontavano i nostri nonni e che non si possono leggere nei libri.<\/span><span class=\"Ninguno\" style=\"color: #ffffff;\">\u00a0<\/span><\/p>\n<\/div><div class=\"fusion-clearfix\"><\/div><\/div><\/div><div class=\"fusion-layout-column fusion_builder_column fusion-builder-column-3 fusion_builder_column_1_2 1_2 fusion-one-half fusion-column-last\" style=\"width:48%;margin-top:0px;margin-bottom:20px;\"><div class=\"fusion-column-wrapper fusion-flex-column-wrapper-legacy\" style=\"background-position:left top;background-repeat:no-repeat;-webkit-background-size:cover;-moz-background-size:cover;-o-background-size:cover;background-size:cover;padding: 0px 0px 0px 0px;\"><div class=\"fusion-text fusion-text-4\"><div class=\"\" style=\"text-align: justify;\">\n<p class=\"Cuerpo\"><span class=\"Ninguno\" style=\"color: #ffffff;\">Per questi e molti altri motivi ho deciso di intraprendere questo bellissimo progetto chiamato Visita Valencia, un progetto personale nel quale ho messo tutto il mio impegno e il mio amore. <\/span><\/p>\n<p class=\"Cuerpo\"><span class=\"Ninguno\" style=\"color: #ffffff;\">Ma in questo percorso professionale non sono sola, ho la fortuna di collaborare con un grande gruppo di colleghi, tutti altamente qualificati ed accreditati dal Ministero del Turismo della Regione di Valencia. Tutti lavoriamo con un obiettivo comune: farti innamorare della nostra citt\u00e0.<\/span><\/p>\n<p><span class=\"Ninguno\" style=\"color: #ffffff;\">Quindi non esitare e contattami! Valencia ed io ti stiamo aspettando a braccia aperte!<\/span><\/p>\n<\/div>\n<\/div><div class=\"fusion-sep-clear\"><\/div><div class=\"fusion-separator fusion-full-width-sep\" style=\"margin-left: auto;margin-right: auto;margin-top:9px;margin-bottom:9px;width:100%;\"><div class=\"fusion-separator-border sep-single sep-solid\" style=\"border-color:#3e3e3e;border-top-width:2px;\"><\/div><\/div><div class=\"fusion-sep-clear\"><\/div><div class=\"fusion-text fusion-text-5\"><h4 align=\"center\"><span class=\"Ninguno\" style=\"color: #ffffff;\"><b><span lang=\"DE\">Non esitare e contattami.<\/span><\/b><\/span><\/h4>\n<h4 align=\"center\"><span style=\"color: #ffffff;\"><span class=\"Ninguno\"><b><span lang=\"DE\">Valencia ed io ti aspettiamo a braccia aperte!<\/span><\/b><\/span><b><\/b><\/span><\/h4>\n<h4 align=\"center\"><span style=\"color: #ffffff;\"><span class=\"Hyperlink3\"><a style=\"color: #ffffff;\">E-mail \u00a0info@visita-valencia.com<\/a><\/span><span class=\"Ninguno\"><b><span lang=\"DE\">\u00a0; telefono +34 657.15.95.78.<\/span><\/b><\/span><\/span><\/h4>\n<\/div><div class=\"fusion-clearfix\"><\/div><\/div><\/div><\/div><\/div><div class=\"fusion-bg-parallax\" data-bg-align=\"center center\" data-direction=\"up\" data-mute=\"false\" data-opacity=\"100\" data-velocity=\"-0.3\" data-mobile-enabled=\"false\" data-break_parents=\"0\" data-bg-image=\"http:\/\/www.visita-valencia.com\/wp-content\/uploads\/2018\/01\/IL1A3380.jpg\" data-bg-repeat=\"false\" data-bg-color=\"#f0f0ed\" ><\/div><div class=\"fusion-fullwidth fullwidth-box fusion-builder-row-3 fusion-parallax-up nonhundred-percent-fullwidth non-hundred-percent-height-scrolling\" style=\"background-color: #f0f0ed;background-image: url(&quot;http:\/\/www.visita-valencia.com\/wp-content\/uploads\/2018\/01\/IL1A3380.jpg&quot;);background-position: center center;background-repeat: no-repeat;padding-top:110px;padding-right:0px;padding-bottom:110px;padding-left:0px;margin-bottom: 0px;margin-top: 0px;border-width: 0px 0px 0px 0px;border-color:#3e3e3e;border-style:solid;-webkit-background-size:cover;-moz-background-size:cover;-o-background-size:cover;background-size:cover;\" ><div class=\"fusion-builder-row fusion-row\"><div class=\"fusion-layout-column fusion_builder_column fusion-builder-column-4 fusion_builder_column_1_1 1_1 fusion-one-full fusion-column-first fusion-column-last fusion-column-no-min-height\" style=\"margin-top:0px;margin-bottom:0px;\"><div class=\"fusion-column-wrapper fusion-flex-column-wrapper-legacy\" style=\"background-position:left top;background-repeat:no-repeat;-webkit-background-size:cover;-moz-background-size:cover;-o-background-size:cover;background-size:cover;padding: 0px 0px 0px 0px;\"><div class=\"fusion-text fusion-text-6\"><h2 style=\"text-align: center;\"><span class=\"Ninguno\"><span lang=\"DE\">Guida Turistica della <\/span><\/span><span class=\"Ninguno\"><span lang=\"DE\">Comunidad Valenciana<\/span><\/span><\/h2>\n<h3 align=\"center\"><span class=\"Ninguno\"><span lang=\"DE\">Numero Abilitazione: 268<\/span><\/span><\/h3>\n<\/div><div class=\"fusion-clearfix\"><\/div><\/div><\/div><div class=\"fusion-layout-column fusion_builder_column fusion-builder-column-5 fusion_builder_column_1_6 1_6 fusion-one-sixth fusion-column-first\" style=\"width:13.3333%; margin-right: 4%;margin-top:0px;margin-bottom:20px;\"><div class=\"fusion-column-wrapper fusion-flex-column-wrapper-legacy\" style=\"background-position:left top;background-repeat:no-repeat;-webkit-background-size:cover;-moz-background-size:cover;-o-background-size:cover;background-size:cover;padding: 0px 0px 0px 0px;\"><div class=\"fusion-clearfix\"><\/div><\/div><\/div><div class=\"fusion-layout-column fusion_builder_column fusion-builder-column-6 fusion_builder_column_2_3 2_3 fusion-two-third\" style=\"width:65.3333%; margin-right: 4%;margin-top:0px;margin-bottom:20px;\"><div class=\"fusion-column-wrapper fusion-flex-column-wrapper-legacy\" style=\"background-position:left top;background-repeat:no-repeat;-webkit-background-size:cover;-moz-background-size:cover;-o-background-size:cover;background-size:cover;padding: 0px 0px 0px 0px;\"><div class=\"fusion-clearfix\"><\/div><\/div><\/div><div class=\"fusion-layout-column fusion_builder_column fusion-builder-column-7 fusion_builder_column_1_6 1_6 fusion-one-sixth fusion-column-last\" style=\"width:13.3333%;margin-top:0px;margin-bottom:20px;\"><div class=\"fusion-column-wrapper fusion-flex-column-wrapper-legacy\" style=\"background-position:left top;background-repeat:no-repeat;-webkit-background-size:cover;-moz-background-size:cover;-o-background-size:cover;background-size:cover;padding: 0px 0px 0px 0px;\"><div class=\"fusion-clearfix\"><\/div><\/div><\/div><div class=\"fusion-layout-column fusion_builder_column fusion-builder-column-8 fusion_builder_column_1_1 1_1 fusion-one-full fusion-column-first fusion-column-last fusion-column-inner-bg-wrapper\" style=\"margin-top:10px;margin-bottom:10px;\"><div class=\"fusion-column-wrapper fusion-flex-column-wrapper-legacy\" style=\"padding: 10px 10px 10px 10px;\"><div class=\"fusion-column-content-centered\"><div class=\"fusion-column-content\"><div class=\"fusion-image-carousel fusion-image-carousel-fixed lightbox-enabled\"><div class=\"fusion-carousel\" data-autoplay=\"no\" data-columns=\"3\" data-itemmargin=\"0\" data-itemwidth=\"180\" data-touchscroll=\"no\" data-imagesize=\"fixed\"><div class=\"fusion-carousel-positioner\"><ul class=\"fusion-carousel-holder\"><li class=\"fusion-carousel-item\"><div class=\"fusion-carousel-item-wrapper\"><div class=\"fusion-image-wrapper hover-type-zoomin\"><a data-rel=\"iLightbox[image_carousel_1]\" data-title=\"logo-cefapit\" aria-label=\"logo-cefapit\" href=\"http:\/\/www.visita-valencia.com\/wp-content\/uploads\/2018\/04\/logo-cefapit-1.png\" target=\"_self\"><img decoding=\"async\" width=\"230\" height=\"230\" src=\"https:\/\/www.visita-valencia.com\/wp-content\/uploads\/2018\/04\/logo-cefapit-1.png\" class=\"attachment-portfolio-two size-portfolio-two\" alt=\"\" srcset=\"https:\/\/www.visita-valencia.com\/wp-content\/uploads\/2018\/04\/logo-cefapit-1-200x200.png 200w, https:\/\/www.visita-valencia.com\/wp-content\/uploads\/2018\/04\/logo-cefapit-1.png 230w\" sizes=\"(min-width: 2200px) 100vw, (min-width: 824px) 390px, (min-width: 732px) 585px, (min-width: 640px) 732px, \" \/><\/a><\/div><\/div><\/li><li class=\"fusion-carousel-item\"><div class=\"fusion-carousel-item-wrapper\"><div class=\"fusion-image-wrapper hover-type-zoomin\"><a data-rel=\"iLightbox[image_carousel_1]\" data-title=\"logo-FEG-blanco\" aria-label=\"logo-FEG-blanco\" href=\"http:\/\/www.visita-valencia.com\/wp-content\/uploads\/2018\/04\/logo-FEG-blanco-1.png\" target=\"_self\"><img decoding=\"async\" width=\"267\" height=\"230\" src=\"https:\/\/www.visita-valencia.com\/wp-content\/uploads\/2018\/04\/logo-FEG-blanco-1.png\" class=\"attachment-portfolio-two size-portfolio-two\" alt=\"\" srcset=\"https:\/\/www.visita-valencia.com\/wp-content\/uploads\/2018\/04\/logo-FEG-blanco-1-200x172.png 200w, https:\/\/www.visita-valencia.com\/wp-content\/uploads\/2018\/04\/logo-FEG-blanco-1.png 267w\" sizes=\"(min-width: 2200px) 100vw, (min-width: 824px) 390px, (min-width: 732px) 585px, (min-width: 640px) 732px, \" \/><\/a><\/div><\/div><\/li><li class=\"fusion-carousel-item\"><div class=\"fusion-carousel-item-wrapper\"><div class=\"fusion-image-wrapper hover-type-zoomin\"><a data-rel=\"iLightbox[image_carousel_1]\" data-title=\"world federation of tourism guides\" aria-label=\"world federation of tourism guides\" href=\"http:\/\/www.visita-valencia.com\/wp-content\/uploads\/2018\/04\/world-federation-of-tourism-guides-2.png\" target=\"_self\"><img decoding=\"async\" width=\"230\" height=\"230\" src=\"https:\/\/www.visita-valencia.com\/wp-content\/uploads\/2018\/04\/world-federation-of-tourism-guides-2.png\" class=\"attachment-portfolio-two size-portfolio-two\" alt=\"\" srcset=\"https:\/\/www.visita-valencia.com\/wp-content\/uploads\/2018\/04\/world-federation-of-tourism-guides-2-200x200.png 200w, https:\/\/www.visita-valencia.com\/wp-content\/uploads\/2018\/04\/world-federation-of-tourism-guides-2.png 230w\" sizes=\"(min-width: 2200px) 100vw, (min-width: 824px) 390px, (min-width: 732px) 585px, (min-width: 640px) 732px, \" \/><\/a><\/div><\/div><\/li><\/ul><\/div><\/div><\/div><\/div><\/div><div class=\"fusion-clearfix\"><\/div><\/div><span class=\"fusion-column-inner-bg hover-type-zoomin\"><span class=\"fusion-column-anchor\"><span class=\"fusion-column-inner-bg-image\" style=\"background-position:left top;background-repeat:no-repeat;-webkit-background-size:cover;-moz-background-size:cover;-o-background-size:cover;background-size:cover;\"><\/span><\/span><\/span><\/div><div class=\"fusion-layout-column fusion_builder_column fusion-builder-column-9 fusion_builder_column_1_1 1_1 fusion-one-full fusion-column-first fusion-column-last fusion-column-no-min-height\" style=\"margin-top:0px;margin-bottom:0px;\"><div class=\"fusion-column-wrapper fusion-flex-column-wrapper-legacy\" style=\"background-position:left top;background-repeat:no-repeat;-webkit-background-size:cover;-moz-background-size:cover;-o-background-size:cover;background-size:cover;padding: 0px 0px 0px 0px;\"><div class=\"fusion-sep-clear\"><\/div><div class=\"fusion-separator\" style=\"margin-left: auto;margin-right: auto;margin-top:20px;margin-bottom:20px;width:100%;max-width:170px;\"><\/div><div class=\"fusion-sep-clear\"><\/div><div class=\"fusion-clearfix\"><\/div><\/div><\/div><\/div><\/div><div class=\"fusion-fullwidth fullwidth-box fusion-builder-row-4 nonhundred-percent-fullwidth non-hundred-percent-height-scrolling\" style=\"background-color: #242424;background-position: center center;background-repeat: no-repeat;padding-top:0px;padding-right:0px;padding-bottom:0px;padding-left:0px;margin-bottom: 0px;margin-top: 0px;border-width: 0px 0px 0px 0px;border-color:#3e3e3e;border-style:solid;\" ><div class=\"fusion-builder-row fusion-row\"><div class=\"fusion-layout-column fusion_builder_column fusion-builder-column-10 fusion_builder_column_4_5 4_5 fusion-four-fifth fusion-column-first\" style=\"width:80%;width:calc(80% - ( ( 4% ) * 0.8 ) );margin-right: 4%;margin-top:0px;margin-bottom:20px;\"><div class=\"fusion-column-wrapper fusion-flex-column-wrapper-legacy\" style=\"background-position:left top;background-repeat:no-repeat;-webkit-background-size:cover;-moz-background-size:cover;-o-background-size:cover;background-size:cover;padding: 32px 0px 0px 0px;\"><div class=\"fusion-content-boxes content-boxes columns row fusion-columns-1 fusion-columns-total-1 fusion-content-boxes-1 content-boxes-clean-horizontal content-left content-boxes-icon-on-side\" data-animationOffset=\"top-into-view\" style=\"margin-top:0px;margin-bottom:60px;\"><style type=\"text\/css\">.fusion-content-boxes-1 .heading .content-box-heading {color:#ffffff;}\n\t\t\t\t\t.fusion-content-boxes-1 .fusion-content-box-hover .link-area-link-icon-hover .heading .content-box-heading,\n\t\t\t\t\t.fusion-content-boxes-1 .fusion-content-box-hover .link-area-link-icon-hover .heading .heading-link .content-box-heading,\n\t\t\t\t\t.fusion-content-boxes-1 .fusion-content-box-hover .link-area-box-hover .heading .content-box-heading,\n\t\t\t\t\t.fusion-content-boxes-1 .fusion-content-box-hover .link-area-box-hover .heading .heading-link .content-box-heading,\n\t\t\t\t\t.fusion-content-boxes-1 .fusion-content-box-hover .link-area-link-icon-hover.link-area-box .fusion-read-more,\n\t\t\t\t\t.fusion-content-boxes-1 .fusion-content-box-hover .link-area-link-icon-hover.link-area-box .fusion-read-more::after,\n\t\t\t\t\t.fusion-content-boxes-1 .fusion-content-box-hover .link-area-link-icon-hover.link-area-box .fusion-read-more::before,\n\t\t\t\t\t.fusion-content-boxes-1 .fusion-content-box-hover .fusion-read-more:hover:after,\n\t\t\t\t\t.fusion-content-boxes-1 .fusion-content-box-hover .fusion-read-more:hover:before,\n\t\t\t\t\t.fusion-content-boxes-1 .fusion-content-box-hover .fusion-read-more:hover,\n\t\t\t\t\t.fusion-content-boxes-1 .fusion-content-box-hover .link-area-box-hover.link-area-box .fusion-read-more,\n\t\t\t\t\t.fusion-content-boxes-1 .fusion-content-box-hover .link-area-box-hover.link-area-box .fusion-read-more::after,\n\t\t\t\t\t.fusion-content-boxes-1 .fusion-content-box-hover .link-area-box-hover.link-area-box .fusion-read-more::before,\n\t\t\t\t\t.fusion-content-boxes-1 .fusion-content-box-hover .link-area-link-icon-hover .icon .circle-no,\n\t\t\t\t\t.fusion-content-boxes-1 .heading .heading-link:hover .content-box-heading {\n\t\t\t\t\t\tcolor: #e0e0e0;\n\t\t\t\t\t}\n\t\t\t\t\t.fusion-content-boxes-1 .fusion-content-box-hover .link-area-box-hover .icon .circle-no {\n\t\t\t\t\t\tcolor: #e0e0e0 !important;\n\t\t\t\t\t}.fusion-content-boxes-1 .fusion-content-box-hover .link-area-box.link-area-box-hover .fusion-content-box-button {background: #00b5e1;color: #ffffff;}.fusion-content-boxes-1 .fusion-content-box-hover .link-area-box.link-area-box-hover .fusion-content-box-button .fusion-button-text {color: #ffffff;}\n\t\t\t\t\t.fusion-content-boxes-1 .fusion-content-box-hover .link-area-link-icon-hover .heading .icon > span {\n\t\t\t\t\t\tbackground-color: transparent !important;\n\t\t\t\t\t}\n\t\t\t\t\t.fusion-content-boxes-1 .fusion-content-box-hover .link-area-box-hover .heading .icon > span {\n\t\t\t\t\t\tborder-color: #e0e0e0 !important;\n\t\t\t\t\t}<\/style><div style=\"border-color:rgba(255,255,255,0);\" class=\"fusion-column content-box-column content-box-column content-box-column-1 col-lg-12 col-md-12 col-sm-12 fusion-content-box-hover content-box-column-last content-box-column-last-in-row\"><div class=\"col content-box-wrapper content-wrapper link-area-box icon-hover-animation-fade\" style=\"background-color:transparent;\" data-animationOffset=\"top-into-view\"><div class=\"heading heading-with-icon icon-left\"><div class=\"icon\"><i style=\"background-color:transparent;border-color:transparent;height:auto;width: 32px;line-height:normal;color:#ffffff;font-size:32px;\" aria-hidden=\"true\" class=\"fontawesome-icon fa fa-envelope-o circle-no fa-flip-horizontal\"><\/i><\/div><h2 class=\"content-box-heading fusion-responsive-typography-calculated\" style=\"font-size:32px;--fontSize:32;line-height:1.36;padding-left:52px;\">Se vuoi prenotare o semplicemente ricevere informazioni sulle nostre visite guidate a Valencia, contattami via e-mail o telefono.<\/h2><\/div><\/div><\/div><style type=\"text\/css\">\n\t\t\t\t\t\t.fusion-content-boxes-1 .fusion-content-box-hover .heading-link:hover .icon i.circle-yes,\n\t\t\t\t\t\t.fusion-content-boxes-1 .fusion-content-box-hover .link-area-box:hover .heading-link .icon i.circle-yes,\n\t\t\t\t\t\t.fusion-content-boxes-1 .fusion-content-box-hover .link-area-link-icon-hover .heading .icon i.circle-yes,\n\t\t\t\t\t\t.fusion-content-boxes-1 .fusion-content-box-hover .link-area-box-hover .heading .icon i.circle-yes {\n\t\t\t\t\t\t\tbackground-color: transparent !important;\n\t\t\t\t\t\t\tborder-color: #e0e0e0 !important;\n\t\t\t\t\t\t}<\/style><div class=\"fusion-clearfix\"><\/div><\/div><div class=\"fusion-clearfix\"><\/div><\/div><\/div><div class=\"fusion-layout-column fusion_builder_column fusion-builder-column-11 fusion_builder_column_1_5 1_5 fusion-one-fifth fusion-column-last\" style=\"width:20%;width:calc(20% - ( ( 4% ) * 0.2 ) );margin-top:0px;margin-bottom:20px;\"><div class=\"fusion-column-wrapper fusion-flex-column-wrapper-legacy\" style=\"background-position:left top;background-repeat:no-repeat;-webkit-background-size:cover;-moz-background-size:cover;-o-background-size:cover;background-size:cover;padding: 0px 0px 0px 0px;\"><div class=\"fusion-sep-clear\"><\/div><div class=\"fusion-separator fusion-full-width-sep\" style=\"margin-left: auto;margin-right: auto;margin-top:69px;width:100%;\"><\/div><div class=\"fusion-sep-clear\"><\/div><div class=\"fusion-alignright\"><style type=\"text\/css\">.fusion-button.button-1 .fusion-button-text, .fusion-button.button-1 i {color:#ffffff;}.fusion-button.button-1 .fusion-button-icon-divider{border-color:#ffffff;}.fusion-button.button-1:hover .fusion-button-text, .fusion-button.button-1:hover i,.fusion-button.button-1:focus .fusion-button-text, .fusion-button.button-1:focus i,.fusion-button.button-1:active .fusion-button-text, .fusion-button.button-1:active{color:#ffffff;}.fusion-button.button-1:hover .fusion-button-icon-divider, .fusion-button.button-1:hover .fusion-button-icon-divider, .fusion-button.button-1:active .fusion-button-icon-divider{border-color:#ffffff;}.fusion-button.button-1:hover, .fusion-button.button-1:focus, .fusion-button.button-1:active{border-color:#ffffff;}.fusion-button.button-1 {border-color:#ffffff;border-radius:4px;}.fusion-button.button-1{background: #00b5e1;}.fusion-button.button-1:hover,.button-1:focus,.fusion-button.button-1:active{background: #00b5e1;}<\/style><a class=\"fusion-button button-flat button-large button-custom button-1 fusion-button-default-span \" target=\"_self\" href=\"http:\/\/www.visita-valencia.com\/contacto-reservas\"><span class=\"fusion-button-text\">CONTATTI<\/span><\/a><\/div><div class=\"fusion-clearfix\"><\/div><\/div><\/div><\/div><\/div><\/p>\n","protected":false},"excerpt":{"rendered":"","protected":false},"author":1,"featured_media":0,"parent":0,"menu_order":0,"comment_status":"closed","ping_status":"open","template":"100-width.php","meta":{"footnotes":""},"class_list":["post-2096","page","type-page","status-publish","hentry"],"yoast_head":"<!-- This site is optimized with the Yoast SEO plugin v27.5 - https:\/\/yoast.com\/product\/yoast-seo-wordpress\/ -->\n<title>Guida turistica a Valencia e Tour Turistici | Visita-Valencia<\/title>\n<meta name=\"description\" content=\"Mi chiamo Elena; sono guida turistica ufficiale a Valenciae ed offro tour privati e personalizzati per turisti. Diversi tour in giro per Valencia per tutti i gusti!\" \/>\n<meta name=\"robots\" content=\"index, follow, max-snippet:-1, max-image-preview:large, max-video-preview:-1\" \/>\n<link rel=\"canonical\" href=\"https:\/\/www.visita-valencia.com\/guia-turismo-valencia\" \/>\n<meta property=\"og:locale\" content=\"it_IT\" \/>\n<meta property=\"og:type\" content=\"article\" \/>\n<meta property=\"og:title\" content=\"Guida turistica a Valencia e Tour Turistici | Visita-Valencia\" \/>\n<meta property=\"og:description\" content=\"Mi chiamo Elena; sono guida turistica ufficiale a Valenciae ed offro tour privati e personalizzati per turisti. Diversi tour in giro per Valencia per tutti i gusti!\" \/>\n<meta property=\"og:url\" content=\"https:\/\/www.visita-valencia.com\/guia-turismo-valencia\" \/>\n<meta property=\"og:site_name\" content=\"Gu\u00eda tur\u00edstica de Valencia\" \/>\n<meta property=\"article:modified_time\" content=\"2018-07-07T09:38:53+00:00\" \/>\n<meta name=\"twitter:card\" content=\"summary_large_image\" \/>\n<meta name=\"twitter:label1\" content=\"Tempo di lettura stimato\" \/>\n\t<meta name=\"twitter:data1\" content=\"10 minuti\" \/>\n<script type=\"application\/ld+json\" class=\"yoast-schema-graph\">{\"@context\":\"https:\\\/\\\/schema.org\",\"@graph\":[{\"@type\":\"WebPage\",\"@id\":\"https:\\\/\\\/www.visita-valencia.com\\\/guia-turismo-valencia\",\"url\":\"https:\\\/\\\/www.visita-valencia.com\\\/guia-turismo-valencia\",\"name\":\"Guida turistica a Valencia e Tour Turistici | Visita-Valencia\",\"isPartOf\":{\"@id\":\"https:\\\/\\\/www.visita-valencia.com\\\/#website\"},\"datePublished\":\"2015-01-27T11:54:21+00:00\",\"dateModified\":\"2018-07-07T09:38:53+00:00\",\"description\":\"Mi chiamo Elena; sono guida turistica ufficiale a Valenciae ed offro tour privati e personalizzati per turisti. Diversi tour in giro per Valencia per tutti i gusti!\",\"breadcrumb\":{\"@id\":\"https:\\\/\\\/www.visita-valencia.com\\\/guia-turismo-valencia#breadcrumb\"},\"inLanguage\":\"it-IT\",\"potentialAction\":[{\"@type\":\"ReadAction\",\"target\":[\"https:\\\/\\\/www.visita-valencia.com\\\/guia-turismo-valencia\"]}]},{\"@type\":\"BreadcrumbList\",\"@id\":\"https:\\\/\\\/www.visita-valencia.com\\\/guia-turismo-valencia#breadcrumb\",\"itemListElement\":[{\"@type\":\"ListItem\",\"position\":1,\"name\":\"Portada\",\"item\":\"https:\\\/\\\/www.visita-valencia.com\\\/it\"},{\"@type\":\"ListItem\",\"position\":2,\"name\":\"SONO UNA GUIDA TURISTICA DI VALENCIA\"}]},{\"@type\":\"WebSite\",\"@id\":\"https:\\\/\\\/www.visita-valencia.com\\\/#website\",\"url\":\"https:\\\/\\\/www.visita-valencia.com\\\/\",\"name\":\"Gu\u00eda tur\u00edstica de Valencia\",\"description\":\"Visitas guiadas en Valencia\",\"publisher\":{\"@id\":\"https:\\\/\\\/www.visita-valencia.com\\\/#organization\"},\"potentialAction\":[{\"@type\":\"SearchAction\",\"target\":{\"@type\":\"EntryPoint\",\"urlTemplate\":\"https:\\\/\\\/www.visita-valencia.com\\\/?s={search_term_string}\"},\"query-input\":{\"@type\":\"PropertyValueSpecification\",\"valueRequired\":true,\"valueName\":\"search_term_string\"}}],\"inLanguage\":\"it-IT\"},{\"@type\":\"Organization\",\"@id\":\"https:\\\/\\\/www.visita-valencia.com\\\/#organization\",\"name\":\"Visita-Valencia\",\"url\":\"https:\\\/\\\/www.visita-valencia.com\\\/\",\"logo\":{\"@type\":\"ImageObject\",\"inLanguage\":\"it-IT\",\"@id\":\"https:\\\/\\\/www.visita-valencia.com\\\/#\\\/schema\\\/logo\\\/image\\\/\",\"url\":\"http:\\\/\\\/www.visita-valencia.com\\\/wp-content\\\/uploads\\\/2018\\\/01\\\/logo-VV-blanco-web.png\",\"contentUrl\":\"http:\\\/\\\/www.visita-valencia.com\\\/wp-content\\\/uploads\\\/2018\\\/01\\\/logo-VV-blanco-web.png\",\"width\":241,\"height\":84,\"caption\":\"Visita-Valencia\"},\"image\":{\"@id\":\"https:\\\/\\\/www.visita-valencia.com\\\/#\\\/schema\\\/logo\\\/image\\\/\"}}]}<\/script>\n<!-- \/ Yoast SEO plugin. -->","yoast_head_json":{"title":"Guida turistica a Valencia e Tour Turistici | Visita-Valencia","description":"Mi chiamo Elena; sono guida turistica ufficiale a Valenciae ed offro tour privati e personalizzati per turisti. Diversi tour in giro per Valencia per tutti i gusti!","robots":{"index":"index","follow":"follow","max-snippet":"max-snippet:-1","max-image-preview":"max-image-preview:large","max-video-preview":"max-video-preview:-1"},"canonical":"https:\/\/www.visita-valencia.com\/guia-turismo-valencia","og_locale":"it_IT","og_type":"article","og_title":"Guida turistica a Valencia e Tour Turistici | Visita-Valencia","og_description":"Mi chiamo Elena; sono guida turistica ufficiale a Valenciae ed offro tour privati e personalizzati per turisti. Diversi tour in giro per Valencia per tutti i gusti!","og_url":"https:\/\/www.visita-valencia.com\/guia-turismo-valencia","og_site_name":"Gu\u00eda tur\u00edstica de Valencia","article_modified_time":"2018-07-07T09:38:53+00:00","twitter_card":"summary_large_image","twitter_misc":{"Tempo di lettura stimato":"10 minuti"},"schema":{"@context":"https:\/\/schema.org","@graph":[{"@type":"WebPage","@id":"https:\/\/www.visita-valencia.com\/guia-turismo-valencia","url":"https:\/\/www.visita-valencia.com\/guia-turismo-valencia","name":"Guida turistica a Valencia e Tour Turistici | Visita-Valencia","isPartOf":{"@id":"https:\/\/www.visita-valencia.com\/#website"},"datePublished":"2015-01-27T11:54:21+00:00","dateModified":"2018-07-07T09:38:53+00:00","description":"Mi chiamo Elena; sono guida turistica ufficiale a Valenciae ed offro tour privati e personalizzati per turisti. Diversi tour in giro per Valencia per tutti i gusti!","breadcrumb":{"@id":"https:\/\/www.visita-valencia.com\/guia-turismo-valencia#breadcrumb"},"inLanguage":"it-IT","potentialAction":[{"@type":"ReadAction","target":["https:\/\/www.visita-valencia.com\/guia-turismo-valencia"]}]},{"@type":"BreadcrumbList","@id":"https:\/\/www.visita-valencia.com\/guia-turismo-valencia#breadcrumb","itemListElement":[{"@type":"ListItem","position":1,"name":"Portada","item":"https:\/\/www.visita-valencia.com\/it"},{"@type":"ListItem","position":2,"name":"SONO UNA GUIDA TURISTICA DI VALENCIA"}]},{"@type":"WebSite","@id":"https:\/\/www.visita-valencia.com\/#website","url":"https:\/\/www.visita-valencia.com\/","name":"Gu\u00eda tur\u00edstica de Valencia","description":"Visitas guiadas en Valencia","publisher":{"@id":"https:\/\/www.visita-valencia.com\/#organization"},"potentialAction":[{"@type":"SearchAction","target":{"@type":"EntryPoint","urlTemplate":"https:\/\/www.visita-valencia.com\/?s={search_term_string}"},"query-input":{"@type":"PropertyValueSpecification","valueRequired":true,"valueName":"search_term_string"}}],"inLanguage":"it-IT"},{"@type":"Organization","@id":"https:\/\/www.visita-valencia.com\/#organization","name":"Visita-Valencia","url":"https:\/\/www.visita-valencia.com\/","logo":{"@type":"ImageObject","inLanguage":"it-IT","@id":"https:\/\/www.visita-valencia.com\/#\/schema\/logo\/image\/","url":"http:\/\/www.visita-valencia.com\/wp-content\/uploads\/2018\/01\/logo-VV-blanco-web.png","contentUrl":"http:\/\/www.visita-valencia.com\/wp-content\/uploads\/2018\/01\/logo-VV-blanco-web.png","width":241,"height":84,"caption":"Visita-Valencia"},"image":{"@id":"https:\/\/www.visita-valencia.com\/#\/schema\/logo\/image\/"}}]}},"_links":{"self":[{"href":"https:\/\/www.visita-valencia.com\/it\/wp-json\/wp\/v2\/pages\/2096","targetHints":{"allow":["GET"]}}],"collection":[{"href":"https:\/\/www.visita-valencia.com\/it\/wp-json\/wp\/v2\/pages"}],"about":[{"href":"https:\/\/www.visita-valencia.com\/it\/wp-json\/wp\/v2\/types\/page"}],"author":[{"embeddable":true,"href":"https:\/\/www.visita-valencia.com\/it\/wp-json\/wp\/v2\/users\/1"}],"replies":[{"embeddable":true,"href":"https:\/\/www.visita-valencia.com\/it\/wp-json\/wp\/v2\/comments?post=2096"}],"version-history":[{"count":9,"href":"https:\/\/www.visita-valencia.com\/it\/wp-json\/wp\/v2\/pages\/2096\/revisions"}],"predecessor-version":[{"id":2298,"href":"https:\/\/www.visita-valencia.com\/it\/wp-json\/wp\/v2\/pages\/2096\/revisions\/2298"}],"wp:attachment":[{"href":"https:\/\/www.visita-valencia.com\/it\/wp-json\/wp\/v2\/media?parent=2096"}],"curies":[{"name":"wp","href":"https:\/\/api.w.org\/{rel}","templated":true}]}}