{"id":2116,"date":"2018-01-11T11:41:26","date_gmt":"2018-01-11T11:41:26","guid":{"rendered":"http:\/\/www.visita-valencia.com\/visitas-guiadas-tours-valencia\/centro-historico-valencia"},"modified":"2018-07-07T09:40:18","modified_gmt":"2018-07-07T09:40:18","slug":"centro-storico-valencia","status":"publish","type":"page","link":"https:\/\/www.visita-valencia.com\/it\/visite-guidate-valencia\/centro-storico-valencia","title":{"rendered":"Centro storico Valencia"},"content":{"rendered":"<p><div class=\"fusion-fullwidth fullwidth-box fusion-builder-row-1 nonhundred-percent-fullwidth non-hundred-percent-height-scrolling\" style=\"background-color: #242424;background-position: center center;background-repeat: no-repeat;padding-top:0px;padding-right:0px;padding-bottom:0px;padding-left:0px;margin-bottom: 0px;margin-top: 0px;border-width: 0px 0px 0px 0px;border-color:#3e3e3e;border-style:solid;\" ><div class=\"fusion-builder-row fusion-row\"><div class=\"fusion-layout-column fusion_builder_column fusion-builder-column-0 fusion_builder_column_1_2 1_2 fusion-one-half fusion-column-first\" style=\"width:50%;width:calc(50% - ( ( 4% ) * 0.5 ) );margin-right: 4%;margin-top:0px;margin-bottom:20px;\"><div class=\"fusion-column-wrapper fusion-flex-column-wrapper-legacy\" style=\"background-position:left top;background-repeat:no-repeat;-webkit-background-size:cover;-moz-background-size:cover;-o-background-size:cover;background-size:cover;padding: 0px 0px 0px 0px;\"><div class=\"fusion-text fusion-text-1\"><p class=\"Cuerpo\" style=\"text-align: justify;\">Scopri gli edifici, i monumenti e gli angoli pi\u00f9 belli del centro storico di Valencia, una citt\u00e0 con pi\u00f9 di 2000 anni di storia. Conosci la sua origine romano, il <span class=\"Ninguno\"><i>boom <\/i><\/span>dell\u00b4agricoltura valenciana con l&#8217;arrivo degli arabi o il Secolo d\u00b4Oro Valenciano dopo la riconquista cristiana dal Re Giacomo I il Conquistatore.<\/p>\n<p class=\"Cuerpo\" style=\"text-align: justify;\"><span lang=\"IT\">La durata della visita \u00e8 di circa 3 ore<\/span>, ma noi ci adattiamo sempre <span lang=\"IT\">ai nostri clienti<\/span>. Commentaci <span lang=\"IT\">cosa vuoi e come <\/span>lo <span lang=\"IT\">vuoi, raccontaci il tempo che hai e ti presenteremo le migliori opzioni.<\/span><\/p>\n<\/div><div class=\"fusion-clearfix\"><\/div><\/div><\/div><div class=\"fusion-layout-column fusion_builder_column fusion-builder-column-1 fusion_builder_column_1_2 1_2 fusion-one-half fusion-column-last\" style=\"width:50%;width:calc(50% - ( ( 4% ) * 0.5 ) );margin-top:0px;margin-bottom:20px;\"><div class=\"fusion-column-wrapper fusion-flex-column-wrapper-legacy\" style=\"background-position:left top;background-repeat:no-repeat;-webkit-background-size:cover;-moz-background-size:cover;-o-background-size:cover;background-size:cover;padding: 0px 0px 0px 0px;\"><div class=\"fusion-text fusion-text-2\"><p class=\"Cuerpo\">Di seguito, a<span lang=\"IT\">lcuni dei luoghi\u00a0<\/span>che vedremo:<\/p>\n<ul>\n<li class=\"Cuerpo\"><span lang=\"IT\">Torr<\/span>i\u00a0<span lang=\"IT\">d<\/span>i\u00a0<span lang=\"IT\">Serranos<\/span><\/li>\n<li class=\"Cuerpo\"><span lang=\"IT\">Basilica de<\/span>l<span lang=\"IT\">la <span class=\"Ninguno\"><i>Virgen de los Desamparados<\/i><\/span><\/span><\/li>\n<li class=\"Cuerpo\"><span lang=\"IT\">Cattedrale<\/span><\/li>\n<li class=\"Cuerpo\">Piazza Rotonda<\/li>\n<li class=\"Cuerpo\"><span lang=\"IT\">Mercato <\/span>C<span lang=\"IT\">entrale<\/span><\/li>\n<li class=\"Cuerpo\"><span lang=\"IT\"><span class=\"Ninguno\"><i>Lonja de la Seda<\/i><\/span><\/span><\/li>\n<li class=\"Cuerpo\"><span lang=\"IT\">Piazza del <\/span>Municipio o Comune<\/li>\n<li class=\"Cuerpo\"><span lang=\"IT\">Stazione <\/span>Ferroviaria del <span lang=\"IT\">Nord<\/span><\/li>\n<li class=\"Cuerpo\"><span class=\"Ninguno\"><i>Plaza de Toros<\/i><\/span><\/li>\n<\/ul>\n<\/div><div class=\"fusion-clearfix\"><\/div><\/div><\/div><\/div><\/div><div class=\"fusion-fullwidth fullwidth-box fusion-builder-row-2 nonhundred-percent-fullwidth non-hundred-percent-height-scrolling\" style=\"background-color: #222424;background-position: center center;background-repeat: no-repeat;padding-top:0px;padding-right:0px;padding-bottom:0px;padding-left:0px;margin-bottom: 0px;margin-top: 0px;border-width: 0px 0px 0px 0px;border-color:#3e3e3e;border-style:solid;\" ><div class=\"fusion-builder-row fusion-row\"><div class=\"fusion-layout-column fusion_builder_column fusion-builder-column-2 fusion_builder_column_1_1 1_1 fusion-one-full fusion-column-first fusion-column-last\" style=\"margin-top:0px;margin-bottom:20px;\"><div class=\"fusion-column-wrapper fusion-flex-column-wrapper-legacy\" style=\"background-position:left top;background-repeat:no-repeat;-webkit-background-size:cover;-moz-background-size:cover;-o-background-size:cover;background-size:cover;padding: 0px 0px 0px 0px;\"><style type=\"text\/css\">.fusion-gallery-1 .fusion-gallery-image {border:0px solid #e2e2e2;}<\/style><div class=\"fusion-gallery fusion-gallery-container fusion-grid-3 fusion-columns-total-15 fusion-gallery-layout-grid fusion-gallery-1\" style=\"margin:-5px;\"><div style=\"padding:5px;\" class=\"fusion-grid-column fusion-gallery-column fusion-gallery-column-3 hover-type-none\"><div class=\"fusion-gallery-image\"><a href=\"https:\/\/www.visita-valencia.com\/wp-content\/uploads\/2018\/01\/centro-historico-valencia.jpg\" rel=\"noreferrer\" data-rel=\"iLightbox[gallery_image_1]\" class=\"fusion-lightbox\"><img decoding=\"async\" src=\"https:\/\/www.visita-valencia.com\/wp-content\/uploads\/2018\/01\/centro-historico-valencia.jpg\" width=\"2100\" height=\"972\" alt=\"\" title=\"centro-historico-valencia\" aria-label=\"centro-historico-valencia\" class=\"img-responsive wp-image-1323\" srcset=\"https:\/\/www.visita-valencia.com\/wp-content\/uploads\/2018\/01\/centro-historico-valencia-200x93.jpg 200w, https:\/\/www.visita-valencia.com\/wp-content\/uploads\/2018\/01\/centro-historico-valencia-400x185.jpg 400w, https:\/\/www.visita-valencia.com\/wp-content\/uploads\/2018\/01\/centro-historico-valencia-600x278.jpg 600w, https:\/\/www.visita-valencia.com\/wp-content\/uploads\/2018\/01\/centro-historico-valencia-800x370.jpg 800w, https:\/\/www.visita-valencia.com\/wp-content\/uploads\/2018\/01\/centro-historico-valencia-1200x555.jpg 1200w, https:\/\/www.visita-valencia.com\/wp-content\/uploads\/2018\/01\/centro-historico-valencia.jpg 2100w\" sizes=\"(min-width: 2200px) 100vw, (min-width: 824px) 387px, (min-width: 732px) 580px, (min-width: 640px) 732px, \" \/><\/a><\/div><\/div><div style=\"padding:5px;\" class=\"fusion-grid-column fusion-gallery-column fusion-gallery-column-3 hover-type-none\"><div class=\"fusion-gallery-image\"><a href=\"https:\/\/www.visita-valencia.com\/wp-content\/uploads\/2018\/02\/Torres-de-Serranos-Valencia-3.jpg\" rel=\"noreferrer\" data-rel=\"iLightbox[gallery_image_1]\" class=\"fusion-lightbox\"><img decoding=\"async\" src=\"https:\/\/www.visita-valencia.com\/wp-content\/uploads\/2018\/02\/Torres-de-Serranos-Valencia-3.jpg\" width=\"1117\" height=\"740\" alt=\"\" title=\"Torres-de-Serranos-Valencia\" aria-label=\"Torres-de-Serranos-Valencia\" class=\"img-responsive wp-image-1390\" srcset=\"https:\/\/www.visita-valencia.com\/wp-content\/uploads\/2018\/02\/Torres-de-Serranos-Valencia-3-200x132.jpg 200w, https:\/\/www.visita-valencia.com\/wp-content\/uploads\/2018\/02\/Torres-de-Serranos-Valencia-3-400x265.jpg 400w, https:\/\/www.visita-valencia.com\/wp-content\/uploads\/2018\/02\/Torres-de-Serranos-Valencia-3-600x397.jpg 600w, https:\/\/www.visita-valencia.com\/wp-content\/uploads\/2018\/02\/Torres-de-Serranos-Valencia-3-800x530.jpg 800w, https:\/\/www.visita-valencia.com\/wp-content\/uploads\/2018\/02\/Torres-de-Serranos-Valencia-3.jpg 1117w\" sizes=\"(min-width: 2200px) 100vw, (min-width: 824px) 387px, (min-width: 732px) 580px, (min-width: 640px) 732px, \" \/><\/a><\/div><\/div><div style=\"padding:5px;\" class=\"fusion-grid-column fusion-gallery-column fusion-gallery-column-3 hover-type-none\"><div class=\"fusion-gallery-image\"><a href=\"https:\/\/www.visita-valencia.com\/wp-content\/uploads\/2018\/02\/Plaza-de-la-Reina.jpg\" rel=\"noreferrer\" data-rel=\"iLightbox[gallery_image_1]\" class=\"fusion-lightbox\"><img decoding=\"async\" src=\"https:\/\/www.visita-valencia.com\/wp-content\/uploads\/2018\/02\/Plaza-de-la-Reina.jpg\" width=\"1156\" height=\"766\" alt=\"\" title=\"centro-historico-valencia\" aria-label=\"centro-historico-valencia\" class=\"img-responsive wp-image-1411\" srcset=\"https:\/\/www.visita-valencia.com\/wp-content\/uploads\/2018\/02\/Plaza-de-la-Reina-200x133.jpg 200w, https:\/\/www.visita-valencia.com\/wp-content\/uploads\/2018\/02\/Plaza-de-la-Reina-400x265.jpg 400w, https:\/\/www.visita-valencia.com\/wp-content\/uploads\/2018\/02\/Plaza-de-la-Reina-600x398.jpg 600w, https:\/\/www.visita-valencia.com\/wp-content\/uploads\/2018\/02\/Plaza-de-la-Reina-800x530.jpg 800w, https:\/\/www.visita-valencia.com\/wp-content\/uploads\/2018\/02\/Plaza-de-la-Reina.jpg 1156w\" sizes=\"(min-width: 2200px) 100vw, (min-width: 824px) 387px, (min-width: 732px) 580px, (min-width: 640px) 732px, \" \/><\/a><\/div><\/div><div class=\"clearfix\"><\/div><div style=\"padding:5px;\" class=\"fusion-grid-column fusion-gallery-column fusion-gallery-column-3 hover-type-none\"><div class=\"fusion-gallery-image\"><a href=\"https:\/\/www.visita-valencia.com\/wp-content\/uploads\/2018\/03\/Plaza-de-Toros-Valencia-2.jpg\" rel=\"noreferrer\" data-rel=\"iLightbox[gallery_image_1]\" class=\"fusion-lightbox\"><img decoding=\"async\" src=\"https:\/\/www.visita-valencia.com\/wp-content\/uploads\/2018\/03\/Plaza-de-Toros-Valencia-2.jpg\" width=\"1162\" height=\"770\" alt=\"\" title=\"Plaza-de-Toros-Valencia-2\" aria-label=\"Plaza-de-Toros-Valencia-2\" class=\"img-responsive wp-image-1818\" srcset=\"https:\/\/www.visita-valencia.com\/wp-content\/uploads\/2018\/03\/Plaza-de-Toros-Valencia-2-200x133.jpg 200w, https:\/\/www.visita-valencia.com\/wp-content\/uploads\/2018\/03\/Plaza-de-Toros-Valencia-2-400x265.jpg 400w, https:\/\/www.visita-valencia.com\/wp-content\/uploads\/2018\/03\/Plaza-de-Toros-Valencia-2-600x398.jpg 600w, https:\/\/www.visita-valencia.com\/wp-content\/uploads\/2018\/03\/Plaza-de-Toros-Valencia-2-800x530.jpg 800w, https:\/\/www.visita-valencia.com\/wp-content\/uploads\/2018\/03\/Plaza-de-Toros-Valencia-2.jpg 1162w\" sizes=\"(min-width: 2200px) 100vw, (min-width: 824px) 387px, (min-width: 732px) 580px, (min-width: 640px) 732px, \" \/><\/a><\/div><\/div><div style=\"padding:5px;\" class=\"fusion-grid-column fusion-gallery-column fusion-gallery-column-3 hover-type-none\"><div class=\"fusion-gallery-image\"><a href=\"https:\/\/www.visita-valencia.com\/wp-content\/uploads\/2018\/03\/IL1A3372.jpg\" rel=\"noreferrer\" data-rel=\"iLightbox[gallery_image_1]\" class=\"fusion-lightbox\"><img decoding=\"async\" src=\"https:\/\/www.visita-valencia.com\/wp-content\/uploads\/2018\/03\/IL1A3372.jpg\" width=\"2440\" height=\"1626\" alt=\"\" title=\"IL1A3372\" aria-label=\"IL1A3372\" class=\"img-responsive wp-image-1819\" srcset=\"https:\/\/www.visita-valencia.com\/wp-content\/uploads\/2018\/03\/IL1A3372-200x133.jpg 200w, https:\/\/www.visita-valencia.com\/wp-content\/uploads\/2018\/03\/IL1A3372-400x267.jpg 400w, https:\/\/www.visita-valencia.com\/wp-content\/uploads\/2018\/03\/IL1A3372-600x400.jpg 600w, https:\/\/www.visita-valencia.com\/wp-content\/uploads\/2018\/03\/IL1A3372-800x533.jpg 800w, https:\/\/www.visita-valencia.com\/wp-content\/uploads\/2018\/03\/IL1A3372-1200x800.jpg 1200w, https:\/\/www.visita-valencia.com\/wp-content\/uploads\/2018\/03\/IL1A3372.jpg 2440w\" sizes=\"(min-width: 2200px) 100vw, (min-width: 824px) 387px, (min-width: 732px) 580px, (min-width: 640px) 732px, \" \/><\/a><\/div><\/div><div style=\"padding:5px;\" class=\"fusion-grid-column fusion-gallery-column fusion-gallery-column-3 hover-type-none\"><div class=\"fusion-gallery-image\"><a href=\"https:\/\/www.visita-valencia.com\/wp-content\/uploads\/2018\/03\/IL1A3380.jpg\" rel=\"noreferrer\" data-rel=\"iLightbox[gallery_image_1]\" class=\"fusion-lightbox\"><img decoding=\"async\" src=\"https:\/\/www.visita-valencia.com\/wp-content\/uploads\/2018\/03\/IL1A3380.jpg\" width=\"2371\" height=\"1581\" alt=\"\" title=\"IL1A3380\" aria-label=\"IL1A3380\" class=\"img-responsive wp-image-1821\" srcset=\"https:\/\/www.visita-valencia.com\/wp-content\/uploads\/2018\/03\/IL1A3380-200x133.jpg 200w, https:\/\/www.visita-valencia.com\/wp-content\/uploads\/2018\/03\/IL1A3380-400x267.jpg 400w, https:\/\/www.visita-valencia.com\/wp-content\/uploads\/2018\/03\/IL1A3380-600x400.jpg 600w, https:\/\/www.visita-valencia.com\/wp-content\/uploads\/2018\/03\/IL1A3380-800x533.jpg 800w, https:\/\/www.visita-valencia.com\/wp-content\/uploads\/2018\/03\/IL1A3380-1200x800.jpg 1200w, https:\/\/www.visita-valencia.com\/wp-content\/uploads\/2018\/03\/IL1A3380.jpg 2371w\" sizes=\"(min-width: 2200px) 100vw, (min-width: 824px) 387px, (min-width: 732px) 580px, (min-width: 640px) 732px, \" \/><\/a><\/div><\/div><div class=\"clearfix\"><\/div><div style=\"padding:5px;\" class=\"fusion-grid-column fusion-gallery-column fusion-gallery-column-3 hover-type-none\"><div class=\"fusion-gallery-image\"><a href=\"https:\/\/www.visita-valencia.com\/wp-content\/uploads\/2018\/03\/Plaza-Redonda-Valencia.jpg\" rel=\"noreferrer\" data-rel=\"iLightbox[gallery_image_1]\" class=\"fusion-lightbox\"><img decoding=\"async\" src=\"https:\/\/www.visita-valencia.com\/wp-content\/uploads\/2018\/03\/Plaza-Redonda-Valencia.jpg\" width=\"1164\" height=\"771\" alt=\"\" title=\"Plaza-Redonda-Valencia\" aria-label=\"Plaza-Redonda-Valencia\" class=\"img-responsive wp-image-1822\" srcset=\"https:\/\/www.visita-valencia.com\/wp-content\/uploads\/2018\/03\/Plaza-Redonda-Valencia-200x132.jpg 200w, https:\/\/www.visita-valencia.com\/wp-content\/uploads\/2018\/03\/Plaza-Redonda-Valencia-400x265.jpg 400w, https:\/\/www.visita-valencia.com\/wp-content\/uploads\/2018\/03\/Plaza-Redonda-Valencia-600x397.jpg 600w, https:\/\/www.visita-valencia.com\/wp-content\/uploads\/2018\/03\/Plaza-Redonda-Valencia-800x530.jpg 800w, https:\/\/www.visita-valencia.com\/wp-content\/uploads\/2018\/03\/Plaza-Redonda-Valencia.jpg 1164w\" sizes=\"(min-width: 2200px) 100vw, (min-width: 824px) 387px, (min-width: 732px) 580px, (min-width: 640px) 732px, \" \/><\/a><\/div><\/div><div style=\"padding:5px;\" class=\"fusion-grid-column fusion-gallery-column fusion-gallery-column-3 hover-type-none\"><div class=\"fusion-gallery-image\"><a href=\"https:\/\/www.visita-valencia.com\/wp-content\/uploads\/2018\/03\/Ayuntamiento-Valencia.jpg\" rel=\"noreferrer\" data-rel=\"iLightbox[gallery_image_1]\" class=\"fusion-lightbox\"><img decoding=\"async\" src=\"https:\/\/www.visita-valencia.com\/wp-content\/uploads\/2018\/03\/Ayuntamiento-Valencia.jpg\" width=\"1024\" height=\"683\" alt=\"\" title=\"Ayuntamiento Valencia\" aria-label=\"Ayuntamiento Valencia\" class=\"img-responsive wp-image-1920\" srcset=\"https:\/\/www.visita-valencia.com\/wp-content\/uploads\/2018\/03\/Ayuntamiento-Valencia-200x133.jpg 200w, https:\/\/www.visita-valencia.com\/wp-content\/uploads\/2018\/03\/Ayuntamiento-Valencia-400x267.jpg 400w, https:\/\/www.visita-valencia.com\/wp-content\/uploads\/2018\/03\/Ayuntamiento-Valencia-600x400.jpg 600w, https:\/\/www.visita-valencia.com\/wp-content\/uploads\/2018\/03\/Ayuntamiento-Valencia-800x534.jpg 800w, https:\/\/www.visita-valencia.com\/wp-content\/uploads\/2018\/03\/Ayuntamiento-Valencia.jpg 1024w\" sizes=\"(min-width: 2200px) 100vw, (min-width: 824px) 387px, (min-width: 732px) 580px, (min-width: 640px) 732px, \" \/><\/a><\/div><\/div><div style=\"padding:5px;\" class=\"fusion-grid-column fusion-gallery-column fusion-gallery-column-3 hover-type-none\"><div class=\"fusion-gallery-image\"><a href=\"https:\/\/www.visita-valencia.com\/wp-content\/uploads\/2018\/03\/Catedral-de-Valencia.jpg\" rel=\"noreferrer\" data-rel=\"iLightbox[gallery_image_1]\" class=\"fusion-lightbox\"><img decoding=\"async\" src=\"https:\/\/www.visita-valencia.com\/wp-content\/uploads\/2018\/03\/Catedral-de-Valencia.jpg\" width=\"1024\" height=\"681\" alt=\"\" title=\"Catedral de Valencia\" aria-label=\"Catedral de Valencia\" class=\"img-responsive wp-image-1921\" srcset=\"https:\/\/www.visita-valencia.com\/wp-content\/uploads\/2018\/03\/Catedral-de-Valencia-200x133.jpg 200w, https:\/\/www.visita-valencia.com\/wp-content\/uploads\/2018\/03\/Catedral-de-Valencia-400x266.jpg 400w, https:\/\/www.visita-valencia.com\/wp-content\/uploads\/2018\/03\/Catedral-de-Valencia-600x399.jpg 600w, https:\/\/www.visita-valencia.com\/wp-content\/uploads\/2018\/03\/Catedral-de-Valencia-800x532.jpg 800w, https:\/\/www.visita-valencia.com\/wp-content\/uploads\/2018\/03\/Catedral-de-Valencia.jpg 1024w\" sizes=\"(min-width: 2200px) 100vw, (min-width: 824px) 387px, (min-width: 732px) 580px, (min-width: 640px) 732px, \" \/><\/a><\/div><\/div><div class=\"clearfix\"><\/div><div style=\"padding:5px;\" class=\"fusion-grid-column fusion-gallery-column fusion-gallery-column-3 hover-type-none\"><div class=\"fusion-gallery-image\"><a href=\"https:\/\/www.visita-valencia.com\/wp-content\/uploads\/2018\/03\/Mercado-2.jpg\" rel=\"noreferrer\" data-rel=\"iLightbox[gallery_image_1]\" class=\"fusion-lightbox\"><img decoding=\"async\" src=\"https:\/\/www.visita-valencia.com\/wp-content\/uploads\/2018\/03\/Mercado-2.jpg\" width=\"1024\" height=\"683\" alt=\"\" title=\"Mercado 2\" aria-label=\"Mercado 2\" class=\"img-responsive wp-image-1922\" srcset=\"https:\/\/www.visita-valencia.com\/wp-content\/uploads\/2018\/03\/Mercado-2-200x133.jpg 200w, https:\/\/www.visita-valencia.com\/wp-content\/uploads\/2018\/03\/Mercado-2-400x267.jpg 400w, https:\/\/www.visita-valencia.com\/wp-content\/uploads\/2018\/03\/Mercado-2-600x400.jpg 600w, https:\/\/www.visita-valencia.com\/wp-content\/uploads\/2018\/03\/Mercado-2-800x534.jpg 800w, https:\/\/www.visita-valencia.com\/wp-content\/uploads\/2018\/03\/Mercado-2.jpg 1024w\" sizes=\"(min-width: 2200px) 100vw, (min-width: 824px) 387px, (min-width: 732px) 580px, (min-width: 640px) 732px, \" \/><\/a><\/div><\/div><div style=\"padding:5px;\" class=\"fusion-grid-column fusion-gallery-column fusion-gallery-column-3 hover-type-none\"><div class=\"fusion-gallery-image\"><a href=\"https:\/\/www.visita-valencia.com\/wp-content\/uploads\/2018\/03\/Mercado-3.jpg\" rel=\"noreferrer\" data-rel=\"iLightbox[gallery_image_1]\" class=\"fusion-lightbox\"><img decoding=\"async\" src=\"https:\/\/www.visita-valencia.com\/wp-content\/uploads\/2018\/03\/Mercado-3.jpg\" width=\"1024\" height=\"683\" alt=\"\" title=\"Mercado 3\" aria-label=\"Mercado 3\" class=\"img-responsive wp-image-1923\" srcset=\"https:\/\/www.visita-valencia.com\/wp-content\/uploads\/2018\/03\/Mercado-3-200x133.jpg 200w, https:\/\/www.visita-valencia.com\/wp-content\/uploads\/2018\/03\/Mercado-3-400x267.jpg 400w, https:\/\/www.visita-valencia.com\/wp-content\/uploads\/2018\/03\/Mercado-3-600x400.jpg 600w, https:\/\/www.visita-valencia.com\/wp-content\/uploads\/2018\/03\/Mercado-3-800x534.jpg 800w, https:\/\/www.visita-valencia.com\/wp-content\/uploads\/2018\/03\/Mercado-3.jpg 1024w\" sizes=\"(min-width: 2200px) 100vw, (min-width: 824px) 387px, (min-width: 732px) 580px, (min-width: 640px) 732px, \" \/><\/a><\/div><\/div><div style=\"padding:5px;\" class=\"fusion-grid-column fusion-gallery-column fusion-gallery-column-3 hover-type-none\"><div class=\"fusion-gallery-image\"><a href=\"https:\/\/www.visita-valencia.com\/wp-content\/uploads\/2018\/03\/Mercado.jpg\" rel=\"noreferrer\" data-rel=\"iLightbox[gallery_image_1]\" class=\"fusion-lightbox\"><img decoding=\"async\" src=\"https:\/\/www.visita-valencia.com\/wp-content\/uploads\/2018\/03\/Mercado.jpg\" width=\"1024\" height=\"683\" alt=\"\" title=\"Mercado\" aria-label=\"Mercado\" class=\"img-responsive wp-image-1924\" srcset=\"https:\/\/www.visita-valencia.com\/wp-content\/uploads\/2018\/03\/Mercado-200x133.jpg 200w, https:\/\/www.visita-valencia.com\/wp-content\/uploads\/2018\/03\/Mercado-400x267.jpg 400w, https:\/\/www.visita-valencia.com\/wp-content\/uploads\/2018\/03\/Mercado-600x400.jpg 600w, https:\/\/www.visita-valencia.com\/wp-content\/uploads\/2018\/03\/Mercado-800x534.jpg 800w, https:\/\/www.visita-valencia.com\/wp-content\/uploads\/2018\/03\/Mercado.jpg 1024w\" sizes=\"(min-width: 2200px) 100vw, (min-width: 824px) 387px, (min-width: 732px) 580px, (min-width: 640px) 732px, \" \/><\/a><\/div><\/div><div class=\"clearfix\"><\/div><div style=\"padding:5px;\" class=\"fusion-grid-column fusion-gallery-column fusion-gallery-column-3 hover-type-none\"><div class=\"fusion-gallery-image\"><a href=\"https:\/\/www.visita-valencia.com\/wp-content\/uploads\/2018\/03\/Plaza-de-la-Reina.jpg\" rel=\"noreferrer\" data-rel=\"iLightbox[gallery_image_1]\" class=\"fusion-lightbox\"><img decoding=\"async\" src=\"https:\/\/www.visita-valencia.com\/wp-content\/uploads\/2018\/03\/Plaza-de-la-Reina.jpg\" width=\"1024\" height=\"768\" alt=\"\" title=\"Plaza de la Reina\" aria-label=\"Plaza de la Reina\" class=\"img-responsive wp-image-1925\" srcset=\"https:\/\/www.visita-valencia.com\/wp-content\/uploads\/2018\/03\/Plaza-de-la-Reina-200x150.jpg 200w, https:\/\/www.visita-valencia.com\/wp-content\/uploads\/2018\/03\/Plaza-de-la-Reina-400x300.jpg 400w, https:\/\/www.visita-valencia.com\/wp-content\/uploads\/2018\/03\/Plaza-de-la-Reina-600x450.jpg 600w, https:\/\/www.visita-valencia.com\/wp-content\/uploads\/2018\/03\/Plaza-de-la-Reina-800x600.jpg 800w, https:\/\/www.visita-valencia.com\/wp-content\/uploads\/2018\/03\/Plaza-de-la-Reina.jpg 1024w\" sizes=\"(min-width: 2200px) 100vw, (min-width: 824px) 387px, (min-width: 732px) 580px, (min-width: 640px) 732px, \" \/><\/a><\/div><\/div><div style=\"padding:5px;\" class=\"fusion-grid-column fusion-gallery-column fusion-gallery-column-3 hover-type-none\"><div class=\"fusion-gallery-image\"><a href=\"https:\/\/www.visita-valencia.com\/wp-content\/uploads\/2018\/03\/Plaza-de-la-Virgen.jpg\" rel=\"noreferrer\" data-rel=\"iLightbox[gallery_image_1]\" class=\"fusion-lightbox\"><img decoding=\"async\" src=\"https:\/\/www.visita-valencia.com\/wp-content\/uploads\/2018\/03\/Plaza-de-la-Virgen.jpg\" width=\"1024\" height=\"688\" alt=\"\" title=\"Plaza de la Virgen\" aria-label=\"Plaza de la Virgen\" class=\"img-responsive wp-image-1926\" srcset=\"https:\/\/www.visita-valencia.com\/wp-content\/uploads\/2018\/03\/Plaza-de-la-Virgen-200x134.jpg 200w, https:\/\/www.visita-valencia.com\/wp-content\/uploads\/2018\/03\/Plaza-de-la-Virgen-400x269.jpg 400w, https:\/\/www.visita-valencia.com\/wp-content\/uploads\/2018\/03\/Plaza-de-la-Virgen-600x403.jpg 600w, https:\/\/www.visita-valencia.com\/wp-content\/uploads\/2018\/03\/Plaza-de-la-Virgen-800x538.jpg 800w, https:\/\/www.visita-valencia.com\/wp-content\/uploads\/2018\/03\/Plaza-de-la-Virgen.jpg 1024w\" sizes=\"(min-width: 2200px) 100vw, (min-width: 824px) 387px, (min-width: 732px) 580px, (min-width: 640px) 732px, \" \/><\/a><\/div><\/div><div style=\"padding:5px;\" class=\"fusion-grid-column fusion-gallery-column fusion-gallery-column-3 hover-type-none\"><div class=\"fusion-gallery-image\"><a href=\"https:\/\/www.visita-valencia.com\/wp-content\/uploads\/2018\/03\/Torres-de-Serranos.jpg\" rel=\"noreferrer\" data-rel=\"iLightbox[gallery_image_1]\" class=\"fusion-lightbox\"><img decoding=\"async\" src=\"https:\/\/www.visita-valencia.com\/wp-content\/uploads\/2018\/03\/Torres-de-Serranos.jpg\" width=\"1024\" height=\"629\" alt=\"\" title=\"Torres de Serranos\" aria-label=\"Torres de Serranos\" class=\"img-responsive wp-image-1927\" srcset=\"https:\/\/www.visita-valencia.com\/wp-content\/uploads\/2018\/03\/Torres-de-Serranos-200x123.jpg 200w, https:\/\/www.visita-valencia.com\/wp-content\/uploads\/2018\/03\/Torres-de-Serranos-400x246.jpg 400w, https:\/\/www.visita-valencia.com\/wp-content\/uploads\/2018\/03\/Torres-de-Serranos-600x369.jpg 600w, https:\/\/www.visita-valencia.com\/wp-content\/uploads\/2018\/03\/Torres-de-Serranos-800x491.jpg 800w, https:\/\/www.visita-valencia.com\/wp-content\/uploads\/2018\/03\/Torres-de-Serranos.jpg 1024w\" sizes=\"(min-width: 2200px) 100vw, (min-width: 824px) 387px, (min-width: 732px) 580px, (min-width: 640px) 732px, \" \/><\/a><\/div><\/div><div class=\"clearfix\"><\/div><\/div><div class=\"fusion-clearfix\"><\/div><\/div><\/div><\/div><\/div><div class=\"fusion-fullwidth fullwidth-box fusion-builder-row-3 nonhundred-percent-fullwidth non-hundred-percent-height-scrolling\" style=\"background-color: #242424;background-position: center center;background-repeat: no-repeat;padding-top:0px;padding-right:0px;padding-bottom:0px;padding-left:0px;margin-bottom: 0px;margin-top: 0px;border-width: 0px 0px 0px 0px;border-color:#3e3e3e;border-style:solid;\" ><div class=\"fusion-builder-row fusion-row\"><div class=\"fusion-layout-column fusion_builder_column fusion-builder-column-3 fusion_builder_column_4_5 4_5 fusion-four-fifth fusion-column-first\" style=\"width:80%;width:calc(80% - ( ( 4% ) * 0.8 ) );margin-right: 4%;margin-top:0px;margin-bottom:20px;\"><div class=\"fusion-column-wrapper fusion-flex-column-wrapper-legacy\" style=\"background-position:left top;background-repeat:no-repeat;-webkit-background-size:cover;-moz-background-size:cover;-o-background-size:cover;background-size:cover;padding: 32px 0px 0px 0px;\"><div class=\"fusion-content-boxes content-boxes columns row fusion-columns-1 fusion-columns-total-1 fusion-content-boxes-1 content-boxes-clean-horizontal content-left content-boxes-icon-on-side\" data-animationOffset=\"top-into-view\" style=\"margin-top:0px;margin-bottom:0px;\"><style type=\"text\/css\">.fusion-content-boxes-1 .heading .content-box-heading {color:#ffffff;}\n\t\t\t\t\t.fusion-content-boxes-1 .fusion-content-box-hover .link-area-link-icon-hover .heading .content-box-heading,\n\t\t\t\t\t.fusion-content-boxes-1 .fusion-content-box-hover .link-area-link-icon-hover .heading .heading-link .content-box-heading,\n\t\t\t\t\t.fusion-content-boxes-1 .fusion-content-box-hover .link-area-box-hover .heading .content-box-heading,\n\t\t\t\t\t.fusion-content-boxes-1 .fusion-content-box-hover .link-area-box-hover .heading .heading-link .content-box-heading,\n\t\t\t\t\t.fusion-content-boxes-1 .fusion-content-box-hover .link-area-link-icon-hover.link-area-box .fusion-read-more,\n\t\t\t\t\t.fusion-content-boxes-1 .fusion-content-box-hover .link-area-link-icon-hover.link-area-box .fusion-read-more::after,\n\t\t\t\t\t.fusion-content-boxes-1 .fusion-content-box-hover .link-area-link-icon-hover.link-area-box .fusion-read-more::before,\n\t\t\t\t\t.fusion-content-boxes-1 .fusion-content-box-hover .fusion-read-more:hover:after,\n\t\t\t\t\t.fusion-content-boxes-1 .fusion-content-box-hover .fusion-read-more:hover:before,\n\t\t\t\t\t.fusion-content-boxes-1 .fusion-content-box-hover .fusion-read-more:hover,\n\t\t\t\t\t.fusion-content-boxes-1 .fusion-content-box-hover .link-area-box-hover.link-area-box .fusion-read-more,\n\t\t\t\t\t.fusion-content-boxes-1 .fusion-content-box-hover .link-area-box-hover.link-area-box .fusion-read-more::after,\n\t\t\t\t\t.fusion-content-boxes-1 .fusion-content-box-hover .link-area-box-hover.link-area-box .fusion-read-more::before,\n\t\t\t\t\t.fusion-content-boxes-1 .fusion-content-box-hover .link-area-link-icon-hover .icon .circle-no,\n\t\t\t\t\t.fusion-content-boxes-1 .heading .heading-link:hover .content-box-heading {\n\t\t\t\t\t\tcolor: #e0e0e0;\n\t\t\t\t\t}\n\t\t\t\t\t.fusion-content-boxes-1 .fusion-content-box-hover .link-area-box-hover .icon .circle-no {\n\t\t\t\t\t\tcolor: #e0e0e0 !important;\n\t\t\t\t\t}.fusion-content-boxes-1 .fusion-content-box-hover .link-area-box.link-area-box-hover .fusion-content-box-button {background: #00b5e1;color: #ffffff;}.fusion-content-boxes-1 .fusion-content-box-hover .link-area-box.link-area-box-hover .fusion-content-box-button .fusion-button-text {color: #ffffff;}\n\t\t\t\t\t.fusion-content-boxes-1 .fusion-content-box-hover .link-area-link-icon-hover .heading .icon > span {\n\t\t\t\t\t\tbackground-color: transparent !important;\n\t\t\t\t\t}\n\t\t\t\t\t.fusion-content-boxes-1 .fusion-content-box-hover .link-area-box-hover .heading .icon > span {\n\t\t\t\t\t\tborder-color: #e0e0e0 !important;\n\t\t\t\t\t}<\/style><div style=\"border-color:rgba(255,255,255,0);\" class=\"fusion-column content-box-column content-box-column content-box-column-1 col-lg-12 col-md-12 col-sm-12 fusion-content-box-hover content-box-column-last content-box-column-last-in-row\"><div class=\"col content-box-wrapper content-wrapper link-area-box icon-hover-animation-fade\" style=\"background-color:transparent;\" data-animationOffset=\"top-into-view\"><div class=\"heading heading-with-icon icon-left\"><div class=\"icon\"><i style=\"background-color:transparent;border-color:transparent;height:auto;width: 32px;line-height:normal;color:#ffffff;font-size:32px;\" aria-hidden=\"true\" class=\"fontawesome-icon fa fa-envelope-o circle-no fa-flip-horizontal\"><\/i><\/div><h2 class=\"content-box-heading fusion-responsive-typography-calculated\" style=\"font-size:32px;--fontSize:32;line-height:1.36;padding-left:52px;\">If you would like me to show you Valencia, contact me by phone or email.<\/h2><\/div><\/div><\/div><style type=\"text\/css\">\n\t\t\t\t\t\t.fusion-content-boxes-1 .fusion-content-box-hover .heading-link:hover .icon i.circle-yes,\n\t\t\t\t\t\t.fusion-content-boxes-1 .fusion-content-box-hover .link-area-box:hover .heading-link .icon i.circle-yes,\n\t\t\t\t\t\t.fusion-content-boxes-1 .fusion-content-box-hover .link-area-link-icon-hover .heading .icon i.circle-yes,\n\t\t\t\t\t\t.fusion-content-boxes-1 .fusion-content-box-hover .link-area-box-hover .heading .icon i.circle-yes {\n\t\t\t\t\t\t\tbackground-color: transparent !important;\n\t\t\t\t\t\t\tborder-color: #e0e0e0 !important;\n\t\t\t\t\t\t}<\/style><div class=\"fusion-clearfix\"><\/div><\/div><div class=\"fusion-clearfix\"><\/div><\/div><\/div><div class=\"fusion-layout-column fusion_builder_column fusion-builder-column-4 fusion_builder_column_1_5 1_5 fusion-one-fifth fusion-column-last\" style=\"width:20%;width:calc(20% - ( ( 4% ) * 0.2 ) );margin-top:0px;margin-bottom:20px;\"><div class=\"fusion-column-wrapper fusion-flex-column-wrapper-legacy\" style=\"background-position:left top;background-repeat:no-repeat;-webkit-background-size:cover;-moz-background-size:cover;-o-background-size:cover;background-size:cover;padding: 0px 0px 0px 0px;\"><div class=\"fusion-sep-clear\"><\/div><div class=\"fusion-separator fusion-full-width-sep\" style=\"margin-left: auto;margin-right: auto;margin-top:69px;width:100%;\"><\/div><div class=\"fusion-sep-clear\"><\/div><div class=\"fusion-alignright\"><style type=\"text\/css\">.fusion-button.button-1 .fusion-button-text, .fusion-button.button-1 i {color:#ffffff;}.fusion-button.button-1 .fusion-button-icon-divider{border-color:#ffffff;}.fusion-button.button-1:hover .fusion-button-text, .fusion-button.button-1:hover i,.fusion-button.button-1:focus .fusion-button-text, .fusion-button.button-1:focus i,.fusion-button.button-1:active .fusion-button-text, .fusion-button.button-1:active{color:#ffffff;}.fusion-button.button-1:hover .fusion-button-icon-divider, .fusion-button.button-1:hover .fusion-button-icon-divider, .fusion-button.button-1:active .fusion-button-icon-divider{border-color:#ffffff;}.fusion-button.button-1:hover, .fusion-button.button-1:focus, .fusion-button.button-1:active{border-color:#ffffff;}.fusion-button.button-1 {border-color:#ffffff;border-radius:4px;}.fusion-button.button-1{background: #00b5e1;}.fusion-button.button-1:hover,.button-1:focus,.fusion-button.button-1:active{background: #00b5e1;}<\/style><a class=\"fusion-button button-flat button-large button-custom button-1 fusion-button-default-span \" target=\"_self\" href=\"http:\/\/www.visita-valencia.com\/en\/contacto-reservas\"><span class=\"fusion-button-text\">CONTACT<\/span><\/a><\/div><div class=\"fusion-clearfix\"><\/div><\/div><\/div><\/div><\/div>\n<\/p>\n","protected":false},"excerpt":{"rendered":"","protected":false},"author":1,"featured_media":0,"parent":2111,"menu_order":0,"comment_status":"closed","ping_status":"closed","template":"","meta":{"footnotes":""},"class_list":["post-2116","page","type-page","status-publish","hentry"],"yoast_head":"<!-- This site is optimized with the Yoast SEO plugin v27.5 - https:\/\/yoast.com\/product\/yoast-seo-wordpress\/ -->\n<title>Visita guidata dal centro storico di Valencia | Visita-Valencia<\/title>\n<meta name=\"description\" content=\"Scopri gli edifici, i monumenti e gli angoli pi\u00f9 belli del centro storico di Valencia con visita guidata nel centro storico di Valencia. Una citt\u00e0 con pi\u00f9 di 2000 anni di storia!\" \/>\n<meta name=\"robots\" content=\"index, follow, max-snippet:-1, max-image-preview:large, max-video-preview:-1\" \/>\n<link rel=\"canonical\" href=\"https:\/\/www.visita-valencia.com\/visitas-guiadas-tours-valencia\/centro-historico-valencia\" \/>\n<meta property=\"og:locale\" content=\"it_IT\" \/>\n<meta property=\"og:type\" content=\"article\" \/>\n<meta property=\"og:title\" content=\"Visita guidata dal centro storico di Valencia | Visita-Valencia\" \/>\n<meta property=\"og:description\" content=\"Scopri gli edifici, i monumenti e gli angoli pi\u00f9 belli del centro storico di Valencia con visita guidata nel centro storico di Valencia. Una citt\u00e0 con pi\u00f9 di 2000 anni di storia!\" \/>\n<meta property=\"og:url\" content=\"https:\/\/www.visita-valencia.com\/visitas-guiadas-tours-valencia\/centro-historico-valencia\" \/>\n<meta property=\"og:site_name\" content=\"Gu\u00eda tur\u00edstica de Valencia\" \/>\n<meta property=\"article:modified_time\" content=\"2018-07-07T09:40:18+00:00\" \/>\n<meta name=\"twitter:card\" content=\"summary_large_image\" \/>\n<meta name=\"twitter:label1\" content=\"Tempo di lettura stimato\" \/>\n\t<meta name=\"twitter:data1\" content=\"3 minuti\" \/>\n<script type=\"application\/ld+json\" class=\"yoast-schema-graph\">{\"@context\":\"https:\\\/\\\/schema.org\",\"@graph\":[{\"@type\":\"WebPage\",\"@id\":\"https:\\\/\\\/www.visita-valencia.com\\\/visitas-guiadas-tours-valencia\\\/centro-historico-valencia\",\"url\":\"https:\\\/\\\/www.visita-valencia.com\\\/visitas-guiadas-tours-valencia\\\/centro-historico-valencia\",\"name\":\"Visita guidata dal centro storico di Valencia | Visita-Valencia\",\"isPartOf\":{\"@id\":\"https:\\\/\\\/www.visita-valencia.com\\\/#website\"},\"datePublished\":\"2018-01-11T11:41:26+00:00\",\"dateModified\":\"2018-07-07T09:40:18+00:00\",\"description\":\"Scopri gli edifici, i monumenti e gli angoli pi\u00f9 belli del centro storico di Valencia con visita guidata nel centro storico di Valencia. Una citt\u00e0 con pi\u00f9 di 2000 anni di storia!\",\"breadcrumb\":{\"@id\":\"https:\\\/\\\/www.visita-valencia.com\\\/visitas-guiadas-tours-valencia\\\/centro-historico-valencia#breadcrumb\"},\"inLanguage\":\"it-IT\",\"potentialAction\":[{\"@type\":\"ReadAction\",\"target\":[\"https:\\\/\\\/www.visita-valencia.com\\\/visitas-guiadas-tours-valencia\\\/centro-historico-valencia\"]}]},{\"@type\":\"BreadcrumbList\",\"@id\":\"https:\\\/\\\/www.visita-valencia.com\\\/visitas-guiadas-tours-valencia\\\/centro-historico-valencia#breadcrumb\",\"itemListElement\":[{\"@type\":\"ListItem\",\"position\":1,\"name\":\"Portada\",\"item\":\"https:\\\/\\\/www.visita-valencia.com\\\/it\"},{\"@type\":\"ListItem\",\"position\":2,\"name\":\"VISITAS GUIADAS Y TOURS VALENCIA\",\"item\":\"https:\\\/\\\/www.visita-valencia.com\\\/visitas-guiadas-tours-valencia\"},{\"@type\":\"ListItem\",\"position\":3,\"name\":\"Centro storico Valencia\"}]},{\"@type\":\"WebSite\",\"@id\":\"https:\\\/\\\/www.visita-valencia.com\\\/#website\",\"url\":\"https:\\\/\\\/www.visita-valencia.com\\\/\",\"name\":\"Gu\u00eda tur\u00edstica de Valencia\",\"description\":\"Visitas guiadas en Valencia\",\"publisher\":{\"@id\":\"https:\\\/\\\/www.visita-valencia.com\\\/#organization\"},\"potentialAction\":[{\"@type\":\"SearchAction\",\"target\":{\"@type\":\"EntryPoint\",\"urlTemplate\":\"https:\\\/\\\/www.visita-valencia.com\\\/?s={search_term_string}\"},\"query-input\":{\"@type\":\"PropertyValueSpecification\",\"valueRequired\":true,\"valueName\":\"search_term_string\"}}],\"inLanguage\":\"it-IT\"},{\"@type\":\"Organization\",\"@id\":\"https:\\\/\\\/www.visita-valencia.com\\\/#organization\",\"name\":\"Visita-Valencia\",\"url\":\"https:\\\/\\\/www.visita-valencia.com\\\/\",\"logo\":{\"@type\":\"ImageObject\",\"inLanguage\":\"it-IT\",\"@id\":\"https:\\\/\\\/www.visita-valencia.com\\\/#\\\/schema\\\/logo\\\/image\\\/\",\"url\":\"http:\\\/\\\/www.visita-valencia.com\\\/wp-content\\\/uploads\\\/2018\\\/01\\\/logo-VV-blanco-web.png\",\"contentUrl\":\"http:\\\/\\\/www.visita-valencia.com\\\/wp-content\\\/uploads\\\/2018\\\/01\\\/logo-VV-blanco-web.png\",\"width\":241,\"height\":84,\"caption\":\"Visita-Valencia\"},\"image\":{\"@id\":\"https:\\\/\\\/www.visita-valencia.com\\\/#\\\/schema\\\/logo\\\/image\\\/\"}}]}<\/script>\n<!-- \/ Yoast SEO plugin. -->","yoast_head_json":{"title":"Visita guidata dal centro storico di Valencia | Visita-Valencia","description":"Scopri gli edifici, i monumenti e gli angoli pi\u00f9 belli del centro storico di Valencia con visita guidata nel centro storico di Valencia. Una citt\u00e0 con pi\u00f9 di 2000 anni di storia!","robots":{"index":"index","follow":"follow","max-snippet":"max-snippet:-1","max-image-preview":"max-image-preview:large","max-video-preview":"max-video-preview:-1"},"canonical":"https:\/\/www.visita-valencia.com\/visitas-guiadas-tours-valencia\/centro-historico-valencia","og_locale":"it_IT","og_type":"article","og_title":"Visita guidata dal centro storico di Valencia | Visita-Valencia","og_description":"Scopri gli edifici, i monumenti e gli angoli pi\u00f9 belli del centro storico di Valencia con visita guidata nel centro storico di Valencia. Una citt\u00e0 con pi\u00f9 di 2000 anni di storia!","og_url":"https:\/\/www.visita-valencia.com\/visitas-guiadas-tours-valencia\/centro-historico-valencia","og_site_name":"Gu\u00eda tur\u00edstica de Valencia","article_modified_time":"2018-07-07T09:40:18+00:00","twitter_card":"summary_large_image","twitter_misc":{"Tempo di lettura stimato":"3 minuti"},"schema":{"@context":"https:\/\/schema.org","@graph":[{"@type":"WebPage","@id":"https:\/\/www.visita-valencia.com\/visitas-guiadas-tours-valencia\/centro-historico-valencia","url":"https:\/\/www.visita-valencia.com\/visitas-guiadas-tours-valencia\/centro-historico-valencia","name":"Visita guidata dal centro storico di Valencia | Visita-Valencia","isPartOf":{"@id":"https:\/\/www.visita-valencia.com\/#website"},"datePublished":"2018-01-11T11:41:26+00:00","dateModified":"2018-07-07T09:40:18+00:00","description":"Scopri gli edifici, i monumenti e gli angoli pi\u00f9 belli del centro storico di Valencia con visita guidata nel centro storico di Valencia. Una citt\u00e0 con pi\u00f9 di 2000 anni di storia!","breadcrumb":{"@id":"https:\/\/www.visita-valencia.com\/visitas-guiadas-tours-valencia\/centro-historico-valencia#breadcrumb"},"inLanguage":"it-IT","potentialAction":[{"@type":"ReadAction","target":["https:\/\/www.visita-valencia.com\/visitas-guiadas-tours-valencia\/centro-historico-valencia"]}]},{"@type":"BreadcrumbList","@id":"https:\/\/www.visita-valencia.com\/visitas-guiadas-tours-valencia\/centro-historico-valencia#breadcrumb","itemListElement":[{"@type":"ListItem","position":1,"name":"Portada","item":"https:\/\/www.visita-valencia.com\/it"},{"@type":"ListItem","position":2,"name":"VISITAS GUIADAS Y TOURS VALENCIA","item":"https:\/\/www.visita-valencia.com\/visitas-guiadas-tours-valencia"},{"@type":"ListItem","position":3,"name":"Centro storico Valencia"}]},{"@type":"WebSite","@id":"https:\/\/www.visita-valencia.com\/#website","url":"https:\/\/www.visita-valencia.com\/","name":"Gu\u00eda tur\u00edstica de Valencia","description":"Visitas guiadas en Valencia","publisher":{"@id":"https:\/\/www.visita-valencia.com\/#organization"},"potentialAction":[{"@type":"SearchAction","target":{"@type":"EntryPoint","urlTemplate":"https:\/\/www.visita-valencia.com\/?s={search_term_string}"},"query-input":{"@type":"PropertyValueSpecification","valueRequired":true,"valueName":"search_term_string"}}],"inLanguage":"it-IT"},{"@type":"Organization","@id":"https:\/\/www.visita-valencia.com\/#organization","name":"Visita-Valencia","url":"https:\/\/www.visita-valencia.com\/","logo":{"@type":"ImageObject","inLanguage":"it-IT","@id":"https:\/\/www.visita-valencia.com\/#\/schema\/logo\/image\/","url":"http:\/\/www.visita-valencia.com\/wp-content\/uploads\/2018\/01\/logo-VV-blanco-web.png","contentUrl":"http:\/\/www.visita-valencia.com\/wp-content\/uploads\/2018\/01\/logo-VV-blanco-web.png","width":241,"height":84,"caption":"Visita-Valencia"},"image":{"@id":"https:\/\/www.visita-valencia.com\/#\/schema\/logo\/image\/"}}]}},"_links":{"self":[{"href":"https:\/\/www.visita-valencia.com\/it\/wp-json\/wp\/v2\/pages\/2116","targetHints":{"allow":["GET"]}}],"collection":[{"href":"https:\/\/www.visita-valencia.com\/it\/wp-json\/wp\/v2\/pages"}],"about":[{"href":"https:\/\/www.visita-valencia.com\/it\/wp-json\/wp\/v2\/types\/page"}],"author":[{"embeddable":true,"href":"https:\/\/www.visita-valencia.com\/it\/wp-json\/wp\/v2\/users\/1"}],"replies":[{"embeddable":true,"href":"https:\/\/www.visita-valencia.com\/it\/wp-json\/wp\/v2\/comments?post=2116"}],"version-history":[{"count":4,"href":"https:\/\/www.visita-valencia.com\/it\/wp-json\/wp\/v2\/pages\/2116\/revisions"}],"predecessor-version":[{"id":2263,"href":"https:\/\/www.visita-valencia.com\/it\/wp-json\/wp\/v2\/pages\/2116\/revisions\/2263"}],"up":[{"embeddable":true,"href":"https:\/\/www.visita-valencia.com\/it\/wp-json\/wp\/v2\/pages\/2111"}],"wp:attachment":[{"href":"https:\/\/www.visita-valencia.com\/it\/wp-json\/wp\/v2\/media?parent=2116"}],"curies":[{"name":"wp","href":"https:\/\/api.w.org\/{rel}","templated":true}]}}