{"id":2145,"date":"2018-02-18T07:56:14","date_gmt":"2018-02-18T07:56:14","guid":{"rendered":"http:\/\/www.visita-valencia.com\/visitas-guiadas-tours-valencia\/valencia-y-sus-valencianos"},"modified":"2018-07-07T09:51:02","modified_gmt":"2018-07-07T09:51:02","slug":"cultura-valencia-valencianos","status":"publish","type":"page","link":"https:\/\/www.visita-valencia.com\/it\/visite-guidate-valencia\/cultura-valencia-valencianos","title":{"rendered":"Valencia ed i suoi valenciani"},"content":{"rendered":"<p><div class=\"fusion-fullwidth fullwidth-box fusion-builder-row-1 nonhundred-percent-fullwidth non-hundred-percent-height-scrolling\" style=\"background-color: #222424;background-position: center center;background-repeat: no-repeat;padding-top:0px;padding-right:0px;padding-bottom:0px;padding-left:0px;margin-bottom: 0px;margin-top: 0px;border-width: 0px 0px 0px 0px;border-color:#3e3e3e;border-style:solid;\" ><div class=\"fusion-builder-row fusion-row\"><div class=\"fusion-layout-column fusion_builder_column fusion-builder-column-0 fusion_builder_column_1_2 1_2 fusion-one-half fusion-column-first\" style=\"width:50%;width:calc(50% - ( ( 4% ) * 0.5 ) );margin-right: 4%;margin-top:0px;margin-bottom:20px;\"><div class=\"fusion-column-wrapper fusion-flex-column-wrapper-legacy\" style=\"background-position:left top;background-repeat:no-repeat;-webkit-background-size:cover;-moz-background-size:cover;-o-background-size:cover;background-size:cover;padding: 0px 0px 0px 0px;\"><div class=\"fusion-text fusion-text-1\"><p class=\"Cuerpo\" style=\"text-align: justify;\">Il XX secolo \u00e8 stato un secolo di grandi valenciani che hanno portato il nome di Valencia in tutto il mondo. In questa visita parleremo delle loro vite e dei loro successi professionali e cercheremo di trasmetter i il filo conduttore che li ha uniti, l\u00b4amore per la loro citt\u00e0: Valencia.<\/p>\n<p class=\"Cuerpo\" style=\"text-align: justify;\">E chi sono stati questi valenciani? Vicente Blasco Iba\u00f1ez, Jos\u00e9 Benlliure, Concha Piquer e il grande Joaqu\u00edn Sorolla. Per conoscerli visiteremo le case dove vivevano i primi tre e parleremo di Joaqu\u00edn Sorolla di fronte al mare, quel mare che tanto gli piaceva e che lo ha ispirato a dipingere le sue incomparabili opere.<\/p>\n<p class=\"Cuerpo\" style=\"text-align: justify;\"><span class=\"Ninguno\"><b>Vicente Blasco Ib\u00e1\u00f1ez\u00a0<\/b><\/span>\u00e8 stato un grande tra i grandi. Noi valenciani lo ricorderemo sempre per i libri di carattere locale come <span class=\"Ninguno\"><i>Ca\u00f1as y Barro<\/i><\/span>,\u00a0<span class=\"Ninguno\"><i>La Barraca <\/i><\/span>o\u00a0<span class=\"Ninguno\"><i>Arroz y Tartana. <\/i><\/span>Anche se ha scritto tanti altri romanzi di grande impatto mondiale come \u201cI quattro cavalieri dell\u2019Apocalisse&#8221;, incluso nella lista dei 100 migliori romanzi in spagnolo del XX secolo.<\/p>\n<p class=\"Cuerpo\" style=\"text-align: justify;\"><span class=\"Ninguno\"><b>Jos\u00e9 Benlliure Gil\u00a0<\/b><\/span>\u00e8 nato in una famiglia con un\u00b4importante tradizione artistica. Lui e suo fratello, lo scultore Mariano Benlliure, erano i membri pi\u00f9 eccezionali. Ha vissuto molti anni a Roma, dove era direttore dell&#8217;Accademia delle Belle Arti di Spagna, ma Valencia \u00e8 stata sempre il suo rifugio e dove voleva vivere durante i suoi ultimi anni di vita.<\/p>\n<p class=\"Cuerpo\" style=\"text-align: justify;\"><span class=\"Ninguno\"><b>Concha Piquer <\/b><\/span>era un&#8217;artista dalla testa ai piedi, con un innato talento per il canto e la recitazione, una donna molto moderna per il suo tempo. Lei viaggi\u00f2 in tutto il mondo alla ricerca dei suoi sogni. Sebbene abbia vissuto la maggior parte della sua vita a Madrid, a Valencia conserviamo la sua casa natale, piena di immagini e oggetti personali che ci faranno rivivere le <span class=\"Ninguno\"><i>copla <\/i><\/span>che portava nelle sue vene.<\/p>\n<\/div><div class=\"fusion-clearfix\"><\/div><\/div><\/div><div class=\"fusion-layout-column fusion_builder_column fusion-builder-column-1 fusion_builder_column_1_2 1_2 fusion-one-half fusion-column-last\" style=\"width:50%;width:calc(50% - ( ( 4% ) * 0.5 ) );margin-top:0px;margin-bottom:20px;\"><div class=\"fusion-column-wrapper fusion-flex-column-wrapper-legacy\" style=\"background-position:left top;background-repeat:no-repeat;-webkit-background-size:cover;-moz-background-size:cover;-o-background-size:cover;background-size:cover;padding: 0px 0px 0px 0px;\"><style type=\"text\/css\">.fusion-gallery-1 .fusion-gallery-image {border:0px solid #e2e2e2;}<\/style><div class=\"fusion-gallery fusion-gallery-container fusion-grid-2 fusion-columns-total-9 fusion-gallery-layout-grid fusion-gallery-1\" style=\"margin:-5px;\"><div style=\"padding:5px;\" class=\"fusion-grid-column fusion-gallery-column fusion-gallery-column-2 hover-type-none\"><div class=\"fusion-gallery-image\"><a href=\"https:\/\/www.visita-valencia.com\/wp-content\/uploads\/2018\/03\/Casa-Museo-Blasco-Ib\u00e1\u00f1ez.jpg\" rel=\"noreferrer\" data-rel=\"iLightbox[gallery_image_1]\" class=\"fusion-lightbox\"><img decoding=\"async\" src=\"https:\/\/www.visita-valencia.com\/wp-content\/uploads\/2018\/03\/Casa-Museo-Blasco-Ib\u00e1\u00f1ez.jpg\" width=\"1024\" height=\"683\" alt=\"\" title=\"Casa Museo Blasco Ib\u00e1\u00f1ez\" aria-label=\"Casa Museo Blasco Ib\u00e1\u00f1ez\" class=\"img-responsive wp-image-1939\" srcset=\"https:\/\/www.visita-valencia.com\/wp-content\/uploads\/2018\/03\/Casa-Museo-Blasco-Ib\u00e1\u00f1ez-200x133.jpg 200w, https:\/\/www.visita-valencia.com\/wp-content\/uploads\/2018\/03\/Casa-Museo-Blasco-Ib\u00e1\u00f1ez-400x267.jpg 400w, https:\/\/www.visita-valencia.com\/wp-content\/uploads\/2018\/03\/Casa-Museo-Blasco-Ib\u00e1\u00f1ez-600x400.jpg 600w, https:\/\/www.visita-valencia.com\/wp-content\/uploads\/2018\/03\/Casa-Museo-Blasco-Ib\u00e1\u00f1ez-800x534.jpg 800w, https:\/\/www.visita-valencia.com\/wp-content\/uploads\/2018\/03\/Casa-Museo-Blasco-Ib\u00e1\u00f1ez.jpg 1024w\" sizes=\"(min-width: 2200px) 100vw, (min-width: 732px) 583px, (min-width: 640px) 732px, \" \/><\/a><\/div><\/div><div style=\"padding:5px;\" class=\"fusion-grid-column fusion-gallery-column fusion-gallery-column-2 hover-type-none\"><div class=\"fusion-gallery-image\"><a href=\"https:\/\/www.visita-valencia.com\/wp-content\/uploads\/2018\/03\/Casa-Museo-Blasco-Ib\u00e1\u00f1ez-3.jpg\" rel=\"noreferrer\" data-rel=\"iLightbox[gallery_image_1]\" class=\"fusion-lightbox\"><img decoding=\"async\" src=\"https:\/\/www.visita-valencia.com\/wp-content\/uploads\/2018\/03\/Casa-Museo-Blasco-Ib\u00e1\u00f1ez-3.jpg\" width=\"1024\" height=\"683\" alt=\"\" title=\"Casa Museo Blasco Ib\u00e1\u00f1ez 3\" aria-label=\"Casa Museo Blasco Ib\u00e1\u00f1ez 3\" class=\"img-responsive wp-image-1938\" srcset=\"https:\/\/www.visita-valencia.com\/wp-content\/uploads\/2018\/03\/Casa-Museo-Blasco-Ib\u00e1\u00f1ez-3-200x133.jpg 200w, https:\/\/www.visita-valencia.com\/wp-content\/uploads\/2018\/03\/Casa-Museo-Blasco-Ib\u00e1\u00f1ez-3-400x267.jpg 400w, https:\/\/www.visita-valencia.com\/wp-content\/uploads\/2018\/03\/Casa-Museo-Blasco-Ib\u00e1\u00f1ez-3-600x400.jpg 600w, https:\/\/www.visita-valencia.com\/wp-content\/uploads\/2018\/03\/Casa-Museo-Blasco-Ib\u00e1\u00f1ez-3-800x534.jpg 800w, https:\/\/www.visita-valencia.com\/wp-content\/uploads\/2018\/03\/Casa-Museo-Blasco-Ib\u00e1\u00f1ez-3.jpg 1024w\" sizes=\"(min-width: 2200px) 100vw, (min-width: 732px) 583px, (min-width: 640px) 732px, \" \/><\/a><\/div><\/div><div class=\"clearfix\"><\/div><div style=\"padding:5px;\" class=\"fusion-grid-column fusion-gallery-column fusion-gallery-column-2 hover-type-none\"><div class=\"fusion-gallery-image\"><a href=\"https:\/\/www.visita-valencia.com\/wp-content\/uploads\/2018\/03\/Casa-Museo-Blasco-Ib\u00e1\u00f1ez-2-.jpg\" rel=\"noreferrer\" data-rel=\"iLightbox[gallery_image_1]\" class=\"fusion-lightbox\"><img decoding=\"async\" src=\"https:\/\/www.visita-valencia.com\/wp-content\/uploads\/2018\/03\/Casa-Museo-Blasco-Ib\u00e1\u00f1ez-2-.jpg\" width=\"1024\" height=\"683\" alt=\"\" title=\"Casa Museo Blasco Ib\u00e1\u00f1ez 2\" aria-label=\"Casa Museo Blasco Ib\u00e1\u00f1ez 2\" class=\"img-responsive wp-image-1937\" srcset=\"https:\/\/www.visita-valencia.com\/wp-content\/uploads\/2018\/03\/Casa-Museo-Blasco-Ib\u00e1\u00f1ez-2--200x133.jpg 200w, https:\/\/www.visita-valencia.com\/wp-content\/uploads\/2018\/03\/Casa-Museo-Blasco-Ib\u00e1\u00f1ez-2--400x267.jpg 400w, https:\/\/www.visita-valencia.com\/wp-content\/uploads\/2018\/03\/Casa-Museo-Blasco-Ib\u00e1\u00f1ez-2--600x400.jpg 600w, https:\/\/www.visita-valencia.com\/wp-content\/uploads\/2018\/03\/Casa-Museo-Blasco-Ib\u00e1\u00f1ez-2--800x534.jpg 800w, https:\/\/www.visita-valencia.com\/wp-content\/uploads\/2018\/03\/Casa-Museo-Blasco-Ib\u00e1\u00f1ez-2-.jpg 1024w\" sizes=\"(min-width: 2200px) 100vw, (min-width: 732px) 583px, (min-width: 640px) 732px, \" \/><\/a><\/div><\/div><div style=\"padding:5px;\" class=\"fusion-grid-column fusion-gallery-column fusion-gallery-column-2 hover-type-none\"><div class=\"fusion-gallery-image\"><a href=\"https:\/\/www.visita-valencia.com\/wp-content\/uploads\/2018\/03\/Casa-Museo-Benlliure-4.jpg\" rel=\"noreferrer\" data-rel=\"iLightbox[gallery_image_1]\" class=\"fusion-lightbox\"><img decoding=\"async\" src=\"https:\/\/www.visita-valencia.com\/wp-content\/uploads\/2018\/03\/Casa-Museo-Benlliure-4.jpg\" width=\"1024\" height=\"684\" alt=\"\" title=\"Casa Museo Benlliure 4\" aria-label=\"Casa Museo Benlliure 4\" class=\"img-responsive wp-image-1935\" srcset=\"https:\/\/www.visita-valencia.com\/wp-content\/uploads\/2018\/03\/Casa-Museo-Benlliure-4-200x134.jpg 200w, https:\/\/www.visita-valencia.com\/wp-content\/uploads\/2018\/03\/Casa-Museo-Benlliure-4-400x267.jpg 400w, https:\/\/www.visita-valencia.com\/wp-content\/uploads\/2018\/03\/Casa-Museo-Benlliure-4-600x401.jpg 600w, https:\/\/www.visita-valencia.com\/wp-content\/uploads\/2018\/03\/Casa-Museo-Benlliure-4-800x534.jpg 800w, https:\/\/www.visita-valencia.com\/wp-content\/uploads\/2018\/03\/Casa-Museo-Benlliure-4.jpg 1024w\" sizes=\"(min-width: 2200px) 100vw, (min-width: 732px) 583px, (min-width: 640px) 732px, \" \/><\/a><\/div><\/div><div class=\"clearfix\"><\/div><div style=\"padding:5px;\" class=\"fusion-grid-column fusion-gallery-column fusion-gallery-column-2 hover-type-none\"><div class=\"fusion-gallery-image\"><a href=\"https:\/\/www.visita-valencia.com\/wp-content\/uploads\/2018\/03\/Casa-Museo-Benlliure.jpg\" rel=\"noreferrer\" data-rel=\"iLightbox[gallery_image_1]\" class=\"fusion-lightbox\"><img decoding=\"async\" src=\"https:\/\/www.visita-valencia.com\/wp-content\/uploads\/2018\/03\/Casa-Museo-Benlliure.jpg\" width=\"1024\" height=\"714\" alt=\"\" title=\"Casa Museo Benlliure\" aria-label=\"Casa Museo Benlliure\" class=\"img-responsive wp-image-1936\" srcset=\"https:\/\/www.visita-valencia.com\/wp-content\/uploads\/2018\/03\/Casa-Museo-Benlliure-200x139.jpg 200w, https:\/\/www.visita-valencia.com\/wp-content\/uploads\/2018\/03\/Casa-Museo-Benlliure-400x279.jpg 400w, https:\/\/www.visita-valencia.com\/wp-content\/uploads\/2018\/03\/Casa-Museo-Benlliure-600x418.jpg 600w, https:\/\/www.visita-valencia.com\/wp-content\/uploads\/2018\/03\/Casa-Museo-Benlliure-800x558.jpg 800w, https:\/\/www.visita-valencia.com\/wp-content\/uploads\/2018\/03\/Casa-Museo-Benlliure.jpg 1024w\" sizes=\"(min-width: 2200px) 100vw, (min-width: 732px) 583px, (min-width: 640px) 732px, \" \/><\/a><\/div><\/div><div style=\"padding:5px;\" class=\"fusion-grid-column fusion-gallery-column fusion-gallery-column-2 hover-type-none\"><div class=\"fusion-gallery-image\"><a href=\"https:\/\/www.visita-valencia.com\/wp-content\/uploads\/2018\/03\/Casa-Museo-Benlliure-2.jpg\" rel=\"noreferrer\" data-rel=\"iLightbox[gallery_image_1]\" class=\"fusion-lightbox\"><img decoding=\"async\" src=\"https:\/\/www.visita-valencia.com\/wp-content\/uploads\/2018\/03\/Casa-Museo-Benlliure-2.jpg\" width=\"1024\" height=\"693\" alt=\"\" title=\"Casa Museo Benlliure 2\" aria-label=\"Casa Museo Benlliure 2\" class=\"img-responsive wp-image-1933\" srcset=\"https:\/\/www.visita-valencia.com\/wp-content\/uploads\/2018\/03\/Casa-Museo-Benlliure-2-200x135.jpg 200w, https:\/\/www.visita-valencia.com\/wp-content\/uploads\/2018\/03\/Casa-Museo-Benlliure-2-400x271.jpg 400w, https:\/\/www.visita-valencia.com\/wp-content\/uploads\/2018\/03\/Casa-Museo-Benlliure-2-600x406.jpg 600w, https:\/\/www.visita-valencia.com\/wp-content\/uploads\/2018\/03\/Casa-Museo-Benlliure-2-800x541.jpg 800w, https:\/\/www.visita-valencia.com\/wp-content\/uploads\/2018\/03\/Casa-Museo-Benlliure-2.jpg 1024w\" sizes=\"(min-width: 2200px) 100vw, (min-width: 732px) 583px, (min-width: 640px) 732px, \" \/><\/a><\/div><\/div><div class=\"clearfix\"><\/div><div style=\"padding:5px;\" class=\"fusion-grid-column fusion-gallery-column fusion-gallery-column-2 hover-type-none\"><div class=\"fusion-gallery-image\"><a href=\"https:\/\/www.visita-valencia.com\/wp-content\/uploads\/2018\/03\/Casa-Museo-Benlliure-3.jpg\" rel=\"noreferrer\" data-rel=\"iLightbox[gallery_image_1]\" class=\"fusion-lightbox\"><img decoding=\"async\" src=\"https:\/\/www.visita-valencia.com\/wp-content\/uploads\/2018\/03\/Casa-Museo-Benlliure-3.jpg\" width=\"1024\" height=\"710\" alt=\"\" title=\"Casa Museo Benlliure 3\" aria-label=\"Casa Museo Benlliure 3\" class=\"img-responsive wp-image-1934\" srcset=\"https:\/\/www.visita-valencia.com\/wp-content\/uploads\/2018\/03\/Casa-Museo-Benlliure-3-200x139.jpg 200w, https:\/\/www.visita-valencia.com\/wp-content\/uploads\/2018\/03\/Casa-Museo-Benlliure-3-400x277.jpg 400w, https:\/\/www.visita-valencia.com\/wp-content\/uploads\/2018\/03\/Casa-Museo-Benlliure-3-600x416.jpg 600w, https:\/\/www.visita-valencia.com\/wp-content\/uploads\/2018\/03\/Casa-Museo-Benlliure-3-800x555.jpg 800w, https:\/\/www.visita-valencia.com\/wp-content\/uploads\/2018\/03\/Casa-Museo-Benlliure-3.jpg 1024w\" sizes=\"(min-width: 2200px) 100vw, (min-width: 732px) 583px, (min-width: 640px) 732px, \" \/><\/a><\/div><\/div><div style=\"padding:5px;\" class=\"fusion-grid-column fusion-gallery-column fusion-gallery-column-2 hover-type-none\"><div class=\"fusion-gallery-image\"><a href=\"https:\/\/www.visita-valencia.com\/wp-content\/uploads\/2018\/03\/Casa-Museo-Concha-Piquer-2.jpg\" rel=\"noreferrer\" data-rel=\"iLightbox[gallery_image_1]\" class=\"fusion-lightbox\"><img decoding=\"async\" src=\"https:\/\/www.visita-valencia.com\/wp-content\/uploads\/2018\/03\/Casa-Museo-Concha-Piquer-2.jpg\" width=\"1024\" height=\"605\" alt=\"\" title=\"Casa Museo Concha Piquer 2\" aria-label=\"Casa Museo Concha Piquer 2\" class=\"img-responsive wp-image-1940\" srcset=\"https:\/\/www.visita-valencia.com\/wp-content\/uploads\/2018\/03\/Casa-Museo-Concha-Piquer-2-200x118.jpg 200w, https:\/\/www.visita-valencia.com\/wp-content\/uploads\/2018\/03\/Casa-Museo-Concha-Piquer-2-400x236.jpg 400w, https:\/\/www.visita-valencia.com\/wp-content\/uploads\/2018\/03\/Casa-Museo-Concha-Piquer-2-600x354.jpg 600w, https:\/\/www.visita-valencia.com\/wp-content\/uploads\/2018\/03\/Casa-Museo-Concha-Piquer-2-800x473.jpg 800w, https:\/\/www.visita-valencia.com\/wp-content\/uploads\/2018\/03\/Casa-Museo-Concha-Piquer-2.jpg 1024w\" sizes=\"(min-width: 2200px) 100vw, (min-width: 732px) 583px, (min-width: 640px) 732px, \" \/><\/a><\/div><\/div><div class=\"clearfix\"><\/div><div style=\"padding:5px;\" class=\"fusion-grid-column fusion-gallery-column fusion-gallery-column-2 hover-type-none\"><div class=\"fusion-gallery-image\"><a href=\"https:\/\/www.visita-valencia.com\/wp-content\/uploads\/2018\/03\/Casa-Museo-Concha-Piquer.jpg\" rel=\"noreferrer\" data-rel=\"iLightbox[gallery_image_1]\" class=\"fusion-lightbox\"><img decoding=\"async\" src=\"https:\/\/www.visita-valencia.com\/wp-content\/uploads\/2018\/03\/Casa-Museo-Concha-Piquer.jpg\" width=\"1024\" height=\"629\" alt=\"\" title=\"Casa Museo Concha Piquer\" aria-label=\"Casa Museo Concha Piquer\" class=\"img-responsive wp-image-1941\" srcset=\"https:\/\/www.visita-valencia.com\/wp-content\/uploads\/2018\/03\/Casa-Museo-Concha-Piquer-200x123.jpg 200w, https:\/\/www.visita-valencia.com\/wp-content\/uploads\/2018\/03\/Casa-Museo-Concha-Piquer-400x246.jpg 400w, https:\/\/www.visita-valencia.com\/wp-content\/uploads\/2018\/03\/Casa-Museo-Concha-Piquer-600x369.jpg 600w, https:\/\/www.visita-valencia.com\/wp-content\/uploads\/2018\/03\/Casa-Museo-Concha-Piquer-800x491.jpg 800w, https:\/\/www.visita-valencia.com\/wp-content\/uploads\/2018\/03\/Casa-Museo-Concha-Piquer.jpg 1024w\" sizes=\"(min-width: 2200px) 100vw, (min-width: 732px) 583px, (min-width: 640px) 732px, \" \/><\/a><\/div><\/div><\/div><div class=\"fusion-clearfix\"><\/div><\/div><\/div><\/div><\/div><div class=\"fusion-fullwidth fullwidth-box fusion-builder-row-2 nonhundred-percent-fullwidth non-hundred-percent-height-scrolling\" style=\"background-color: #242424;background-position: center center;background-repeat: no-repeat;padding-top:0px;padding-right:0px;padding-bottom:0px;padding-left:0px;margin-bottom: 0px;margin-top: 0px;border-width: 0px 0px 0px 0px;border-color:#3e3e3e;border-style:solid;\" ><div class=\"fusion-builder-row fusion-row\"><\/div><\/div><div class=\"fusion-fullwidth fullwidth-box fusion-builder-row-3 nonhundred-percent-fullwidth non-hundred-percent-height-scrolling\" style=\"background-color: #242424;background-position: center center;background-repeat: no-repeat;padding-top:0px;padding-right:0px;padding-bottom:0px;padding-left:0px;margin-bottom: 0px;margin-top: 0px;border-width: 0px 0px 0px 0px;border-color:#3e3e3e;border-style:solid;\" ><div class=\"fusion-builder-row fusion-row\"><div class=\"fusion-layout-column fusion_builder_column fusion-builder-column-2 fusion_builder_column_4_5 4_5 fusion-four-fifth fusion-column-first\" style=\"width:80%;width:calc(80% - ( ( 4% ) * 0.8 ) );margin-right: 4%;margin-top:0px;margin-bottom:20px;\"><div class=\"fusion-column-wrapper fusion-flex-column-wrapper-legacy\" style=\"background-position:left top;background-repeat:no-repeat;-webkit-background-size:cover;-moz-background-size:cover;-o-background-size:cover;background-size:cover;padding: 32px 0px 0px 0px;\"><div class=\"fusion-content-boxes content-boxes columns row fusion-columns-1 fusion-columns-total-1 fusion-content-boxes-1 content-boxes-clean-horizontal content-left content-boxes-icon-on-side\" data-animationOffset=\"top-into-view\" style=\"margin-top:0px;margin-bottom:60px;\"><style type=\"text\/css\">.fusion-content-boxes-1 .heading .content-box-heading {color:#ffffff;}\n\t\t\t\t\t.fusion-content-boxes-1 .fusion-content-box-hover .link-area-link-icon-hover .heading .content-box-heading,\n\t\t\t\t\t.fusion-content-boxes-1 .fusion-content-box-hover .link-area-link-icon-hover .heading .heading-link .content-box-heading,\n\t\t\t\t\t.fusion-content-boxes-1 .fusion-content-box-hover .link-area-box-hover .heading .content-box-heading,\n\t\t\t\t\t.fusion-content-boxes-1 .fusion-content-box-hover .link-area-box-hover .heading .heading-link .content-box-heading,\n\t\t\t\t\t.fusion-content-boxes-1 .fusion-content-box-hover .link-area-link-icon-hover.link-area-box .fusion-read-more,\n\t\t\t\t\t.fusion-content-boxes-1 .fusion-content-box-hover .link-area-link-icon-hover.link-area-box .fusion-read-more::after,\n\t\t\t\t\t.fusion-content-boxes-1 .fusion-content-box-hover .link-area-link-icon-hover.link-area-box .fusion-read-more::before,\n\t\t\t\t\t.fusion-content-boxes-1 .fusion-content-box-hover .fusion-read-more:hover:after,\n\t\t\t\t\t.fusion-content-boxes-1 .fusion-content-box-hover .fusion-read-more:hover:before,\n\t\t\t\t\t.fusion-content-boxes-1 .fusion-content-box-hover .fusion-read-more:hover,\n\t\t\t\t\t.fusion-content-boxes-1 .fusion-content-box-hover .link-area-box-hover.link-area-box .fusion-read-more,\n\t\t\t\t\t.fusion-content-boxes-1 .fusion-content-box-hover .link-area-box-hover.link-area-box .fusion-read-more::after,\n\t\t\t\t\t.fusion-content-boxes-1 .fusion-content-box-hover .link-area-box-hover.link-area-box .fusion-read-more::before,\n\t\t\t\t\t.fusion-content-boxes-1 .fusion-content-box-hover .link-area-link-icon-hover .icon .circle-no,\n\t\t\t\t\t.fusion-content-boxes-1 .heading .heading-link:hover .content-box-heading {\n\t\t\t\t\t\tcolor: #e0e0e0;\n\t\t\t\t\t}\n\t\t\t\t\t.fusion-content-boxes-1 .fusion-content-box-hover .link-area-box-hover .icon .circle-no {\n\t\t\t\t\t\tcolor: #e0e0e0 !important;\n\t\t\t\t\t}.fusion-content-boxes-1 .fusion-content-box-hover .link-area-box.link-area-box-hover .fusion-content-box-button {background: #00b5e1;color: #ffffff;}.fusion-content-boxes-1 .fusion-content-box-hover .link-area-box.link-area-box-hover .fusion-content-box-button .fusion-button-text {color: #ffffff;}\n\t\t\t\t\t.fusion-content-boxes-1 .fusion-content-box-hover .link-area-link-icon-hover .heading .icon > span {\n\t\t\t\t\t\tbackground-color: transparent !important;\n\t\t\t\t\t}\n\t\t\t\t\t.fusion-content-boxes-1 .fusion-content-box-hover .link-area-box-hover .heading .icon > span {\n\t\t\t\t\t\tborder-color: #e0e0e0 !important;\n\t\t\t\t\t}<\/style><div style=\"border-color:rgba(255,255,255,0);\" class=\"fusion-column content-box-column content-box-column content-box-column-1 col-lg-12 col-md-12 col-sm-12 fusion-content-box-hover content-box-column-last content-box-column-last-in-row\"><div class=\"col content-box-wrapper content-wrapper link-area-box icon-hover-animation-fade\" style=\"background-color:transparent;\" data-animationOffset=\"top-into-view\"><div class=\"heading heading-with-icon icon-left\"><div class=\"icon\"><i style=\"background-color:transparent;border-color:transparent;height:auto;width: 32px;line-height:normal;color:#ffffff;font-size:32px;\" aria-hidden=\"true\" class=\"fontawesome-icon fa fa-envelope-o circle-no fa-flip-horizontal\"><\/i><\/div><h2 class=\"content-box-heading fusion-responsive-typography-calculated\" style=\"font-size:32px;--fontSize:32;line-height:1.36;padding-left:52px;\">Se vuoi prenotare o semplicemente ricevere informazioni sulle nostre visite guidate a Valencia, contattami via e-mail o telefono.<\/h2><\/div><\/div><\/div><style type=\"text\/css\">\n\t\t\t\t\t\t.fusion-content-boxes-1 .fusion-content-box-hover .heading-link:hover .icon i.circle-yes,\n\t\t\t\t\t\t.fusion-content-boxes-1 .fusion-content-box-hover .link-area-box:hover .heading-link .icon i.circle-yes,\n\t\t\t\t\t\t.fusion-content-boxes-1 .fusion-content-box-hover .link-area-link-icon-hover .heading .icon i.circle-yes,\n\t\t\t\t\t\t.fusion-content-boxes-1 .fusion-content-box-hover .link-area-box-hover .heading .icon i.circle-yes {\n\t\t\t\t\t\t\tbackground-color: transparent !important;\n\t\t\t\t\t\t\tborder-color: #e0e0e0 !important;\n\t\t\t\t\t\t}<\/style><div class=\"fusion-clearfix\"><\/div><\/div><div class=\"fusion-clearfix\"><\/div><\/div><\/div><div class=\"fusion-layout-column fusion_builder_column fusion-builder-column-3 fusion_builder_column_1_5 1_5 fusion-one-fifth fusion-column-last\" style=\"width:20%;width:calc(20% - ( ( 4% ) * 0.2 ) );margin-top:0px;margin-bottom:20px;\"><div class=\"fusion-column-wrapper fusion-flex-column-wrapper-legacy\" style=\"background-position:left top;background-repeat:no-repeat;-webkit-background-size:cover;-moz-background-size:cover;-o-background-size:cover;background-size:cover;padding: 0px 0px 0px 0px;\"><div class=\"fusion-sep-clear\"><\/div><div class=\"fusion-separator fusion-full-width-sep\" style=\"margin-left: auto;margin-right: auto;margin-top:69px;width:100%;\"><\/div><div class=\"fusion-sep-clear\"><\/div><div class=\"fusion-alignright\"><style type=\"text\/css\">.fusion-button.button-1 .fusion-button-text, .fusion-button.button-1 i {color:#ffffff;}.fusion-button.button-1 .fusion-button-icon-divider{border-color:#ffffff;}.fusion-button.button-1:hover .fusion-button-text, .fusion-button.button-1:hover i,.fusion-button.button-1:focus .fusion-button-text, .fusion-button.button-1:focus i,.fusion-button.button-1:active .fusion-button-text, .fusion-button.button-1:active{color:#ffffff;}.fusion-button.button-1:hover .fusion-button-icon-divider, .fusion-button.button-1:hover .fusion-button-icon-divider, .fusion-button.button-1:active .fusion-button-icon-divider{border-color:#ffffff;}.fusion-button.button-1:hover, .fusion-button.button-1:focus, .fusion-button.button-1:active{border-color:#ffffff;}.fusion-button.button-1 {border-color:#ffffff;border-radius:4px;}.fusion-button.button-1{background: #00b5e1;}.fusion-button.button-1:hover,.button-1:focus,.fusion-button.button-1:active{background: #00b5e1;}<\/style><a class=\"fusion-button button-flat button-large button-custom button-1 fusion-button-default-span \" target=\"_self\" href=\"http:\/\/www.visita-valencia.com\/contacto-reservas\"><span class=\"fusion-button-text\">CONTATTI<\/span><\/a><\/div><div class=\"fusion-clearfix\"><\/div><\/div><\/div><\/div><\/div><\/p>\n","protected":false},"excerpt":{"rendered":"","protected":false},"author":1,"featured_media":0,"parent":2111,"menu_order":0,"comment_status":"closed","ping_status":"closed","template":"","meta":{"footnotes":""},"class_list":["post-2145","page","type-page","status-publish","hentry"],"yoast_head":"<!-- This site is optimized with the Yoast SEO plugin v27.5 - https:\/\/yoast.com\/product\/yoast-seo-wordpress\/ -->\n<title>Valencia ed i suoi valenciani - Cultura di Valencia | Visita-Valencia<\/title>\n<meta name=\"description\" content=\"In questa visita guidata &quot;Valencia e i suoi valenciani - Cultura di Valencia&quot;, parleremo delle loro vite e dei loro successi professionali e cercheremo di trasmetter i il filo conduttore che li ha uniti, l\u00b4amore per la loro citt\u00e0: Valencia.\" \/>\n<meta name=\"robots\" content=\"index, follow, max-snippet:-1, max-image-preview:large, max-video-preview:-1\" \/>\n<link rel=\"canonical\" href=\"https:\/\/www.visita-valencia.com\/visitas-guiadas-tours-valencia\/valencia-y-sus-valencianos\" \/>\n<meta property=\"og:locale\" content=\"it_IT\" \/>\n<meta property=\"og:type\" content=\"article\" \/>\n<meta property=\"og:title\" content=\"Valencia ed i suoi valenciani - Cultura di Valencia | Visita-Valencia\" \/>\n<meta property=\"og:description\" content=\"In questa visita guidata &quot;Valencia e i suoi valenciani - Cultura di Valencia&quot;, parleremo delle loro vite e dei loro successi professionali e cercheremo di trasmetter i il filo conduttore che li ha uniti, l\u00b4amore per la loro citt\u00e0: Valencia.\" \/>\n<meta property=\"og:url\" content=\"https:\/\/www.visita-valencia.com\/visitas-guiadas-tours-valencia\/valencia-y-sus-valencianos\" \/>\n<meta property=\"og:site_name\" content=\"Gu\u00eda tur\u00edstica de Valencia\" \/>\n<meta property=\"article:modified_time\" content=\"2018-07-07T09:51:02+00:00\" \/>\n<meta name=\"twitter:card\" content=\"summary_large_image\" \/>\n<meta name=\"twitter:label1\" content=\"Tempo di lettura stimato\" \/>\n\t<meta name=\"twitter:data1\" content=\"6 minuti\" \/>\n<script type=\"application\/ld+json\" class=\"yoast-schema-graph\">{\"@context\":\"https:\\\/\\\/schema.org\",\"@graph\":[{\"@type\":\"WebPage\",\"@id\":\"https:\\\/\\\/www.visita-valencia.com\\\/visitas-guiadas-tours-valencia\\\/valencia-y-sus-valencianos\",\"url\":\"https:\\\/\\\/www.visita-valencia.com\\\/visitas-guiadas-tours-valencia\\\/valencia-y-sus-valencianos\",\"name\":\"Valencia ed i suoi valenciani - Cultura di Valencia | Visita-Valencia\",\"isPartOf\":{\"@id\":\"https:\\\/\\\/www.visita-valencia.com\\\/#website\"},\"datePublished\":\"2018-02-18T07:56:14+00:00\",\"dateModified\":\"2018-07-07T09:51:02+00:00\",\"description\":\"In questa visita guidata \\\"Valencia e i suoi valenciani - Cultura di Valencia\\\", parleremo delle loro vite e dei loro successi professionali e cercheremo di trasmetter i il filo conduttore che li ha uniti, l\u00b4amore per la loro citt\u00e0: Valencia.\",\"breadcrumb\":{\"@id\":\"https:\\\/\\\/www.visita-valencia.com\\\/visitas-guiadas-tours-valencia\\\/valencia-y-sus-valencianos#breadcrumb\"},\"inLanguage\":\"it-IT\",\"potentialAction\":[{\"@type\":\"ReadAction\",\"target\":[\"https:\\\/\\\/www.visita-valencia.com\\\/visitas-guiadas-tours-valencia\\\/valencia-y-sus-valencianos\"]}]},{\"@type\":\"BreadcrumbList\",\"@id\":\"https:\\\/\\\/www.visita-valencia.com\\\/visitas-guiadas-tours-valencia\\\/valencia-y-sus-valencianos#breadcrumb\",\"itemListElement\":[{\"@type\":\"ListItem\",\"position\":1,\"name\":\"Portada\",\"item\":\"https:\\\/\\\/www.visita-valencia.com\\\/it\"},{\"@type\":\"ListItem\",\"position\":2,\"name\":\"VISITAS GUIADAS Y TOURS VALENCIA\",\"item\":\"https:\\\/\\\/www.visita-valencia.com\\\/visitas-guiadas-tours-valencia\"},{\"@type\":\"ListItem\",\"position\":3,\"name\":\"Valencia ed i suoi valenciani\"}]},{\"@type\":\"WebSite\",\"@id\":\"https:\\\/\\\/www.visita-valencia.com\\\/#website\",\"url\":\"https:\\\/\\\/www.visita-valencia.com\\\/\",\"name\":\"Gu\u00eda tur\u00edstica de Valencia\",\"description\":\"Visitas guiadas en Valencia\",\"publisher\":{\"@id\":\"https:\\\/\\\/www.visita-valencia.com\\\/#organization\"},\"potentialAction\":[{\"@type\":\"SearchAction\",\"target\":{\"@type\":\"EntryPoint\",\"urlTemplate\":\"https:\\\/\\\/www.visita-valencia.com\\\/?s={search_term_string}\"},\"query-input\":{\"@type\":\"PropertyValueSpecification\",\"valueRequired\":true,\"valueName\":\"search_term_string\"}}],\"inLanguage\":\"it-IT\"},{\"@type\":\"Organization\",\"@id\":\"https:\\\/\\\/www.visita-valencia.com\\\/#organization\",\"name\":\"Visita-Valencia\",\"url\":\"https:\\\/\\\/www.visita-valencia.com\\\/\",\"logo\":{\"@type\":\"ImageObject\",\"inLanguage\":\"it-IT\",\"@id\":\"https:\\\/\\\/www.visita-valencia.com\\\/#\\\/schema\\\/logo\\\/image\\\/\",\"url\":\"http:\\\/\\\/www.visita-valencia.com\\\/wp-content\\\/uploads\\\/2018\\\/01\\\/logo-VV-blanco-web.png\",\"contentUrl\":\"http:\\\/\\\/www.visita-valencia.com\\\/wp-content\\\/uploads\\\/2018\\\/01\\\/logo-VV-blanco-web.png\",\"width\":241,\"height\":84,\"caption\":\"Visita-Valencia\"},\"image\":{\"@id\":\"https:\\\/\\\/www.visita-valencia.com\\\/#\\\/schema\\\/logo\\\/image\\\/\"}}]}<\/script>\n<!-- \/ Yoast SEO plugin. -->","yoast_head_json":{"title":"Valencia ed i suoi valenciani - Cultura di Valencia | Visita-Valencia","description":"In questa visita guidata \"Valencia e i suoi valenciani - Cultura di Valencia\", parleremo delle loro vite e dei loro successi professionali e cercheremo di trasmetter i il filo conduttore che li ha uniti, l\u00b4amore per la loro citt\u00e0: Valencia.","robots":{"index":"index","follow":"follow","max-snippet":"max-snippet:-1","max-image-preview":"max-image-preview:large","max-video-preview":"max-video-preview:-1"},"canonical":"https:\/\/www.visita-valencia.com\/visitas-guiadas-tours-valencia\/valencia-y-sus-valencianos","og_locale":"it_IT","og_type":"article","og_title":"Valencia ed i suoi valenciani - Cultura di Valencia | Visita-Valencia","og_description":"In questa visita guidata \"Valencia e i suoi valenciani - Cultura di Valencia\", parleremo delle loro vite e dei loro successi professionali e cercheremo di trasmetter i il filo conduttore che li ha uniti, l\u00b4amore per la loro citt\u00e0: Valencia.","og_url":"https:\/\/www.visita-valencia.com\/visitas-guiadas-tours-valencia\/valencia-y-sus-valencianos","og_site_name":"Gu\u00eda tur\u00edstica de Valencia","article_modified_time":"2018-07-07T09:51:02+00:00","twitter_card":"summary_large_image","twitter_misc":{"Tempo di lettura stimato":"6 minuti"},"schema":{"@context":"https:\/\/schema.org","@graph":[{"@type":"WebPage","@id":"https:\/\/www.visita-valencia.com\/visitas-guiadas-tours-valencia\/valencia-y-sus-valencianos","url":"https:\/\/www.visita-valencia.com\/visitas-guiadas-tours-valencia\/valencia-y-sus-valencianos","name":"Valencia ed i suoi valenciani - Cultura di Valencia | Visita-Valencia","isPartOf":{"@id":"https:\/\/www.visita-valencia.com\/#website"},"datePublished":"2018-02-18T07:56:14+00:00","dateModified":"2018-07-07T09:51:02+00:00","description":"In questa visita guidata \"Valencia e i suoi valenciani - Cultura di Valencia\", parleremo delle loro vite e dei loro successi professionali e cercheremo di trasmetter i il filo conduttore che li ha uniti, l\u00b4amore per la loro citt\u00e0: Valencia.","breadcrumb":{"@id":"https:\/\/www.visita-valencia.com\/visitas-guiadas-tours-valencia\/valencia-y-sus-valencianos#breadcrumb"},"inLanguage":"it-IT","potentialAction":[{"@type":"ReadAction","target":["https:\/\/www.visita-valencia.com\/visitas-guiadas-tours-valencia\/valencia-y-sus-valencianos"]}]},{"@type":"BreadcrumbList","@id":"https:\/\/www.visita-valencia.com\/visitas-guiadas-tours-valencia\/valencia-y-sus-valencianos#breadcrumb","itemListElement":[{"@type":"ListItem","position":1,"name":"Portada","item":"https:\/\/www.visita-valencia.com\/it"},{"@type":"ListItem","position":2,"name":"VISITAS GUIADAS Y TOURS VALENCIA","item":"https:\/\/www.visita-valencia.com\/visitas-guiadas-tours-valencia"},{"@type":"ListItem","position":3,"name":"Valencia ed i suoi valenciani"}]},{"@type":"WebSite","@id":"https:\/\/www.visita-valencia.com\/#website","url":"https:\/\/www.visita-valencia.com\/","name":"Gu\u00eda tur\u00edstica de Valencia","description":"Visitas guiadas en Valencia","publisher":{"@id":"https:\/\/www.visita-valencia.com\/#organization"},"potentialAction":[{"@type":"SearchAction","target":{"@type":"EntryPoint","urlTemplate":"https:\/\/www.visita-valencia.com\/?s={search_term_string}"},"query-input":{"@type":"PropertyValueSpecification","valueRequired":true,"valueName":"search_term_string"}}],"inLanguage":"it-IT"},{"@type":"Organization","@id":"https:\/\/www.visita-valencia.com\/#organization","name":"Visita-Valencia","url":"https:\/\/www.visita-valencia.com\/","logo":{"@type":"ImageObject","inLanguage":"it-IT","@id":"https:\/\/www.visita-valencia.com\/#\/schema\/logo\/image\/","url":"http:\/\/www.visita-valencia.com\/wp-content\/uploads\/2018\/01\/logo-VV-blanco-web.png","contentUrl":"http:\/\/www.visita-valencia.com\/wp-content\/uploads\/2018\/01\/logo-VV-blanco-web.png","width":241,"height":84,"caption":"Visita-Valencia"},"image":{"@id":"https:\/\/www.visita-valencia.com\/#\/schema\/logo\/image\/"}}]}},"_links":{"self":[{"href":"https:\/\/www.visita-valencia.com\/it\/wp-json\/wp\/v2\/pages\/2145","targetHints":{"allow":["GET"]}}],"collection":[{"href":"https:\/\/www.visita-valencia.com\/it\/wp-json\/wp\/v2\/pages"}],"about":[{"href":"https:\/\/www.visita-valencia.com\/it\/wp-json\/wp\/v2\/types\/page"}],"author":[{"embeddable":true,"href":"https:\/\/www.visita-valencia.com\/it\/wp-json\/wp\/v2\/users\/1"}],"replies":[{"embeddable":true,"href":"https:\/\/www.visita-valencia.com\/it\/wp-json\/wp\/v2\/comments?post=2145"}],"version-history":[{"count":5,"href":"https:\/\/www.visita-valencia.com\/it\/wp-json\/wp\/v2\/pages\/2145\/revisions"}],"predecessor-version":[{"id":2270,"href":"https:\/\/www.visita-valencia.com\/it\/wp-json\/wp\/v2\/pages\/2145\/revisions\/2270"}],"up":[{"embeddable":true,"href":"https:\/\/www.visita-valencia.com\/it\/wp-json\/wp\/v2\/pages\/2111"}],"wp:attachment":[{"href":"https:\/\/www.visita-valencia.com\/it\/wp-json\/wp\/v2\/media?parent=2145"}],"curies":[{"name":"wp","href":"https:\/\/api.w.org\/{rel}","templated":true}]}}