{"id":2189,"date":"2015-01-27T11:55:16","date_gmt":"2015-01-27T11:55:16","guid":{"rendered":"http:\/\/www.visita-valencia.com\/blog-turismo-valencia"},"modified":"2018-07-07T09:37:28","modified_gmt":"2018-07-07T09:37:28","slug":"blog-turismo-valencia","status":"publish","type":"page","link":"https:\/\/www.visita-valencia.com\/it\/blog-turismo-valencia","title":{"rendered":"BLOG TURISMO A VALENCIA"},"content":{"rendered":"<p><div class=\"fusion-fullwidth fullwidth-box fusion-builder-row-1 nonhundred-percent-fullwidth non-hundred-percent-height-scrolling\" style=\"background-color: #242424;background-position: left top;background-repeat: no-repeat;padding-top:110px;padding-right:0px;padding-bottom:13px;padding-left:0px;margin-bottom: 0px;margin-top: 0px;border-width: 0px 0px 0px 0px;border-color:#3e3e3e;border-style:solid;\" ><div class=\"fusion-builder-row fusion-row\"><div class=\"fusion-layout-column fusion_builder_column fusion-builder-column-0 fusion_builder_column_2_3 2_3 fusion-two-third fusion-column-first\" style=\"width:65.3333%; margin-right: 4%;margin-top:0px;margin-bottom:20px;\"><div class=\"fusion-column-wrapper fusion-flex-column-wrapper-legacy\" style=\"background-position:left top;background-repeat:no-repeat;-webkit-background-size:cover;-moz-background-size:cover;-o-background-size:cover;background-size:cover;padding: 0px 0px 0px 0px;\"><div class=\"fusion-post-slider fusion-flexslider fusion-flexslider-loading flexslider-posts-with-excerpt\"><ul class=\"slides\"><li><a href=\"https:\/\/www.visita-valencia.com\/it\/tradizione-roscon-reyes\" aria-label=\"TRADIZIONE NATALIZIA IN SPAGNA: EL ROSC\u00d3N DE REYES\"><img decoding=\"async\" width=\"890\" height=\"445\" class=\"wp-image-2736\" src=\"https:\/\/www.visita-valencia.com\/wp-content\/uploads\/2019\/12\/roscon-de-reyes_258_1.jpg\" alt=\"rosc\u00f3n de reyes\" srcset=\"https:\/\/www.visita-valencia.com\/wp-content\/uploads\/2019\/12\/roscon-de-reyes_258_1-200x100.jpg 200w, https:\/\/www.visita-valencia.com\/wp-content\/uploads\/2019\/12\/roscon-de-reyes_258_1-400x200.jpg 400w, https:\/\/www.visita-valencia.com\/wp-content\/uploads\/2019\/12\/roscon-de-reyes_258_1-600x300.jpg 600w, https:\/\/www.visita-valencia.com\/wp-content\/uploads\/2019\/12\/roscon-de-reyes_258_1-800x400.jpg 800w, https:\/\/www.visita-valencia.com\/wp-content\/uploads\/2019\/12\/roscon-de-reyes_258_1.jpg 890w\" sizes=\"(max-width: 800px) 100vw, 800px\" \/><\/a><div class=\"slide-excerpt\"><div class=\"excerpt-container\"><h2><a href=\"https:\/\/www.visita-valencia.com\/it\/tradizione-roscon-reyes\">TRADIZIONE NATALIZIA IN SPAGNA: EL ROSC\u00d3N DE REYES<\/a><\/h2><p>Eccoci di nuovo con\u00a0una delle pi\u00f9\u00a0importanti\u00a0e\u00a0particolari\u00a0tradizioni natalizie\u00a0in Spagna:\u00a0el\u00a0Rosc\u00f3n de\u00a0Reyes. Se la settimana\u00a0scorsa Vi parlavo\u00a0dei\u00a0dodici\u00a0chicchi d\u2019uva\u00a0portafortuna, oggi\u00a0Vi\u00a0parler\u00f2\u00a0del\u00a0Rosc\u00f3n\u00a0de\u00a0Reyes. Possiamo\u00a0trovarlo\u00a0ripieno di crema,\u00a0di\u00a0panna o\u00a0di\u00a0tartufo, possiamo\u00a0mangiarlo con\u00a0gli amici o la famiglia,\u00a0la notte del 5 gennaio o il pomeriggio del 6 gennaio, ma\u00a0in Spagna\u00a0non c'\u00e8\u00a0nessuno che resista a un pezzo di\u00a0Rosc\u00f3n\u00a0de\u00a0Reyes\u00a0quando [...]<\/p><\/div><\/div><\/li><li><a href=\"https:\/\/www.visita-valencia.com\/it\/12-chicchi-portafortuna\" aria-label=\"LA TRADIZIONE DEI CHICCHI D\u00b4UVA\"><img decoding=\"async\" width=\"1960\" height=\"1199\" class=\"wp-image-2724\" src=\"https:\/\/www.visita-valencia.com\/wp-content\/uploads\/2019\/12\/12-uvas.jpg\" alt=\"tradici\u00f3n de las 12 uvas\" srcset=\"https:\/\/www.visita-valencia.com\/wp-content\/uploads\/2019\/12\/12-uvas-200x122.jpg 200w, https:\/\/www.visita-valencia.com\/wp-content\/uploads\/2019\/12\/12-uvas-400x245.jpg 400w, https:\/\/www.visita-valencia.com\/wp-content\/uploads\/2019\/12\/12-uvas-600x367.jpg 600w, https:\/\/www.visita-valencia.com\/wp-content\/uploads\/2019\/12\/12-uvas-800x489.jpg 800w, https:\/\/www.visita-valencia.com\/wp-content\/uploads\/2019\/12\/12-uvas-1200x734.jpg 1200w, https:\/\/www.visita-valencia.com\/wp-content\/uploads\/2019\/12\/12-uvas.jpg 1960w\" sizes=\"(max-width: 800px) 100vw, 800px\" \/><\/a><div class=\"slide-excerpt\"><div class=\"excerpt-container\"><h2><a href=\"https:\/\/www.visita-valencia.com\/it\/12-chicchi-portafortuna\">LA TRADIZIONE DEI CHICCHI D\u00b4UVA<\/a><\/h2><p>Tra meno di un mese arriver\u00e0 il Natale, il Capodanno e l\u2019Anno nuovo e con tutto questo arriveranno centinaia di tradizioni che ci accompagnano sin da quando eravamo piccoli. Senza dubbio una delle tradizioni principali nella nostra cultura natalizia \u00e8 quella di mangiare i dodici [...]<\/p><\/div><\/div><\/li><li><a href=\"https:\/\/www.visita-valencia.com\/it\/migliori-roof-toop-valencia\" aria-label=\"I MIGLIORI ROOFTOP DI VALENCIA\"><img decoding=\"async\" width=\"640\" height=\"360\" class=\"wp-image-2617\" src=\"https:\/\/www.visita-valencia.com\/wp-content\/uploads\/2019\/07\/270-grados-terrace-at-barcelo-valencia-1.jpg\" alt=\"rooftop valencia\" srcset=\"https:\/\/www.visita-valencia.com\/wp-content\/uploads\/2019\/07\/270-grados-terrace-at-barcelo-valencia-1-200x113.jpg 200w, https:\/\/www.visita-valencia.com\/wp-content\/uploads\/2019\/07\/270-grados-terrace-at-barcelo-valencia-1-400x225.jpg 400w, https:\/\/www.visita-valencia.com\/wp-content\/uploads\/2019\/07\/270-grados-terrace-at-barcelo-valencia-1-600x338.jpg 600w, https:\/\/www.visita-valencia.com\/wp-content\/uploads\/2019\/07\/270-grados-terrace-at-barcelo-valencia-1.jpg 640w\" sizes=\"(max-width: 800px) 100vw, 640px\" \/><\/a><div class=\"slide-excerpt\"><div class=\"excerpt-container\"><h2><a href=\"https:\/\/www.visita-valencia.com\/it\/migliori-roof-toop-valencia\">I MIGLIORI ROOFTOP DI VALENCIA<\/a><\/h2><p>Che caldo! S\u00ec, \u00e8 gi\u00e0 luglio e c\u00b4\u00e8 lo stesso caldo di tutti gli anni, circa 30\u00b0\/32\u00b0 che sembrano ancora di pi\u00f9 a causa dell'umidit\u00e0 del 60\/70% che abbiamo qui a Valencia. Ma con l'arrivo dell'estate riusciamo a realizzare i migliori progetti dell'anno. Abbiamo pi\u00f9 [...]<\/p><\/div><\/div><\/li><\/ul><\/div><div class=\"fusion-sep-clear\"><\/div><div class=\"fusion-separator fusion-full-width-sep\" style=\"margin-left: auto;margin-right: auto;width:100%;\"><\/div><div class=\"fusion-sep-clear\"><\/div><div class=\"fusion-clearfix\"><\/div><\/div><\/div><div class=\"fusion-layout-column fusion_builder_column fusion-builder-column-1 fusion_builder_column_1_3 1_3 fusion-one-third fusion-column-last\" style=\"width:30.6666%;margin-top:0px;margin-bottom:20px;\"><div class=\"fusion-column-wrapper fusion-flex-column-wrapper-legacy\" style=\"background-position:left top;background-repeat:no-repeat;-webkit-background-size:cover;-moz-background-size:cover;-o-background-size:cover;background-size:cover;padding: 0px 0px 0px 0px;\"><div class=\"fusion-post-slider fusion-flexslider fusion-flexslider-loading flexslider-posts\"><ul class=\"slides\"><li><a href=\"https:\/\/www.visita-valencia.com\/it\/tradizione-roscon-reyes\" aria-label=\"TRADIZIONE NATALIZIA IN SPAGNA: EL ROSC\u00d3N DE REYES\"><img decoding=\"async\" width=\"890\" height=\"445\" class=\"wp-image-2736\" src=\"https:\/\/www.visita-valencia.com\/wp-content\/uploads\/2019\/12\/roscon-de-reyes_258_1.jpg\" alt=\"rosc\u00f3n de reyes\" srcset=\"https:\/\/www.visita-valencia.com\/wp-content\/uploads\/2019\/12\/roscon-de-reyes_258_1-200x100.jpg 200w, https:\/\/www.visita-valencia.com\/wp-content\/uploads\/2019\/12\/roscon-de-reyes_258_1-400x200.jpg 400w, https:\/\/www.visita-valencia.com\/wp-content\/uploads\/2019\/12\/roscon-de-reyes_258_1-600x300.jpg 600w, https:\/\/www.visita-valencia.com\/wp-content\/uploads\/2019\/12\/roscon-de-reyes_258_1-800x400.jpg 800w, https:\/\/www.visita-valencia.com\/wp-content\/uploads\/2019\/12\/roscon-de-reyes_258_1.jpg 890w\" sizes=\"(max-width: 800px) 100vw, 400px\" \/><\/a><div class=\"slide-excerpt\"><h2><a href=\"https:\/\/www.visita-valencia.com\/it\/tradizione-roscon-reyes\">TRADIZIONE NATALIZIA IN SPAGNA: EL ROSC\u00d3N DE REYES<\/a><\/h2><\/div><\/li><li><a href=\"https:\/\/www.visita-valencia.com\/it\/12-chicchi-portafortuna\" aria-label=\"LA TRADIZIONE DEI CHICCHI D\u00b4UVA\"><img decoding=\"async\" width=\"1960\" height=\"1199\" class=\"wp-image-2724\" src=\"https:\/\/www.visita-valencia.com\/wp-content\/uploads\/2019\/12\/12-uvas.jpg\" alt=\"tradici\u00f3n de las 12 uvas\" srcset=\"https:\/\/www.visita-valencia.com\/wp-content\/uploads\/2019\/12\/12-uvas-200x122.jpg 200w, https:\/\/www.visita-valencia.com\/wp-content\/uploads\/2019\/12\/12-uvas-400x245.jpg 400w, https:\/\/www.visita-valencia.com\/wp-content\/uploads\/2019\/12\/12-uvas-600x367.jpg 600w, https:\/\/www.visita-valencia.com\/wp-content\/uploads\/2019\/12\/12-uvas-800x489.jpg 800w, https:\/\/www.visita-valencia.com\/wp-content\/uploads\/2019\/12\/12-uvas-1200x734.jpg 1200w, https:\/\/www.visita-valencia.com\/wp-content\/uploads\/2019\/12\/12-uvas.jpg 1960w\" sizes=\"(max-width: 800px) 100vw, 400px\" \/><\/a><div class=\"slide-excerpt\"><h2><a href=\"https:\/\/www.visita-valencia.com\/it\/12-chicchi-portafortuna\">LA TRADIZIONE DEI CHICCHI D\u00b4UVA<\/a><\/h2><\/div><\/li><li><a href=\"https:\/\/www.visita-valencia.com\/it\/migliori-roof-toop-valencia\" aria-label=\"I MIGLIORI ROOFTOP DI VALENCIA\"><img decoding=\"async\" width=\"640\" height=\"360\" class=\"wp-image-2617\" src=\"https:\/\/www.visita-valencia.com\/wp-content\/uploads\/2019\/07\/270-grados-terrace-at-barcelo-valencia-1.jpg\" alt=\"rooftop valencia\" srcset=\"https:\/\/www.visita-valencia.com\/wp-content\/uploads\/2019\/07\/270-grados-terrace-at-barcelo-valencia-1-200x113.jpg 200w, https:\/\/www.visita-valencia.com\/wp-content\/uploads\/2019\/07\/270-grados-terrace-at-barcelo-valencia-1-400x225.jpg 400w, https:\/\/www.visita-valencia.com\/wp-content\/uploads\/2019\/07\/270-grados-terrace-at-barcelo-valencia-1-600x338.jpg 600w, https:\/\/www.visita-valencia.com\/wp-content\/uploads\/2019\/07\/270-grados-terrace-at-barcelo-valencia-1.jpg 640w\" sizes=\"(max-width: 800px) 100vw, 400px\" \/><\/a><div class=\"slide-excerpt\"><h2><a href=\"https:\/\/www.visita-valencia.com\/it\/migliori-roof-toop-valencia\">I MIGLIORI ROOFTOP DI VALENCIA<\/a><\/h2><\/div><\/li><\/ul><\/div><div class=\"fusion-sep-clear\"><\/div><div class=\"fusion-separator fusion-full-width-sep\" style=\"margin-left: auto;margin-right: auto;margin-top:16px;margin-bottom:16px;width:100%;\"><\/div><div class=\"fusion-sep-clear\"><\/div><div class=\"fusion-post-slider fusion-flexslider fusion-flexslider-loading flexslider-posts\"><ul class=\"slides\"><li><a href=\"https:\/\/www.visita-valencia.com\/it\/tradizione-roscon-reyes\" aria-label=\"TRADIZIONE NATALIZIA IN SPAGNA: EL ROSC\u00d3N DE REYES\"><img decoding=\"async\" width=\"890\" height=\"445\" class=\"wp-image-2736\" src=\"https:\/\/www.visita-valencia.com\/wp-content\/uploads\/2019\/12\/roscon-de-reyes_258_1.jpg\" alt=\"rosc\u00f3n de reyes\" srcset=\"https:\/\/www.visita-valencia.com\/wp-content\/uploads\/2019\/12\/roscon-de-reyes_258_1-200x100.jpg 200w, https:\/\/www.visita-valencia.com\/wp-content\/uploads\/2019\/12\/roscon-de-reyes_258_1-400x200.jpg 400w, https:\/\/www.visita-valencia.com\/wp-content\/uploads\/2019\/12\/roscon-de-reyes_258_1-600x300.jpg 600w, https:\/\/www.visita-valencia.com\/wp-content\/uploads\/2019\/12\/roscon-de-reyes_258_1-800x400.jpg 800w, https:\/\/www.visita-valencia.com\/wp-content\/uploads\/2019\/12\/roscon-de-reyes_258_1.jpg 890w\" sizes=\"(max-width: 800px) 100vw, 400px\" \/><\/a><div class=\"slide-excerpt\"><h2><a href=\"https:\/\/www.visita-valencia.com\/it\/tradizione-roscon-reyes\">TRADIZIONE NATALIZIA IN SPAGNA: EL ROSC\u00d3N DE REYES<\/a><\/h2><\/div><\/li><li><a href=\"https:\/\/www.visita-valencia.com\/it\/12-chicchi-portafortuna\" aria-label=\"LA TRADIZIONE DEI CHICCHI D\u00b4UVA\"><img decoding=\"async\" width=\"1960\" height=\"1199\" class=\"wp-image-2724\" src=\"https:\/\/www.visita-valencia.com\/wp-content\/uploads\/2019\/12\/12-uvas.jpg\" alt=\"tradici\u00f3n de las 12 uvas\" srcset=\"https:\/\/www.visita-valencia.com\/wp-content\/uploads\/2019\/12\/12-uvas-200x122.jpg 200w, https:\/\/www.visita-valencia.com\/wp-content\/uploads\/2019\/12\/12-uvas-400x245.jpg 400w, https:\/\/www.visita-valencia.com\/wp-content\/uploads\/2019\/12\/12-uvas-600x367.jpg 600w, https:\/\/www.visita-valencia.com\/wp-content\/uploads\/2019\/12\/12-uvas-800x489.jpg 800w, https:\/\/www.visita-valencia.com\/wp-content\/uploads\/2019\/12\/12-uvas-1200x734.jpg 1200w, https:\/\/www.visita-valencia.com\/wp-content\/uploads\/2019\/12\/12-uvas.jpg 1960w\" sizes=\"(max-width: 800px) 100vw, 400px\" \/><\/a><div class=\"slide-excerpt\"><h2><a href=\"https:\/\/www.visita-valencia.com\/it\/12-chicchi-portafortuna\">LA TRADIZIONE DEI CHICCHI D\u00b4UVA<\/a><\/h2><\/div><\/li><li><a href=\"https:\/\/www.visita-valencia.com\/it\/migliori-roof-toop-valencia\" aria-label=\"I MIGLIORI ROOFTOP DI VALENCIA\"><img decoding=\"async\" width=\"640\" height=\"360\" class=\"wp-image-2617\" src=\"https:\/\/www.visita-valencia.com\/wp-content\/uploads\/2019\/07\/270-grados-terrace-at-barcelo-valencia-1.jpg\" alt=\"rooftop valencia\" srcset=\"https:\/\/www.visita-valencia.com\/wp-content\/uploads\/2019\/07\/270-grados-terrace-at-barcelo-valencia-1-200x113.jpg 200w, https:\/\/www.visita-valencia.com\/wp-content\/uploads\/2019\/07\/270-grados-terrace-at-barcelo-valencia-1-400x225.jpg 400w, https:\/\/www.visita-valencia.com\/wp-content\/uploads\/2019\/07\/270-grados-terrace-at-barcelo-valencia-1-600x338.jpg 600w, https:\/\/www.visita-valencia.com\/wp-content\/uploads\/2019\/07\/270-grados-terrace-at-barcelo-valencia-1.jpg 640w\" sizes=\"(max-width: 800px) 100vw, 400px\" \/><\/a><div class=\"slide-excerpt\"><h2><a href=\"https:\/\/www.visita-valencia.com\/it\/migliori-roof-toop-valencia\">I MIGLIORI ROOFTOP DI VALENCIA<\/a><\/h2><\/div><\/li><\/ul><\/div><div class=\"fusion-clearfix\"><\/div><\/div><\/div><\/div><\/div><div class=\"fusion-fullwidth fullwidth-box fusion-builder-row-2 nonhundred-percent-fullwidth non-hundred-percent-height-scrolling\" style=\"background-color: #242424;background-position: left top;background-repeat: no-repeat;padding-top:0px;padding-right:0px;padding-bottom:60px;padding-left:0px;margin-bottom: 0px;margin-top: 0px;border-width: 0px 0px 0px 0px;border-color:#3e3e3e;border-style:solid;\" ><div class=\"fusion-builder-row fusion-row\"><div class=\"fusion-layout-column fusion_builder_column fusion-builder-column-2 fusion_builder_column_1_1 1_1 fusion-one-full fusion-column-first fusion-column-last fusion-column-no-min-height\" style=\"margin-top:0px;margin-bottom:0px;\"><div class=\"fusion-column-wrapper fusion-flex-column-wrapper-legacy\" style=\"background-position:left top;background-repeat:no-repeat;-webkit-background-size:cover;-moz-background-size:cover;-o-background-size:cover;background-size:cover;padding: 0px 0px 0px 0px;\"><div class=\"fusion-blog-shortcode fusion-blog-shortcode-1 fusion-blog-archive fusion-blog-layout-grid-wrapper fusion-blog-pagination\"><style type=\"text\/css\">.fusion-blog-shortcode-1 .fusion-blog-layout-grid .fusion-post-grid{padding:20.5px;}.fusion-blog-shortcode-1 .fusion-posts-container{margin-left: -20.5px !important; margin-right:-20.5px !important;}<\/style><div class=\"fusion-posts-container fusion-posts-container-pagination fusion-blog-rollover fusion-blog-layout-grid fusion-blog-layout-grid-3 isotope\" data-pages=\"2\" data-grid-col-space=\"41\" style=\"margin: -20.5px -20.5px 0;min-height:500px;\"><article id=\"blog-1-post-2740\" class=\"fusion-post-grid post-2740 post type-post status-publish format-standard has-post-thumbnail hentry category-gastronomia-a-valencia-it category-informacion-practica-sobre-valencia-it\">\n<div class=\"fusion-post-wrapper\" style=\"background-color:rgba(255,255,255,0);border:1px solid #3e3e3e;border-bottom-width:3px;\">\n\n\t\t\t<div class=\"fusion-flexslider flexslider fusion-flexslider-loading fusion-post-slideshow\" style=\"border-color:#3e3e3e;\">\n\t\t<ul class=\"slides\">\n\t\t\t\n\t\t\t\t\t\t\t\t\t\t\t\t\t\t<li><div  class=\"fusion-image-wrapper\" aria-haspopup=\"true\">\n\t\t\t\t  <img decoding=\"async\" width=\"890\" height=\"445\" src=\"https:\/\/www.visita-valencia.com\/wp-content\/uploads\/2019\/12\/roscon-de-reyes_258_1.jpg\" class=\"attachment-full size-full wp-post-image\" alt=\"rosc\u00f3n de reyes\" srcset=\"https:\/\/www.visita-valencia.com\/wp-content\/uploads\/2019\/12\/roscon-de-reyes_258_1-200x100.jpg 200w, https:\/\/www.visita-valencia.com\/wp-content\/uploads\/2019\/12\/roscon-de-reyes_258_1-400x200.jpg 400w, https:\/\/www.visita-valencia.com\/wp-content\/uploads\/2019\/12\/roscon-de-reyes_258_1-600x300.jpg 600w, https:\/\/www.visita-valencia.com\/wp-content\/uploads\/2019\/12\/roscon-de-reyes_258_1-800x400.jpg 800w, https:\/\/www.visita-valencia.com\/wp-content\/uploads\/2019\/12\/roscon-de-reyes_258_1.jpg 890w\" sizes=\"(min-width: 2200px) 100vw, (min-width: 824px) 363px, (min-width: 732px) 544px, (min-width: 640px) 732px, \" \/><div class=\"fusion-rollover\">\n\t<div class=\"fusion-rollover-content\">\n\n\t\t\t\t\t\t\t\t\t\t\t\t\t\t<a class=\"fusion-rollover-link\" href=\"https:\/\/www.visita-valencia.com\/it\/tradizione-roscon-reyes\">TRADIZIONE NATALIZIA IN SPAGNA: EL ROSC\u00d3N DE REYES<\/a>\n\t\t\t\n\t\t\t\t\t\t\t\t\t\t\t\t\t\t\n\t\t\t\t\t\t\t\t\n\t\t\t\t\t\t\t\t\t\t\t\t\t<div class=\"fusion-rollover-sep\"><\/div>\n\t\t\t\t\n\t\t\t\t\t\t\t\t\t\t\t\t\t\t\t\t\t\t<a class=\"fusion-rollover-gallery\" href=\"https:\/\/www.visita-valencia.com\/wp-content\/uploads\/2019\/12\/roscon-de-reyes_258_1.jpg\" data-id=\"2740\" data-rel=\"iLightbox[gallery]\" data-title=\"roscon-de-reyes\" data-caption=\"\">\n\t\t\t\t\t\tGallery\t\t\t\t\t<\/a>\n\t\t\t\t\t\t\t\t\t\t\t\t\t\t\n\t\t\n\t\t\t\t\t\t\t\t\n\t\t\t\t\t\t\t\t\n\t\t\n\t\t\t\t\t\t<a class=\"fusion-link-wrapper\" href=\"https:\/\/www.visita-valencia.com\/it\/tradizione-roscon-reyes\" aria-label=\"TRADIZIONE NATALIZIA IN SPAGNA: EL ROSC\u00d3N DE REYES\"><\/a>\n\t<\/div>\n<\/div>\n<\/div>\n<\/li>\n\t\t\t\n\t\t\t\n\t\t\t\t\t\t\t\t\t\t\t\t\t\t\t\t\t\t\t\t\t\t\t\t\t\t\t\t\t\t\t\t\t\t\t\t\t\t\t\t\t\t\t\t\t\t\t\t\t\t\t\t\t\t\t\t\t\t\t\t\t\t\t\t\t\t\t\t<\/ul>\n\t<\/div>\n\t<div class=\"fusion-post-content-wrapper\" style=\"padding:30px 25px 20px 25px;\"><div class=\"fusion-post-content post-content\"><h2 class=\"blog-shortcode-post-title entry-title\"><a href=\"https:\/\/www.visita-valencia.com\/it\/tradizione-roscon-reyes\">TRADIZIONE NATALIZIA IN SPAGNA: EL ROSC\u00d3N DE REYES<\/a><\/h2><div class=\"fusion-content-sep sep-double sep-solid\" style=\"border-color:#e0dede;\"><\/div><div class=\"fusion-post-content-container\"><p>Eccoci di nuovo con\u00a0una delle pi\u00f9\u00a0importanti\u00a0e\u00a0particolari\u00a0tradizioni natalizie\u00a0in Spagna:\u00a0el\u00a0Rosc\u00f3n de\u00a0Reyes. Se la settimana\u00a0scorsa Vi parlavo\u00a0dei\u00a0dodici\u00a0chicchi d\u2019uva\u00a0portafortuna, [...]<\/p><\/div><\/div><div class=\"fusion-meta-info\"><div class=\"fusion-alignleft\"><a class=\"fusion-read-more\" href=\"https:\/\/www.visita-valencia.com\/it\/tradizione-roscon-reyes\" aria-label=\"More on TRADIZIONE NATALIZIA IN SPAGNA: EL ROSC\u00d3N DE REYES\">Read More<\/a><\/div><\/div><\/div><div class=\"fusion-clearfix\"><\/div><\/div>\n<\/article>\n<article id=\"blog-1-post-2728\" class=\"fusion-post-grid post-2728 post type-post status-publish format-standard has-post-thumbnail hentry category-eventos-en-valencia-it category-fiestas-en-valencia-it category-gastronomia-a-valencia-it\">\n<div class=\"fusion-post-wrapper\" style=\"background-color:rgba(255,255,255,0);border:1px solid #3e3e3e;border-bottom-width:3px;\">\n\n\t\t\t<div class=\"fusion-flexslider flexslider fusion-flexslider-loading fusion-post-slideshow\" style=\"border-color:#3e3e3e;\">\n\t\t<ul class=\"slides\">\n\t\t\t\n\t\t\t\t\t\t\t\t\t\t\t\t\t\t<li><div  class=\"fusion-image-wrapper\" aria-haspopup=\"true\">\n\t\t\t\t  <img decoding=\"async\" width=\"1960\" height=\"1199\" src=\"https:\/\/www.visita-valencia.com\/wp-content\/uploads\/2019\/12\/12-uvas.jpg\" class=\"attachment-full size-full wp-post-image\" alt=\"tradici\u00f3n de las 12 uvas\" srcset=\"https:\/\/www.visita-valencia.com\/wp-content\/uploads\/2019\/12\/12-uvas-200x122.jpg 200w, https:\/\/www.visita-valencia.com\/wp-content\/uploads\/2019\/12\/12-uvas-400x245.jpg 400w, https:\/\/www.visita-valencia.com\/wp-content\/uploads\/2019\/12\/12-uvas-600x367.jpg 600w, https:\/\/www.visita-valencia.com\/wp-content\/uploads\/2019\/12\/12-uvas-800x489.jpg 800w, https:\/\/www.visita-valencia.com\/wp-content\/uploads\/2019\/12\/12-uvas-1200x734.jpg 1200w, https:\/\/www.visita-valencia.com\/wp-content\/uploads\/2019\/12\/12-uvas.jpg 1960w\" sizes=\"(min-width: 2200px) 100vw, (min-width: 824px) 363px, (min-width: 732px) 544px, (min-width: 640px) 732px, \" \/><div class=\"fusion-rollover\">\n\t<div class=\"fusion-rollover-content\">\n\n\t\t\t\t\t\t\t\t\t\t\t\t\t\t<a class=\"fusion-rollover-link\" href=\"https:\/\/www.visita-valencia.com\/it\/12-chicchi-portafortuna\">LA TRADIZIONE DEI CHICCHI D\u00b4UVA<\/a>\n\t\t\t\n\t\t\t\t\t\t\t\t\t\t\t\t\t\t\n\t\t\t\t\t\t\t\t\n\t\t\t\t\t\t\t\t\t\t\t\t\t<div class=\"fusion-rollover-sep\"><\/div>\n\t\t\t\t\n\t\t\t\t\t\t\t\t\t\t\t\t\t\t\t\t\t\t<a class=\"fusion-rollover-gallery\" href=\"https:\/\/www.visita-valencia.com\/wp-content\/uploads\/2019\/12\/12-uvas.jpg\" data-id=\"2728\" data-rel=\"iLightbox[gallery]\" data-title=\"tradicion-12-uvas\" data-caption=\"\">\n\t\t\t\t\t\tGallery\t\t\t\t\t<\/a>\n\t\t\t\t\t\t\t\t\t\t\t\t\t\t\n\t\t\n\t\t\t\t\t\t\t\t\n\t\t\t\t\t\t\t\t\n\t\t\n\t\t\t\t\t\t<a class=\"fusion-link-wrapper\" href=\"https:\/\/www.visita-valencia.com\/it\/12-chicchi-portafortuna\" aria-label=\"LA TRADIZIONE DEI CHICCHI D\u00b4UVA\"><\/a>\n\t<\/div>\n<\/div>\n<\/div>\n<\/li>\n\t\t\t\n\t\t\t\n\t\t\t\t\t\t\t\t\t\t\t\t\t\t\t\t\t\t\t\t\t\t\t\t\t\t\t\t\t\t\t\t\t\t\t\t\t\t\t\t\t\t\t\t\t\t\t\t\t\t\t\t\t\t\t\t\t\t\t\t\t\t\t\t\t\t\t\t<\/ul>\n\t<\/div>\n\t<div class=\"fusion-post-content-wrapper\" style=\"padding:30px 25px 20px 25px;\"><div class=\"fusion-post-content post-content\"><h2 class=\"blog-shortcode-post-title entry-title\"><a href=\"https:\/\/www.visita-valencia.com\/it\/12-chicchi-portafortuna\">LA TRADIZIONE DEI CHICCHI D\u00b4UVA<\/a><\/h2><div class=\"fusion-content-sep sep-double sep-solid\" style=\"border-color:#e0dede;\"><\/div><div class=\"fusion-post-content-container\"><p>Tra meno di un mese arriver\u00e0 il Natale, il Capodanno e l\u2019Anno nuovo e con [...]<\/p><\/div><\/div><div class=\"fusion-meta-info\"><div class=\"fusion-alignleft\"><a class=\"fusion-read-more\" href=\"https:\/\/www.visita-valencia.com\/it\/12-chicchi-portafortuna\" aria-label=\"More on LA TRADIZIONE DEI CHICCHI D\u00b4UVA\">Read More<\/a><\/div><\/div><\/div><div class=\"fusion-clearfix\"><\/div><\/div>\n<\/article>\n<article id=\"blog-1-post-2708\" class=\"fusion-post-grid post-2708 post type-post status-publish format-standard hentry category-novedades-en-valencia-it category-tours-en-valencia-it\">\n<div class=\"fusion-post-wrapper\" style=\"background-color:rgba(255,255,255,0);border:1px solid #3e3e3e;border-bottom-width:3px;\">\n\n<div class=\"fusion-post-content-wrapper\" style=\"padding:30px 25px 20px 25px;\"><div class=\"fusion-post-content post-content\"><h2 class=\"blog-shortcode-post-title entry-title\"><a href=\"https:\/\/www.visita-valencia.com\/it\/jaume-plensa\">JAUME PLENSA<\/a><\/h2><div class=\"fusion-content-sep sep-double sep-solid\" style=\"border-color:#e0dede;\"><\/div><div class=\"fusion-post-content-container\"><p> Tra meno di un mese la magnifica mostra di Jaume Plensa lascer\u00e0 la Citt\u00e0 [...]<\/p><\/div><\/div><div class=\"fusion-meta-info\"><div class=\"fusion-alignleft\"><a class=\"fusion-read-more\" href=\"https:\/\/www.visita-valencia.com\/it\/jaume-plensa\" aria-label=\"More on JAUME PLENSA\">Read More<\/a><\/div><\/div><\/div><div class=\"fusion-clearfix\"><\/div><\/div>\n<\/article>\n<article id=\"blog-1-post-2677\" class=\"fusion-post-grid post-2677 post type-post status-publish format-standard hentry category-informacion-practica-sobre-valencia-it\">\n<div class=\"fusion-post-wrapper\" style=\"background-color:rgba(255,255,255,0);border:1px solid #3e3e3e;border-bottom-width:3px;\">\n\n<div class=\"fusion-post-content-wrapper\" style=\"padding:30px 25px 20px 25px;\"><div class=\"fusion-post-content post-content\"><h2 class=\"blog-shortcode-post-title entry-title\"><a href=\"https:\/\/www.visita-valencia.com\/it\/santiago-calatrava-valencia\">SANTIAGO CALATRAVA<\/a><\/h2><div class=\"fusion-content-sep sep-double sep-solid\" style=\"border-color:#e0dede;\"><\/div><div class=\"fusion-post-content-container\"><p>Santiago Calatrava \u00e8\u00a0nato a Valencia, 68 anni fa, il 28 luglio 1951. La sua famiglia [...]<\/p><\/div><\/div><div class=\"fusion-meta-info\"><div class=\"fusion-alignleft\"><a class=\"fusion-read-more\" href=\"https:\/\/www.visita-valencia.com\/it\/santiago-calatrava-valencia\" aria-label=\"More on SANTIAGO CALATRAVA\">Read More<\/a><\/div><\/div><\/div><div class=\"fusion-clearfix\"><\/div><\/div>\n<\/article>\n<article id=\"blog-1-post-2654\" class=\"fusion-post-grid post-2654 post type-post status-publish format-standard hentry category-informacion-practica-sobre-valencia-it\">\n<div class=\"fusion-post-wrapper\" style=\"background-color:rgba(255,255,255,0);border:1px solid #3e3e3e;border-bottom-width:3px;\">\n\n<div class=\"fusion-post-content-wrapper\" style=\"padding:30px 25px 20px 25px;\"><div class=\"fusion-post-content post-content\"><h2 class=\"blog-shortcode-post-title entry-title\"><a href=\"https:\/\/www.visita-valencia.com\/it\/spiaggia-malvarrosa\">SPIAGGIA LA MALVARROSA<\/a><\/h2><div class=\"fusion-content-sep sep-double sep-solid\" style=\"border-color:#e0dede;\"><\/div><div class=\"fusion-post-content-container\"><p>Questo articolo potrebbe essere a priori un articolo concentrato\/focalizzato su tutte quelle persone che hanno [...]<\/p><\/div><\/div><div class=\"fusion-meta-info\"><div class=\"fusion-alignleft\"><a class=\"fusion-read-more\" href=\"https:\/\/www.visita-valencia.com\/it\/spiaggia-malvarrosa\" aria-label=\"More on SPIAGGIA LA MALVARROSA\">Read More<\/a><\/div><\/div><\/div><div class=\"fusion-clearfix\"><\/div><\/div>\n<\/article>\n<article id=\"blog-1-post-2614\" class=\"fusion-post-grid post-2614 post type-post status-publish format-standard has-post-thumbnail hentry category-gastronomia-a-valencia-it category-informacion-practica-sobre-valencia-it category-non-categorizzato category-novedades-en-valencia-it\">\n<div class=\"fusion-post-wrapper\" style=\"background-color:rgba(255,255,255,0);border:1px solid #3e3e3e;border-bottom-width:3px;\">\n\n\t\t\t<div class=\"fusion-flexslider flexslider fusion-flexslider-loading fusion-post-slideshow\" style=\"border-color:#3e3e3e;\">\n\t\t<ul class=\"slides\">\n\t\t\t\n\t\t\t\t\t\t\t\t\t\t\t\t\t\t<li><div  class=\"fusion-image-wrapper\" aria-haspopup=\"true\">\n\t\t\t\t  <img decoding=\"async\" width=\"640\" height=\"360\" src=\"https:\/\/www.visita-valencia.com\/wp-content\/uploads\/2019\/07\/270-grados-terrace-at-barcelo-valencia-1.jpg\" class=\"attachment-full size-full wp-post-image\" alt=\"rooftop valencia\" srcset=\"https:\/\/www.visita-valencia.com\/wp-content\/uploads\/2019\/07\/270-grados-terrace-at-barcelo-valencia-1-200x113.jpg 200w, https:\/\/www.visita-valencia.com\/wp-content\/uploads\/2019\/07\/270-grados-terrace-at-barcelo-valencia-1-400x225.jpg 400w, https:\/\/www.visita-valencia.com\/wp-content\/uploads\/2019\/07\/270-grados-terrace-at-barcelo-valencia-1-600x338.jpg 600w, https:\/\/www.visita-valencia.com\/wp-content\/uploads\/2019\/07\/270-grados-terrace-at-barcelo-valencia-1.jpg 640w\" sizes=\"(min-width: 2200px) 100vw, (min-width: 824px) 363px, (min-width: 732px) 544px, (min-width: 640px) 732px, \" \/><div class=\"fusion-rollover\">\n\t<div class=\"fusion-rollover-content\">\n\n\t\t\t\t\t\t\t\t\t\t\t\t\t\t<a class=\"fusion-rollover-link\" href=\"https:\/\/www.visita-valencia.com\/it\/migliori-roof-toop-valencia\">I MIGLIORI ROOFTOP DI VALENCIA<\/a>\n\t\t\t\n\t\t\t\t\t\t\t\t\t\t\t\t\t\t\n\t\t\t\t\t\t\t\t\n\t\t\t\t\t\t\t\t\t\t\t\t\t<div class=\"fusion-rollover-sep\"><\/div>\n\t\t\t\t\n\t\t\t\t\t\t\t\t\t\t\t\t\t\t\t\t\t\t<a class=\"fusion-rollover-gallery\" href=\"https:\/\/www.visita-valencia.com\/wp-content\/uploads\/2019\/07\/270-grados-terrace-at-barcelo-valencia-1.jpg\" data-id=\"2614\" data-rel=\"iLightbox[gallery]\" data-title=\"rooftop valencia\" data-caption=\"\">\n\t\t\t\t\t\tGallery\t\t\t\t\t<\/a>\n\t\t\t\t\t\t\t\t\t\t\t\t\t\t\n\t\t\n\t\t\t\t\t\t\t\t\n\t\t\t\t\t\t\t\t\n\t\t\n\t\t\t\t\t\t<a class=\"fusion-link-wrapper\" href=\"https:\/\/www.visita-valencia.com\/it\/migliori-roof-toop-valencia\" aria-label=\"I MIGLIORI ROOFTOP DI VALENCIA\"><\/a>\n\t<\/div>\n<\/div>\n<\/div>\n<\/li>\n\t\t\t\n\t\t\t\n\t\t\t\t\t\t\t\t\t\t\t\t\t\t\t\t\t\t\t\t\t\t\t\t\t\t\t\t\t\t\t\t\t\t\t\t\t\t\t\t\t\t\t\t\t\t\t\t\t\t\t\t\t\t\t\t\t\t\t\t\t\t\t\t\t\t\t\t<\/ul>\n\t<\/div>\n\t<div class=\"fusion-post-content-wrapper\" style=\"padding:30px 25px 20px 25px;\"><div class=\"fusion-post-content post-content\"><h2 class=\"blog-shortcode-post-title entry-title\"><a href=\"https:\/\/www.visita-valencia.com\/it\/migliori-roof-toop-valencia\">I MIGLIORI ROOFTOP DI VALENCIA<\/a><\/h2><div class=\"fusion-content-sep sep-double sep-solid\" style=\"border-color:#e0dede;\"><\/div><div class=\"fusion-post-content-container\"><p>Che caldo! S\u00ec, \u00e8 gi\u00e0 luglio e c\u00b4\u00e8 lo stesso caldo di tutti gli anni, [...]<\/p><\/div><\/div><div class=\"fusion-meta-info\"><div class=\"fusion-alignleft\"><a class=\"fusion-read-more\" href=\"https:\/\/www.visita-valencia.com\/it\/migliori-roof-toop-valencia\" aria-label=\"More on I MIGLIORI ROOFTOP DI VALENCIA\">Read More<\/a><\/div><\/div><\/div><div class=\"fusion-clearfix\"><\/div><\/div>\n<\/article>\n<article id=\"blog-1-post-2566\" class=\"fusion-post-grid post-2566 post type-post status-publish format-standard has-post-thumbnail hentry category-gastronomia-a-valencia-it\">\n<div class=\"fusion-post-wrapper\" style=\"background-color:rgba(255,255,255,0);border:1px solid #3e3e3e;border-bottom-width:3px;\">\n\n\t\t\t<div class=\"fusion-flexslider flexslider fusion-flexslider-loading fusion-post-slideshow\" style=\"border-color:#3e3e3e;\">\n\t\t<ul class=\"slides\">\n\t\t\t\n\t\t\t\t\t\t\t\t\t\t\t\t\t\t<li><div  class=\"fusion-image-wrapper\" aria-haspopup=\"true\">\n\t\t\t\t  <img decoding=\"async\" width=\"3543\" height=\"2362\" src=\"https:\/\/www.visita-valencia.com\/wp-content\/uploads\/2018\/12\/ambiente.jpg\" class=\"attachment-full size-full wp-post-image\" alt=\"Mercato San Valero Valencia\" srcset=\"https:\/\/www.visita-valencia.com\/wp-content\/uploads\/2018\/12\/ambiente-200x133.jpg 200w, https:\/\/www.visita-valencia.com\/wp-content\/uploads\/2018\/12\/ambiente-400x267.jpg 400w, https:\/\/www.visita-valencia.com\/wp-content\/uploads\/2018\/12\/ambiente-600x400.jpg 600w, https:\/\/www.visita-valencia.com\/wp-content\/uploads\/2018\/12\/ambiente-800x533.jpg 800w, https:\/\/www.visita-valencia.com\/wp-content\/uploads\/2018\/12\/ambiente-1200x800.jpg 1200w, https:\/\/www.visita-valencia.com\/wp-content\/uploads\/2018\/12\/ambiente.jpg 3543w\" sizes=\"(min-width: 2200px) 100vw, (min-width: 824px) 363px, (min-width: 732px) 544px, (min-width: 640px) 732px, \" \/><div class=\"fusion-rollover\">\n\t<div class=\"fusion-rollover-content\">\n\n\t\t\t\t\t\t\t\t\t\t\t\t\t\t<a class=\"fusion-rollover-link\" href=\"https:\/\/www.visita-valencia.com\/it\/mercato-san-valero\">MERCATO SAN VALERO<\/a>\n\t\t\t\n\t\t\t\t\t\t\t\t\t\t\t\t\t\t\n\t\t\t\t\t\t\t\t\n\t\t\t\t\t\t\t\t\t\t\t\t\t<div class=\"fusion-rollover-sep\"><\/div>\n\t\t\t\t\n\t\t\t\t\t\t\t\t\t\t\t\t\t\t\t\t\t\t<a class=\"fusion-rollover-gallery\" href=\"https:\/\/www.visita-valencia.com\/wp-content\/uploads\/2018\/12\/ambiente.jpg\" data-id=\"2566\" data-rel=\"iLightbox[gallery]\" data-title=\"Mercado de San Valero\" data-caption=\"\">\n\t\t\t\t\t\tGallery\t\t\t\t\t<\/a>\n\t\t\t\t\t\t\t\t\t\t\t\t\t\t\n\t\t\n\t\t\t\t\t\t\t\t\n\t\t\t\t\t\t\t\t\n\t\t\n\t\t\t\t\t\t<a class=\"fusion-link-wrapper\" href=\"https:\/\/www.visita-valencia.com\/it\/mercato-san-valero\" aria-label=\"MERCATO SAN VALERO\"><\/a>\n\t<\/div>\n<\/div>\n<\/div>\n<\/li>\n\t\t\t\n\t\t\t\n\t\t\t\t\t\t\t\t\t\t\t\n\t\t\t\t\t\n\t\t\t\t\t\t\t\t\t\t\t<li>\n\t\t\t\t\t\t\t<div class=\"fusion-image-wrapper\">\n\t\t\t\t\t\t\t\t<a href=\"https:\/\/www.visita-valencia.com\/it\/mercato-san-valero\" aria-label=\"MERCATO SAN VALERO\">\n\t\t\t\t\t\t\t\t\t<img decoding=\"async\" width=\"2657\" height=\"1771\" src=\"https:\/\/www.visita-valencia.com\/wp-content\/uploads\/2019\/02\/Aguacateria-Club.jpg\" alt=\"\" class=\"wp-image-3576\" role=\"presentation\" srcset=\"https:\/\/www.visita-valencia.com\/wp-content\/uploads\/2019\/02\/Aguacateria-Club-200x133.jpg 200w, https:\/\/www.visita-valencia.com\/wp-content\/uploads\/2019\/02\/Aguacateria-Club-400x267.jpg 400w, https:\/\/www.visita-valencia.com\/wp-content\/uploads\/2019\/02\/Aguacateria-Club-600x400.jpg 600w, https:\/\/www.visita-valencia.com\/wp-content\/uploads\/2019\/02\/Aguacateria-Club-800x533.jpg 800w, https:\/\/www.visita-valencia.com\/wp-content\/uploads\/2019\/02\/Aguacateria-Club-1200x800.jpg 1200w, https:\/\/www.visita-valencia.com\/wp-content\/uploads\/2019\/02\/Aguacateria-Club.jpg 2657w\" sizes=\"(min-width: 2200px) 100vw, (min-width: 824px) 363px, (min-width: 732px) 544px, (min-width: 640px) 732px, \" \/>\t\t\t\t\t\t\t\t<\/a>\n\t\t\t\t\t\t\t\t<a style=\"display:none;\" href=\"https:\/\/www.visita-valencia.com\/wp-content\/uploads\/2019\/02\/Aguacateria-Club.jpg\" data-rel=\"iLightbox[gallery2566]\"  title=\"\" data-title=\"Mercado San Valero Valencia\" data-caption=\"\">\n\t\t\t\t\t\t\t\t\t\t\t\t\t\t\t\t\t<\/a>\n\t\t\t\t\t\t\t<\/div>\n\t\t\t\t\t\t<\/li>\n\t\t\t\t\t\t\t\t\t\t\t\t\t\t\t\t\t\t\t\t\t\t\t\t\n\t\t\t\t\t\n\t\t\t\t\t\t\t\t\t\t\t<li>\n\t\t\t\t\t\t\t<div class=\"fusion-image-wrapper\">\n\t\t\t\t\t\t\t\t<a href=\"https:\/\/www.visita-valencia.com\/it\/mercato-san-valero\" aria-label=\"MERCATO SAN VALERO\">\n\t\t\t\t\t\t\t\t\t<img decoding=\"async\" width=\"3543\" height=\"2362\" src=\"https:\/\/www.visita-valencia.com\/wp-content\/uploads\/2018\/12\/4.jpg\" alt=\"\" class=\"wp-image-3564\" role=\"presentation\" srcset=\"https:\/\/www.visita-valencia.com\/wp-content\/uploads\/2018\/12\/4-200x133.jpg 200w, https:\/\/www.visita-valencia.com\/wp-content\/uploads\/2018\/12\/4-400x267.jpg 400w, https:\/\/www.visita-valencia.com\/wp-content\/uploads\/2018\/12\/4-600x400.jpg 600w, https:\/\/www.visita-valencia.com\/wp-content\/uploads\/2018\/12\/4-800x533.jpg 800w, https:\/\/www.visita-valencia.com\/wp-content\/uploads\/2018\/12\/4-1200x800.jpg 1200w, https:\/\/www.visita-valencia.com\/wp-content\/uploads\/2018\/12\/4.jpg 3543w\" sizes=\"(min-width: 2200px) 100vw, (min-width: 824px) 363px, (min-width: 732px) 544px, (min-width: 640px) 732px, \" \/>\t\t\t\t\t\t\t\t<\/a>\n\t\t\t\t\t\t\t\t<a style=\"display:none;\" href=\"https:\/\/www.visita-valencia.com\/wp-content\/uploads\/2018\/12\/4.jpg\" data-rel=\"iLightbox[gallery2566]\"  title=\"\" data-title=\"Mercato San Valero\" data-caption=\"\">\n\t\t\t\t\t\t\t\t\t\t\t\t\t\t\t\t\t<\/a>\n\t\t\t\t\t\t\t<\/div>\n\t\t\t\t\t\t<\/li>\n\t\t\t\t\t\t\t\t\t\t\t\t\t\t\t\t\t\t\t\t\t\t\t\t\t\t\t\t\t\t\t\t\t\t\t\t\t\t\t\n\t\t\t\t\t\n\t\t\t\t\t\t\t\t\t\t\t<li>\n\t\t\t\t\t\t\t<div class=\"fusion-image-wrapper\">\n\t\t\t\t\t\t\t\t<a href=\"https:\/\/www.visita-valencia.com\/it\/mercato-san-valero\" aria-label=\"MERCATO SAN VALERO\">\n\t\t\t\t\t\t\t\t\t<img decoding=\"async\" width=\"3543\" height=\"2362\" src=\"https:\/\/www.visita-valencia.com\/wp-content\/uploads\/2019\/02\/Vaca.jpg\" alt=\"\" class=\"wp-image-3580\" role=\"presentation\" srcset=\"https:\/\/www.visita-valencia.com\/wp-content\/uploads\/2019\/02\/Vaca-200x133.jpg 200w, https:\/\/www.visita-valencia.com\/wp-content\/uploads\/2019\/02\/Vaca-400x267.jpg 400w, https:\/\/www.visita-valencia.com\/wp-content\/uploads\/2019\/02\/Vaca-600x400.jpg 600w, https:\/\/www.visita-valencia.com\/wp-content\/uploads\/2019\/02\/Vaca-800x533.jpg 800w, https:\/\/www.visita-valencia.com\/wp-content\/uploads\/2019\/02\/Vaca-1200x800.jpg 1200w, https:\/\/www.visita-valencia.com\/wp-content\/uploads\/2019\/02\/Vaca.jpg 3543w\" sizes=\"(min-width: 2200px) 100vw, (min-width: 824px) 363px, (min-width: 732px) 544px, (min-width: 640px) 732px, \" \/>\t\t\t\t\t\t\t\t<\/a>\n\t\t\t\t\t\t\t\t<a style=\"display:none;\" href=\"https:\/\/www.visita-valencia.com\/wp-content\/uploads\/2019\/02\/Vaca.jpg\" data-rel=\"iLightbox[gallery2566]\"  title=\"\" data-title=\"Mercado San Valero Valencia\" data-caption=\"\">\n\t\t\t\t\t\t\t\t\t\t\t\t\t\t\t\t\t<\/a>\n\t\t\t\t\t\t\t<\/div>\n\t\t\t\t\t\t<\/li>\n\t\t\t\t\t\t\t\t\t\t\t\t\t\t\t\t\t\t\t\t\t<\/ul>\n\t<\/div>\n\t<div class=\"fusion-post-content-wrapper\" style=\"padding:30px 25px 20px 25px;\"><div class=\"fusion-post-content post-content\"><h2 class=\"blog-shortcode-post-title entry-title\"><a href=\"https:\/\/www.visita-valencia.com\/it\/mercato-san-valero\">MERCATO SAN VALERO<\/a><\/h2><div class=\"fusion-content-sep sep-double sep-solid\" style=\"border-color:#e0dede;\"><\/div><div class=\"fusion-post-content-container\"><p>Il passato ottobre \u00e8 stato aperto a Valencia il Mercato di San Valero, il primo [...]<\/p><\/div><\/div><div class=\"fusion-meta-info\"><div class=\"fusion-alignleft\"><a class=\"fusion-read-more\" href=\"https:\/\/www.visita-valencia.com\/it\/mercato-san-valero\" aria-label=\"More on MERCATO SAN VALERO\">Read More<\/a><\/div><\/div><\/div><div class=\"fusion-clearfix\"><\/div><\/div>\n<\/article>\n<article id=\"blog-1-post-2556\" class=\"fusion-post-grid post-2556 post type-post status-publish format-standard has-post-thumbnail hentry category-eventi-a-valencia tag-citta-delle-arte-e-delle-scienze tag-jardines-de-turia tag-maratona-2019 tag-maratona-valencia tag-running-valencia tag-valencia-ciudad-del-running\">\n<div class=\"fusion-post-wrapper\" style=\"background-color:rgba(255,255,255,0);border:1px solid #3e3e3e;border-bottom-width:3px;\">\n\n\t\t\t<div class=\"fusion-flexslider flexslider fusion-flexslider-loading fusion-post-slideshow\" style=\"border-color:#3e3e3e;\">\n\t\t<ul class=\"slides\">\n\t\t\t\n\t\t\t\t\t\t\t\t\t\t\t\t\t\t<li><div  class=\"fusion-image-wrapper\" aria-haspopup=\"true\">\n\t\t\t\t  <img decoding=\"async\" width=\"697\" height=\"393\" src=\"https:\/\/www.visita-valencia.com\/wp-content\/uploads\/2018\/09\/Maraton.jpg\" class=\"attachment-full size-full wp-post-image\" alt=\"running valencia\" srcset=\"https:\/\/www.visita-valencia.com\/wp-content\/uploads\/2018\/09\/Maraton-200x113.jpg 200w, https:\/\/www.visita-valencia.com\/wp-content\/uploads\/2018\/09\/Maraton-400x226.jpg 400w, https:\/\/www.visita-valencia.com\/wp-content\/uploads\/2018\/09\/Maraton-600x338.jpg 600w, https:\/\/www.visita-valencia.com\/wp-content\/uploads\/2018\/09\/Maraton.jpg 697w\" sizes=\"(min-width: 2200px) 100vw, (min-width: 824px) 363px, (min-width: 732px) 544px, (min-width: 640px) 732px, \" \/><div class=\"fusion-rollover\">\n\t<div class=\"fusion-rollover-content\">\n\n\t\t\t\t\t\t\t\t\t\t\t\t\t\t<a class=\"fusion-rollover-link\" href=\"https:\/\/www.visita-valencia.com\/it\/maratona-di-valencia\">MARATONA DI VALENCIA<\/a>\n\t\t\t\n\t\t\t\t\t\t\t\t\t\t\t\t\t\t\n\t\t\t\t\t\t\t\t\n\t\t\t\t\t\t\t\t\t\t\t\t\t<div class=\"fusion-rollover-sep\"><\/div>\n\t\t\t\t\n\t\t\t\t\t\t\t\t\t\t\t\t\t\t\t\t\t\t<a class=\"fusion-rollover-gallery\" href=\"https:\/\/www.visita-valencia.com\/wp-content\/uploads\/2018\/09\/Maraton.jpg\" data-id=\"2556\" data-rel=\"iLightbox[gallery]\" data-title=\"Maratona di Valencia\" data-caption=\"\">\n\t\t\t\t\t\tGallery\t\t\t\t\t<\/a>\n\t\t\t\t\t\t\t\t\t\t\t\t\t\t\n\t\t\n\t\t\t\t\t\t\t\t\n\t\t\t\t\t\t\t\t\n\t\t\n\t\t\t\t\t\t<a class=\"fusion-link-wrapper\" href=\"https:\/\/www.visita-valencia.com\/it\/maratona-di-valencia\" aria-label=\"MARATONA DI VALENCIA\"><\/a>\n\t<\/div>\n<\/div>\n<\/div>\n<\/li>\n\t\t\t\n\t\t\t\n\t\t\t\t\t\t\t\t\t\t\t\n\t\t\t\t\t\n\t\t\t\t\t\t\t\t\t\t\t<li>\n\t\t\t\t\t\t\t<div class=\"fusion-image-wrapper\">\n\t\t\t\t\t\t\t\t<a href=\"https:\/\/www.visita-valencia.com\/it\/maratona-di-valencia\" aria-label=\"MARATONA DI VALENCIA\">\n\t\t\t\t\t\t\t\t\t<img decoding=\"async\" width=\"1024\" height=\"681\" src=\"https:\/\/www.visita-valencia.com\/wp-content\/uploads\/2018\/09\/Marat\u00f3n-Valencia-meta.jpg\" alt=\"\" class=\"wp-image-3550\" role=\"presentation\" srcset=\"https:\/\/www.visita-valencia.com\/wp-content\/uploads\/2018\/09\/Marat\u00f3n-Valencia-meta-200x133.jpg 200w, https:\/\/www.visita-valencia.com\/wp-content\/uploads\/2018\/09\/Marat\u00f3n-Valencia-meta-400x266.jpg 400w, https:\/\/www.visita-valencia.com\/wp-content\/uploads\/2018\/09\/Marat\u00f3n-Valencia-meta-600x399.jpg 600w, https:\/\/www.visita-valencia.com\/wp-content\/uploads\/2018\/09\/Marat\u00f3n-Valencia-meta-800x532.jpg 800w, https:\/\/www.visita-valencia.com\/wp-content\/uploads\/2018\/09\/Marat\u00f3n-Valencia-meta.jpg 1024w\" sizes=\"(min-width: 2200px) 100vw, (min-width: 824px) 363px, (min-width: 732px) 544px, (min-width: 640px) 732px, \" \/>\t\t\t\t\t\t\t\t<\/a>\n\t\t\t\t\t\t\t\t<a style=\"display:none;\" href=\"https:\/\/www.visita-valencia.com\/wp-content\/uploads\/2018\/09\/Marat\u00f3n-Valencia-meta.jpg\" data-rel=\"iLightbox[gallery2556]\"  title=\"\" data-title=\"Maratona di Valencia\" data-caption=\"\">\n\t\t\t\t\t\t\t\t\t\t\t\t\t\t\t\t\t<\/a>\n\t\t\t\t\t\t\t<\/div>\n\t\t\t\t\t\t<\/li>\n\t\t\t\t\t\t\t\t\t\t\t\t\t\t\t\t\t\t\t\t\t\t\t\t\n\t\t\t\t\t\n\t\t\t\t\t\t\t\t\t\t\t<li>\n\t\t\t\t\t\t\t<div class=\"fusion-image-wrapper\">\n\t\t\t\t\t\t\t\t<a href=\"https:\/\/www.visita-valencia.com\/it\/maratona-di-valencia\" aria-label=\"MARATONA DI VALENCIA\">\n\t\t\t\t\t\t\t\t\t<img decoding=\"async\" width=\"700\" height=\"500\" src=\"https:\/\/www.visita-valencia.com\/wp-content\/uploads\/2018\/09\/Marat\u00f3n-Valencia-centro.jpg\" alt=\"\" class=\"wp-image-3546\" role=\"presentation\" srcset=\"https:\/\/www.visita-valencia.com\/wp-content\/uploads\/2018\/09\/Marat\u00f3n-Valencia-centro-200x143.jpg 200w, https:\/\/www.visita-valencia.com\/wp-content\/uploads\/2018\/09\/Marat\u00f3n-Valencia-centro-400x286.jpg 400w, https:\/\/www.visita-valencia.com\/wp-content\/uploads\/2018\/09\/Marat\u00f3n-Valencia-centro-600x429.jpg 600w, https:\/\/www.visita-valencia.com\/wp-content\/uploads\/2018\/09\/Marat\u00f3n-Valencia-centro.jpg 700w\" sizes=\"(min-width: 2200px) 100vw, (min-width: 824px) 363px, (min-width: 732px) 544px, (min-width: 640px) 732px, \" \/>\t\t\t\t\t\t\t\t<\/a>\n\t\t\t\t\t\t\t\t<a style=\"display:none;\" href=\"https:\/\/www.visita-valencia.com\/wp-content\/uploads\/2018\/09\/Marat\u00f3n-Valencia-centro.jpg\" data-rel=\"iLightbox[gallery2556]\"  title=\"\" data-title=\"Maratona di Valencia\" data-caption=\"\">\n\t\t\t\t\t\t\t\t\t\t\t\t\t\t\t\t\t<\/a>\n\t\t\t\t\t\t\t<\/div>\n\t\t\t\t\t\t<\/li>\n\t\t\t\t\t\t\t\t\t\t\t\t\t\t\t\t\t\t\t\t\t\t\t\t\n\t\t\t\t\t\n\t\t\t\t\t\t\t\t\t\t\t<li>\n\t\t\t\t\t\t\t<div class=\"fusion-image-wrapper\">\n\t\t\t\t\t\t\t\t<a href=\"https:\/\/www.visita-valencia.com\/it\/maratona-di-valencia\" aria-label=\"MARATONA DI VALENCIA\">\n\t\t\t\t\t\t\t\t\t<img decoding=\"async\" width=\"1300\" height=\"863\" src=\"https:\/\/www.visita-valencia.com\/wp-content\/uploads\/2018\/09\/Marat\u00f3n-Valencia-meta-2.jpg\" alt=\"\" class=\"wp-image-3548\" role=\"presentation\" srcset=\"https:\/\/www.visita-valencia.com\/wp-content\/uploads\/2018\/09\/Marat\u00f3n-Valencia-meta-2-200x133.jpg 200w, https:\/\/www.visita-valencia.com\/wp-content\/uploads\/2018\/09\/Marat\u00f3n-Valencia-meta-2-400x266.jpg 400w, https:\/\/www.visita-valencia.com\/wp-content\/uploads\/2018\/09\/Marat\u00f3n-Valencia-meta-2-600x398.jpg 600w, https:\/\/www.visita-valencia.com\/wp-content\/uploads\/2018\/09\/Marat\u00f3n-Valencia-meta-2-800x531.jpg 800w, https:\/\/www.visita-valencia.com\/wp-content\/uploads\/2018\/09\/Marat\u00f3n-Valencia-meta-2-1200x797.jpg 1200w, https:\/\/www.visita-valencia.com\/wp-content\/uploads\/2018\/09\/Marat\u00f3n-Valencia-meta-2.jpg 1300w\" sizes=\"(min-width: 2200px) 100vw, (min-width: 824px) 363px, (min-width: 732px) 544px, (min-width: 640px) 732px, \" \/>\t\t\t\t\t\t\t\t<\/a>\n\t\t\t\t\t\t\t\t<a style=\"display:none;\" href=\"https:\/\/www.visita-valencia.com\/wp-content\/uploads\/2018\/09\/Marat\u00f3n-Valencia-meta-2.jpg\" data-rel=\"iLightbox[gallery2556]\"  title=\"\" data-title=\"Maratona di Valencia\" data-caption=\"\">\n\t\t\t\t\t\t\t\t\t\t\t\t\t\t\t\t\t<\/a>\n\t\t\t\t\t\t\t<\/div>\n\t\t\t\t\t\t<\/li>\n\t\t\t\t\t\t\t\t\t\t\t\t\t\t\t\t\t\t\t\t\t\t\t\t\t\t\t\t\t\t\t\t\t\t\t\t<\/ul>\n\t<\/div>\n\t<div class=\"fusion-post-content-wrapper\" style=\"padding:30px 25px 20px 25px;\"><div class=\"fusion-post-content post-content\"><h2 class=\"blog-shortcode-post-title entry-title\"><a href=\"https:\/\/www.visita-valencia.com\/it\/maratona-di-valencia\">MARATONA DI VALENCIA<\/a><\/h2><div class=\"fusion-content-sep sep-double sep-solid\" style=\"border-color:#e0dede;\"><\/div><div class=\"fusion-post-content-container\"><p>Fino ad ora, se si pensava a Valencia, si pensava al sole, al mare, alla [...]<\/p><\/div><\/div><div class=\"fusion-meta-info\"><div class=\"fusion-alignleft\"><a class=\"fusion-read-more\" href=\"https:\/\/www.visita-valencia.com\/it\/maratona-di-valencia\" aria-label=\"More on MARATONA DI VALENCIA\">Read More<\/a><\/div><\/div><\/div><div class=\"fusion-clearfix\"><\/div><\/div>\n<\/article>\n<article id=\"blog-1-post-2196\" class=\"fusion-post-grid post-2196 post type-post status-publish format-gallery has-post-thumbnail hentry category-informacion-practica-sobre-valencia-it category-tours-en-valencia-it tag-ciudad-de-las-artes-y-las-ciencias-it tag-gran-riada-de-valencia-it tag-jardines-del-turia-it tag-palau-de-la-musica-it tag-parque-del-gulliver-it tag-riada-el-57-it tag-tour-en-bicicleta-en-valencia-it tag-valencia-para-ninos-it tag-visita-guiada-valencia-it tag-visita-valencia-it tag-zonas-verdes-valencia-it post_format-post-format-gallery\">\n<div class=\"fusion-post-wrapper\" style=\"background-color:rgba(255,255,255,0);border:1px solid #3e3e3e;border-bottom-width:3px;\">\n\n\t\t\t<div class=\"fusion-flexslider flexslider fusion-flexslider-loading fusion-post-slideshow\" style=\"border-color:#3e3e3e;\">\n\t\t<ul class=\"slides\">\n\t\t\t\n\t\t\t\t\t\t\t\t\t\t\t\t\t\t<li><div  class=\"fusion-image-wrapper\" aria-haspopup=\"true\">\n\t\t\t\t  <img decoding=\"async\" width=\"1132\" height=\"750\" src=\"https:\/\/www.visita-valencia.com\/wp-content\/uploads\/2018\/03\/Palau-de-les-Arts-Reina-Sof\u00eda-web.jpg\" class=\"attachment-full size-full wp-post-image\" alt=\"Jardines del Nuria\" srcset=\"https:\/\/www.visita-valencia.com\/wp-content\/uploads\/2018\/03\/Palau-de-les-Arts-Reina-Sof\u00eda-web-200x133.jpg 200w, https:\/\/www.visita-valencia.com\/wp-content\/uploads\/2018\/03\/Palau-de-les-Arts-Reina-Sof\u00eda-web-400x265.jpg 400w, https:\/\/www.visita-valencia.com\/wp-content\/uploads\/2018\/03\/Palau-de-les-Arts-Reina-Sof\u00eda-web-600x398.jpg 600w, https:\/\/www.visita-valencia.com\/wp-content\/uploads\/2018\/03\/Palau-de-les-Arts-Reina-Sof\u00eda-web-800x530.jpg 800w, https:\/\/www.visita-valencia.com\/wp-content\/uploads\/2018\/03\/Palau-de-les-Arts-Reina-Sof\u00eda-web.jpg 1132w\" sizes=\"(min-width: 2200px) 100vw, (min-width: 824px) 363px, (min-width: 732px) 544px, (min-width: 640px) 732px, \" \/><div class=\"fusion-rollover\">\n\t<div class=\"fusion-rollover-content\">\n\n\t\t\t\t\t\t\t\t\t\t\t\t\t\t<a class=\"fusion-rollover-link\" href=\"https:\/\/www.visita-valencia.com\/it\/los-jardines-del-turia-pulmon-verde\">IL GIARDINO DEL TURIA, IL POLMONE VERDE DI VALENCIA<\/a>\n\t\t\t\n\t\t\t\t\t\t\t\t\t\t\t\t\t\t\n\t\t\t\t\t\t\t\t\n\t\t\t\t\t\t\t\t\t\t\t\t\t<div class=\"fusion-rollover-sep\"><\/div>\n\t\t\t\t\n\t\t\t\t\t\t\t\t\t\t\t\t\t\t\t\t\t\t<a class=\"fusion-rollover-gallery\" href=\"https:\/\/www.visita-valencia.com\/wp-content\/uploads\/2018\/03\/Palau-de-les-Arts-Reina-Sof\u00eda-web.jpg\" data-id=\"2196\" data-rel=\"iLightbox[gallery]\" data-title=\"Jardines del Turia\" data-caption=\"visitas guiadas en valencia\">\n\t\t\t\t\t\tGallery\t\t\t\t\t<\/a>\n\t\t\t\t\t\t\t\t\t\t\t\t\t\t\n\t\t\n\t\t\t\t\t\t\t\t\n\t\t\t\t\t\t\t\t\n\t\t\n\t\t\t\t\t\t<a class=\"fusion-link-wrapper\" href=\"https:\/\/www.visita-valencia.com\/it\/los-jardines-del-turia-pulmon-verde\" aria-label=\"IL GIARDINO DEL TURIA, IL POLMONE VERDE DI VALENCIA\"><\/a>\n\t<\/div>\n<\/div>\n<\/div>\n<\/li>\n\t\t\t\n\t\t\t\n\t\t\t\t\t\t\t\t\t\t\t\n\t\t\t\t\t\n\t\t\t\t\t\t\t\t\t\t\t<li>\n\t\t\t\t\t\t\t<div class=\"fusion-image-wrapper\">\n\t\t\t\t\t\t\t\t<a href=\"https:\/\/www.visita-valencia.com\/it\/los-jardines-del-turia-pulmon-verde\" aria-label=\"IL GIARDINO DEL TURIA, IL POLMONE VERDE DI VALENCIA\">\n\t\t\t\t\t\t\t\t\t<img decoding=\"async\" width=\"1024\" height=\"654\" src=\"https:\/\/www.visita-valencia.com\/wp-content\/uploads\/2018\/03\/Bicis-Jardines-del-Turia-6.jpg\" alt=\"\" class=\"wp-image-3400\" role=\"presentation\" srcset=\"https:\/\/www.visita-valencia.com\/wp-content\/uploads\/2018\/03\/Bicis-Jardines-del-Turia-6-200x128.jpg 200w, https:\/\/www.visita-valencia.com\/wp-content\/uploads\/2018\/03\/Bicis-Jardines-del-Turia-6-400x255.jpg 400w, https:\/\/www.visita-valencia.com\/wp-content\/uploads\/2018\/03\/Bicis-Jardines-del-Turia-6-600x383.jpg 600w, https:\/\/www.visita-valencia.com\/wp-content\/uploads\/2018\/03\/Bicis-Jardines-del-Turia-6-800x511.jpg 800w, https:\/\/www.visita-valencia.com\/wp-content\/uploads\/2018\/03\/Bicis-Jardines-del-Turia-6.jpg 1024w\" sizes=\"(min-width: 2200px) 100vw, (min-width: 824px) 363px, (min-width: 732px) 544px, (min-width: 640px) 732px, \" \/>\t\t\t\t\t\t\t\t<\/a>\n\t\t\t\t\t\t\t\t<a style=\"display:none;\" href=\"https:\/\/www.visita-valencia.com\/wp-content\/uploads\/2018\/03\/Bicis-Jardines-del-Turia-6.jpg\" data-rel=\"iLightbox[gallery2196]\"  title=\"Ruta tur\u00edstica Valencia en bicicleta\" data-title=\"jardines-turia\" data-caption=\"Ruta tur\u00edstica Valencia en bicicleta\">\n\t\t\t\t\t\t\t\t\t\t\t\t\t\t\t\t\t<\/a>\n\t\t\t\t\t\t\t<\/div>\n\t\t\t\t\t\t<\/li>\n\t\t\t\t\t\t\t\t\t\t\t\t\t\t\t\t\t\t\t\t\t\t\t\t\n\t\t\t\t\t\n\t\t\t\t\t\t\t\t\t\t\t<li>\n\t\t\t\t\t\t\t<div class=\"fusion-image-wrapper\">\n\t\t\t\t\t\t\t\t<a href=\"https:\/\/www.visita-valencia.com\/it\/los-jardines-del-turia-pulmon-verde\" aria-label=\"IL GIARDINO DEL TURIA, IL POLMONE VERDE DI VALENCIA\">\n\t\t\t\t\t\t\t\t\t<img decoding=\"async\" width=\"1024\" height=\"726\" src=\"https:\/\/www.visita-valencia.com\/wp-content\/uploads\/2018\/03\/Cyclobicis-Jardines-del-Turia.jpg\" alt=\"\" class=\"wp-image-3402\" role=\"presentation\" srcset=\"https:\/\/www.visita-valencia.com\/wp-content\/uploads\/2018\/03\/Cyclobicis-Jardines-del-Turia-200x142.jpg 200w, https:\/\/www.visita-valencia.com\/wp-content\/uploads\/2018\/03\/Cyclobicis-Jardines-del-Turia-400x284.jpg 400w, https:\/\/www.visita-valencia.com\/wp-content\/uploads\/2018\/03\/Cyclobicis-Jardines-del-Turia-600x425.jpg 600w, https:\/\/www.visita-valencia.com\/wp-content\/uploads\/2018\/03\/Cyclobicis-Jardines-del-Turia-800x567.jpg 800w, https:\/\/www.visita-valencia.com\/wp-content\/uploads\/2018\/03\/Cyclobicis-Jardines-del-Turia.jpg 1024w\" sizes=\"(min-width: 2200px) 100vw, (min-width: 824px) 363px, (min-width: 732px) 544px, (min-width: 640px) 732px, \" \/>\t\t\t\t\t\t\t\t<\/a>\n\t\t\t\t\t\t\t\t<a style=\"display:none;\" href=\"https:\/\/www.visita-valencia.com\/wp-content\/uploads\/2018\/03\/Cyclobicis-Jardines-del-Turia.jpg\" data-rel=\"iLightbox[gallery2196]\"  title=\"Ruta tur\u00edstica Valencia en bicicleta\" data-title=\"Cyclobicis Jardines del Turia\" data-caption=\"Ruta tur\u00edstica Valencia en bicicleta\">\n\t\t\t\t\t\t\t\t\t\t\t\t\t\t\t\t\t<\/a>\n\t\t\t\t\t\t\t<\/div>\n\t\t\t\t\t\t<\/li>\n\t\t\t\t\t\t\t\t\t\t\t\t\t\t\t\t\t\t\t\t\t\t\t\t\n\t\t\t\t\t\n\t\t\t\t\t\t\t\t\t\t\t<li>\n\t\t\t\t\t\t\t<div class=\"fusion-image-wrapper\">\n\t\t\t\t\t\t\t\t<a href=\"https:\/\/www.visita-valencia.com\/it\/los-jardines-del-turia-pulmon-verde\" aria-label=\"IL GIARDINO DEL TURIA, IL POLMONE VERDE DI VALENCIA\">\n\t\t\t\t\t\t\t\t\t<img decoding=\"async\" width=\"3468\" height=\"2372\" src=\"https:\/\/www.visita-valencia.com\/wp-content\/uploads\/2018\/03\/Bicis-Jardines-del-Turia-5.jpg\" alt=\"\" class=\"wp-image-3404\" role=\"presentation\" srcset=\"https:\/\/www.visita-valencia.com\/wp-content\/uploads\/2018\/03\/Bicis-Jardines-del-Turia-5-200x137.jpg 200w, https:\/\/www.visita-valencia.com\/wp-content\/uploads\/2018\/03\/Bicis-Jardines-del-Turia-5-400x274.jpg 400w, https:\/\/www.visita-valencia.com\/wp-content\/uploads\/2018\/03\/Bicis-Jardines-del-Turia-5-600x410.jpg 600w, https:\/\/www.visita-valencia.com\/wp-content\/uploads\/2018\/03\/Bicis-Jardines-del-Turia-5-800x547.jpg 800w, https:\/\/www.visita-valencia.com\/wp-content\/uploads\/2018\/03\/Bicis-Jardines-del-Turia-5-1200x821.jpg 1200w, https:\/\/www.visita-valencia.com\/wp-content\/uploads\/2018\/03\/Bicis-Jardines-del-Turia-5.jpg 3468w\" sizes=\"(min-width: 2200px) 100vw, (min-width: 824px) 363px, (min-width: 732px) 544px, (min-width: 640px) 732px, \" \/>\t\t\t\t\t\t\t\t<\/a>\n\t\t\t\t\t\t\t\t<a style=\"display:none;\" href=\"https:\/\/www.visita-valencia.com\/wp-content\/uploads\/2018\/03\/Bicis-Jardines-del-Turia-5.jpg\" data-rel=\"iLightbox[gallery2196]\"  title=\"Ruta tur\u00edstica Valencia en bicicleta\" data-title=\"Bicis Jardines del Turia 5\" data-caption=\"Ruta tur\u00edstica Valencia en bicicleta\">\n\t\t\t\t\t\t\t\t\t\t\t\t\t\t\t\t\t<\/a>\n\t\t\t\t\t\t\t<\/div>\n\t\t\t\t\t\t<\/li>\n\t\t\t\t\t\t\t\t\t\t\t\t\t\t\t\t\t\t\t\t\t\t\t\t\t\t\t\t\t\t\t\t\t\t\t\t<\/ul>\n\t<\/div>\n\t<div class=\"fusion-post-content-wrapper\" style=\"padding:30px 25px 20px 25px;\"><div class=\"fusion-post-content post-content\"><h2 class=\"blog-shortcode-post-title entry-title\"><a href=\"https:\/\/www.visita-valencia.com\/it\/los-jardines-del-turia-pulmon-verde\">IL GIARDINO DEL TURIA, IL POLMONE VERDE DI VALENCIA<\/a><\/h2><div class=\"fusion-content-sep sep-double sep-solid\" style=\"border-color:#e0dede;\"><\/div><div class=\"fusion-post-content-container\"><p>\u201dValencia vive de espaldas al mar\u201d, cio\u00e8 \u201dValencia vive dando le spalle al mare\" \u00e8 [...]<\/p><\/div><\/div><div class=\"fusion-meta-info\"><div class=\"fusion-alignleft\"><a class=\"fusion-read-more\" href=\"https:\/\/www.visita-valencia.com\/it\/los-jardines-del-turia-pulmon-verde\" aria-label=\"More on IL GIARDINO DEL TURIA, IL POLMONE VERDE DI VALENCIA\">Read More<\/a><\/div><\/div><\/div><div class=\"fusion-clearfix\"><\/div><\/div>\n<\/article>\n<div class=\"fusion-clearfix\"><\/div><\/div><div class=\"pagination clearfix\"><span class=\"current\">1<\/span><a href=\"https:\/\/www.visita-valencia.com\/it\/wp-json\/wp\/v2\/pages\/2189\/page\/2\" class=\"inactive\">2<\/a><a class=\"pagination-next\" rel=\"next\" href=\"https:\/\/www.visita-valencia.com\/it\/wp-json\/wp\/v2\/pages\/2189\/page\/2\"><span class=\"page-text\">Next<\/span><span class=\"page-next\"><\/span><\/a><\/div><div class=\"fusion-clearfix\"><\/div><\/div><div class=\"fusion-clearfix\"><\/div><\/div><\/div><\/div><\/div><div class=\"fusion-bg-parallax\" data-bg-align=\"center center\" data-direction=\"up\" data-mute=\"false\" data-opacity=\"100\" data-velocity=\"-0.3\" data-mobile-enabled=\"false\" data-break_parents=\"0\" data-bg-image=\"http:\/\/www.visita-valencia.com\/wp-content\/uploads\/2018\/03\/Albufera-_-arrozal-600x400.jpg\" data-bg-repeat=\"false\" data-bg-color=\"#00b5e1\" ><\/div><div class=\"fusion-fullwidth fullwidth-box fusion-builder-row-3 fusion-parallax-up nonhundred-percent-fullwidth non-hundred-percent-height-scrolling\" style=\"background-color: #00b5e1;background-image: url(&quot;http:\/\/www.visita-valencia.com\/wp-content\/uploads\/2018\/03\/Albufera-_-arrozal-600x400.jpg&quot;);background-position: center center;background-repeat: no-repeat;padding-top:200px;padding-right:0px;padding-bottom:200px;padding-left:0px;margin-bottom: 0px;margin-top: 0px;border-width: 0px 0px 0px 0px;border-color:#3e3e3e;border-style:solid;-webkit-background-size:cover;-moz-background-size:cover;-o-background-size:cover;background-size:cover;\" ><div class=\"fusion-builder-row fusion-row\"><div class=\"fusion-layout-column fusion_builder_column fusion-builder-column-3 fusion_builder_column_1_1 1_1 fusion-one-full fusion-column-first fusion-column-last fusion-column-no-min-height\" style=\"margin-top:0px;margin-bottom:0px;\"><div class=\"fusion-column-wrapper fusion-flex-column-wrapper-legacy\" style=\"background-position:left top;background-repeat:no-repeat;-webkit-background-size:cover;-moz-background-size:cover;-o-background-size:cover;background-size:cover;padding: 0px 0px 0px 0px;\"><div class=\"fusion-text fusion-text-1\"><h1 class=\"Cuerpo\" align=\"center\"><span style=\"color: #ffffff;\"><span class=\"Ninguno\"><span lang=\"DE\">VALENCIA<\/span><\/span><span class=\"Ninguno\">, CITT\u00c0 DI CONTRASTI<\/span><\/span><\/h1>\n<\/div><div class=\"fusion-clearfix\"><\/div><\/div><\/div><div class=\"fusion-layout-column fusion_builder_column fusion-builder-column-4 fusion_builder_column_1_1 1_1 fusion-one-full fusion-column-first fusion-column-last fusion-column-no-min-height\" style=\"margin-top:0px;margin-bottom:0px;\"><div class=\"fusion-column-wrapper fusion-flex-column-wrapper-legacy\" style=\"background-position:left top;background-repeat:no-repeat;-webkit-background-size:cover;-moz-background-size:cover;-o-background-size:cover;background-size:cover;padding: 0px 0px 0px 0px;\"><div class=\"fusion-text fusion-text-2\"><h3 align=\"center\"><span style=\"color: #ffffff;\"><span class=\"Ninguno\"><span lang=\"DE\">Scopri tutto quel che succede a Valencia: <\/span><\/span><span class=\"Ninguno\"><span lang=\"DE\">novit\u00e0, fiere, esposizioni, feste, i migliori piani con bambini.<\/span><\/span><\/span><\/h3>\n<h3 align=\"center\"><span class=\"Ninguno\" style=\"color: #ffffff;\"><span lang=\"DE\">Te lo raccontiamo tutto nel nostro blog.<\/span><\/span><\/h3>\n<\/div><div class=\"fusion-sep-clear\"><\/div><div class=\"fusion-separator fusion-full-width-sep\" style=\"margin-left: auto;margin-right: auto;margin-top:10px;margin-bottom:10px;width:100%;\"><\/div><div class=\"fusion-sep-clear\"><\/div><div class=\"fusion-clearfix\"><\/div><\/div><\/div><\/div><\/div><\/p>\n","protected":false},"excerpt":{"rendered":"","protected":false},"author":1,"featured_media":0,"parent":0,"menu_order":0,"comment_status":"closed","ping_status":"open","template":"100-width.php","meta":{"footnotes":""},"class_list":["post-2189","page","type-page","status-publish","hentry"],"yoast_head":"<!-- This site is optimized with the Yoast SEO plugin v27.5 - https:\/\/yoast.com\/product\/yoast-seo-wordpress\/ -->\n<title>Blog Turismo a Valencia e Tour Turistici | Visita-Valencia<\/title>\n<meta name=\"description\" content=\"Un blog in cui troverai le migliori informazioni per visitare Valencia e scoprire cosa fare, cosa visitare, dove mangiare e molto altro. Vieni e facci sapere! Inserisci Visit-Valencia, la migliore guida turistica di Valencia!\" \/>\n<meta name=\"robots\" content=\"index, follow, max-snippet:-1, max-image-preview:large, max-video-preview:-1\" \/>\n<link rel=\"canonical\" href=\"https:\/\/www.visita-valencia.com\/it\/blog-turismo-valencia\" \/>\n<meta property=\"og:locale\" content=\"it_IT\" \/>\n<meta property=\"og:type\" content=\"article\" \/>\n<meta property=\"og:title\" content=\"Blog Turismo a Valencia e Tour Turistici | Visita-Valencia\" \/>\n<meta property=\"og:description\" content=\"Un blog in cui troverai le migliori informazioni per visitare Valencia e scoprire cosa fare, cosa visitare, dove mangiare e molto altro. Vieni e facci sapere! Inserisci Visit-Valencia, la migliore guida turistica di Valencia!\" \/>\n<meta property=\"og:url\" content=\"https:\/\/www.visita-valencia.com\/it\/blog-turismo-valencia\" \/>\n<meta property=\"og:site_name\" content=\"Gu\u00eda tur\u00edstica de Valencia\" \/>\n<meta property=\"article:modified_time\" content=\"2018-07-07T09:37:28+00:00\" \/>\n<meta name=\"twitter:card\" content=\"summary_large_image\" \/>\n<meta name=\"twitter:label1\" content=\"Tempo di lettura stimato\" \/>\n\t<meta name=\"twitter:data1\" content=\"5 minuti\" \/>\n<script type=\"application\/ld+json\" class=\"yoast-schema-graph\">{\"@context\":\"https:\\\/\\\/schema.org\",\"@graph\":[{\"@type\":\"WebPage\",\"@id\":\"https:\\\/\\\/www.visita-valencia.com\\\/it\\\/blog-turismo-valencia\",\"url\":\"https:\\\/\\\/www.visita-valencia.com\\\/it\\\/blog-turismo-valencia\",\"name\":\"Blog Turismo a Valencia e Tour Turistici | Visita-Valencia\",\"isPartOf\":{\"@id\":\"https:\\\/\\\/www.visita-valencia.com\\\/#website\"},\"datePublished\":\"2015-01-27T11:55:16+00:00\",\"dateModified\":\"2018-07-07T09:37:28+00:00\",\"description\":\"Un blog in cui troverai le migliori informazioni per visitare Valencia e scoprire cosa fare, cosa visitare, dove mangiare e molto altro. Vieni e facci sapere! Inserisci Visit-Valencia, la migliore guida turistica di Valencia!\",\"breadcrumb\":{\"@id\":\"https:\\\/\\\/www.visita-valencia.com\\\/it\\\/blog-turismo-valencia#breadcrumb\"},\"inLanguage\":\"it-IT\",\"potentialAction\":[{\"@type\":\"ReadAction\",\"target\":[\"https:\\\/\\\/www.visita-valencia.com\\\/it\\\/blog-turismo-valencia\"]}]},{\"@type\":\"BreadcrumbList\",\"@id\":\"https:\\\/\\\/www.visita-valencia.com\\\/it\\\/blog-turismo-valencia#breadcrumb\",\"itemListElement\":[{\"@type\":\"ListItem\",\"position\":1,\"name\":\"Portada\",\"item\":\"https:\\\/\\\/www.visita-valencia.com\\\/it\"},{\"@type\":\"ListItem\",\"position\":2,\"name\":\"BLOG TURISMO A VALENCIA\"}]},{\"@type\":\"WebSite\",\"@id\":\"https:\\\/\\\/www.visita-valencia.com\\\/#website\",\"url\":\"https:\\\/\\\/www.visita-valencia.com\\\/\",\"name\":\"Gu\u00eda tur\u00edstica de Valencia\",\"description\":\"Visitas guiadas en Valencia\",\"publisher\":{\"@id\":\"https:\\\/\\\/www.visita-valencia.com\\\/#organization\"},\"potentialAction\":[{\"@type\":\"SearchAction\",\"target\":{\"@type\":\"EntryPoint\",\"urlTemplate\":\"https:\\\/\\\/www.visita-valencia.com\\\/?s={search_term_string}\"},\"query-input\":{\"@type\":\"PropertyValueSpecification\",\"valueRequired\":true,\"valueName\":\"search_term_string\"}}],\"inLanguage\":\"it-IT\"},{\"@type\":\"Organization\",\"@id\":\"https:\\\/\\\/www.visita-valencia.com\\\/#organization\",\"name\":\"Visita-Valencia\",\"url\":\"https:\\\/\\\/www.visita-valencia.com\\\/\",\"logo\":{\"@type\":\"ImageObject\",\"inLanguage\":\"it-IT\",\"@id\":\"https:\\\/\\\/www.visita-valencia.com\\\/#\\\/schema\\\/logo\\\/image\\\/\",\"url\":\"http:\\\/\\\/www.visita-valencia.com\\\/wp-content\\\/uploads\\\/2018\\\/01\\\/logo-VV-blanco-web.png\",\"contentUrl\":\"http:\\\/\\\/www.visita-valencia.com\\\/wp-content\\\/uploads\\\/2018\\\/01\\\/logo-VV-blanco-web.png\",\"width\":241,\"height\":84,\"caption\":\"Visita-Valencia\"},\"image\":{\"@id\":\"https:\\\/\\\/www.visita-valencia.com\\\/#\\\/schema\\\/logo\\\/image\\\/\"}}]}<\/script>\n<!-- \/ Yoast SEO plugin. -->","yoast_head_json":{"title":"Blog Turismo a Valencia e Tour Turistici | Visita-Valencia","description":"Un blog in cui troverai le migliori informazioni per visitare Valencia e scoprire cosa fare, cosa visitare, dove mangiare e molto altro. Vieni e facci sapere! Inserisci Visit-Valencia, la migliore guida turistica di Valencia!","robots":{"index":"index","follow":"follow","max-snippet":"max-snippet:-1","max-image-preview":"max-image-preview:large","max-video-preview":"max-video-preview:-1"},"canonical":"https:\/\/www.visita-valencia.com\/it\/blog-turismo-valencia","og_locale":"it_IT","og_type":"article","og_title":"Blog Turismo a Valencia e Tour Turistici | Visita-Valencia","og_description":"Un blog in cui troverai le migliori informazioni per visitare Valencia e scoprire cosa fare, cosa visitare, dove mangiare e molto altro. Vieni e facci sapere! Inserisci Visit-Valencia, la migliore guida turistica di Valencia!","og_url":"https:\/\/www.visita-valencia.com\/it\/blog-turismo-valencia","og_site_name":"Gu\u00eda tur\u00edstica de Valencia","article_modified_time":"2018-07-07T09:37:28+00:00","twitter_card":"summary_large_image","twitter_misc":{"Tempo di lettura stimato":"5 minuti"},"schema":{"@context":"https:\/\/schema.org","@graph":[{"@type":"WebPage","@id":"https:\/\/www.visita-valencia.com\/it\/blog-turismo-valencia","url":"https:\/\/www.visita-valencia.com\/it\/blog-turismo-valencia","name":"Blog Turismo a Valencia e Tour Turistici | Visita-Valencia","isPartOf":{"@id":"https:\/\/www.visita-valencia.com\/#website"},"datePublished":"2015-01-27T11:55:16+00:00","dateModified":"2018-07-07T09:37:28+00:00","description":"Un blog in cui troverai le migliori informazioni per visitare Valencia e scoprire cosa fare, cosa visitare, dove mangiare e molto altro. Vieni e facci sapere! Inserisci Visit-Valencia, la migliore guida turistica di Valencia!","breadcrumb":{"@id":"https:\/\/www.visita-valencia.com\/it\/blog-turismo-valencia#breadcrumb"},"inLanguage":"it-IT","potentialAction":[{"@type":"ReadAction","target":["https:\/\/www.visita-valencia.com\/it\/blog-turismo-valencia"]}]},{"@type":"BreadcrumbList","@id":"https:\/\/www.visita-valencia.com\/it\/blog-turismo-valencia#breadcrumb","itemListElement":[{"@type":"ListItem","position":1,"name":"Portada","item":"https:\/\/www.visita-valencia.com\/it"},{"@type":"ListItem","position":2,"name":"BLOG TURISMO A VALENCIA"}]},{"@type":"WebSite","@id":"https:\/\/www.visita-valencia.com\/#website","url":"https:\/\/www.visita-valencia.com\/","name":"Gu\u00eda tur\u00edstica de Valencia","description":"Visitas guiadas en Valencia","publisher":{"@id":"https:\/\/www.visita-valencia.com\/#organization"},"potentialAction":[{"@type":"SearchAction","target":{"@type":"EntryPoint","urlTemplate":"https:\/\/www.visita-valencia.com\/?s={search_term_string}"},"query-input":{"@type":"PropertyValueSpecification","valueRequired":true,"valueName":"search_term_string"}}],"inLanguage":"it-IT"},{"@type":"Organization","@id":"https:\/\/www.visita-valencia.com\/#organization","name":"Visita-Valencia","url":"https:\/\/www.visita-valencia.com\/","logo":{"@type":"ImageObject","inLanguage":"it-IT","@id":"https:\/\/www.visita-valencia.com\/#\/schema\/logo\/image\/","url":"http:\/\/www.visita-valencia.com\/wp-content\/uploads\/2018\/01\/logo-VV-blanco-web.png","contentUrl":"http:\/\/www.visita-valencia.com\/wp-content\/uploads\/2018\/01\/logo-VV-blanco-web.png","width":241,"height":84,"caption":"Visita-Valencia"},"image":{"@id":"https:\/\/www.visita-valencia.com\/#\/schema\/logo\/image\/"}}]}},"_links":{"self":[{"href":"https:\/\/www.visita-valencia.com\/it\/wp-json\/wp\/v2\/pages\/2189","targetHints":{"allow":["GET"]}}],"collection":[{"href":"https:\/\/www.visita-valencia.com\/it\/wp-json\/wp\/v2\/pages"}],"about":[{"href":"https:\/\/www.visita-valencia.com\/it\/wp-json\/wp\/v2\/types\/page"}],"author":[{"embeddable":true,"href":"https:\/\/www.visita-valencia.com\/it\/wp-json\/wp\/v2\/users\/1"}],"replies":[{"embeddable":true,"href":"https:\/\/www.visita-valencia.com\/it\/wp-json\/wp\/v2\/comments?post=2189"}],"version-history":[{"count":2,"href":"https:\/\/www.visita-valencia.com\/it\/wp-json\/wp\/v2\/pages\/2189\/revisions"}],"predecessor-version":[{"id":2294,"href":"https:\/\/www.visita-valencia.com\/it\/wp-json\/wp\/v2\/pages\/2189\/revisions\/2294"}],"wp:attachment":[{"href":"https:\/\/www.visita-valencia.com\/it\/wp-json\/wp\/v2\/media?parent=2189"}],"curies":[{"name":"wp","href":"https:\/\/api.w.org\/{rel}","templated":true}]}}